{"id":4154,"date":"2023-05-08T11:31:03","date_gmt":"2023-05-08T14:31:03","guid":{"rendered":"https:\/\/relatoriosocial.lasalle.edu.br\/?page_id=4154"},"modified":"2023-05-19T14:29:58","modified_gmt":"2023-05-19T17:29:58","slug":"projetos-sudeste_2022","status":"publish","type":"page","link":"https:\/\/relatoriosocial.lasalle.edu.br\/index.php\/projetos-sudeste_2022\/","title":{"rendered":"Projetos Sudeste 2022"},"content":{"rendered":"<p>[et_pb_section fb_built=&#8221;1&#8243; _builder_version=&#8221;4.17.6&#8243; _module_preset=&#8221;default&#8221; background_enable_color=&#8221;off&#8221; background_image=&#8221;https:\/\/relatoriosocial.lasalle.edu.br\/wp-content\/uploads\/2023\/05\/foto-banner-projetos-sudeste.jpg&#8221; background_size=&#8221;custom&#8221; background_image_width=&#8221;54%&#8221; background_position=&#8221;top_left&#8221; background_horizontal_offset=&#8221;0%&#8221; width=&#8221;100%&#8221; max_width=&#8221;100%&#8221; custom_padding=&#8221;0px||0px||true|false&#8221; locked=&#8221;off&#8221; global_colors_info=&#8221;{}&#8221;][et_pb_row column_structure=&#8221;1_2,1_2&#8243; _builder_version=&#8221;4.17.6&#8243; _module_preset=&#8221;default&#8221; width=&#8221;99%&#8221; max_width=&#8221;2560px&#8221; module_alignment=&#8221;right&#8221; max_height=&#8221;450px&#8221; custom_margin=&#8221;0px|0px|0px|0px|false|false&#8221; custom_padding=&#8221;0px|0px|0px|0px|false|false&#8221; locked=&#8221;off&#8221; global_colors_info=&#8221;{}&#8221;][et_pb_column type=&#8221;1_2&#8243; _builder_version=&#8221;4.17.6&#8243; _module_preset=&#8221;default&#8221; background_color=&#8221;RGBA(255,255,255,0)&#8221; global_colors_info=&#8221;{}&#8221;][\/et_pb_column][et_pb_column type=&#8221;1_2&#8243; _builder_version=&#8221;4.17.6&#8243; _module_preset=&#8221;default&#8221; background_color=&#8221;#1D70B7&#8243; global_colors_info=&#8221;{}&#8221;][et_pb_image src=&#8221;https:\/\/relatoriosocial.lasalle.edu.br\/wp-content\/uploads\/2023\/05\/projetos-lettering-44.png&#8221; title_text=&#8221;projetos-lettering-44&#8243; align=&#8221;center&#8221; _builder_version=&#8221;4.17.6&#8243; _module_preset=&#8221;default&#8221; width=&#8221;53%&#8221; max_width=&#8221;100%&#8221; module_alignment=&#8221;center&#8221; min_height=&#8221;96%&#8221; max_height=&#8221;450px&#8221; custom_margin=&#8221;134px||134px||true|false&#8221; global_colors_info=&#8221;{}&#8221;][\/et_pb_image][\/et_pb_column][\/et_pb_row][\/et_pb_section][et_pb_section fb_built=&#8221;1&#8243; _builder_version=&#8221;4.17.6&#8243; _module_preset=&#8221;default&#8221; background_enable_color=&#8221;off&#8221; background_enable_image=&#8221;off&#8221; background_position=&#8221;top_right&#8221; min_height=&#8221;550.6px&#8221; custom_margin=&#8221;0px|0px|0px|0px|false|false&#8221; custom_padding=&#8221;0px|0px|0px|0px|false|false&#8221; global_colors_info=&#8221;{}&#8221;][et_pb_row column_structure=&#8221;2_5,3_5&#8243; _builder_version=&#8221;4.16&#8243; _module_preset=&#8221;default&#8221; custom_margin=&#8221;|auto|0px|auto||&#8221; custom_padding=&#8221;50px||50px||false|false&#8221; global_colors_info=&#8221;{}&#8221;][et_pb_column type=&#8221;2_5&#8243; _builder_version=&#8221;4.16&#8243; _module_preset=&#8221;default&#8221; global_colors_info=&#8221;{}&#8221;][et_pb_image src=&#8221;https:\/\/relatoriosocial.lasalle.edu.br\/wp-content\/uploads\/2023\/05\/PROJETO-NUCLEO-DE-PRATICA-CONTABIL-IR.-EGYDIO-BUSANELLO.jpg&#8221; title_text=&#8221;PROJETO N\u00daCLEO DE PR\u00c1TICA CONT\u00c1BIL IR. EGYDIO BUSANELLO&#8221; _builder_version=&#8221;4.17.6&#8243; _module_preset=&#8221;default&#8221; global_colors_info=&#8221;{}&#8221;][\/et_pb_image][\/et_pb_column][et_pb_column type=&#8221;3_5&#8243; _builder_version=&#8221;4.16&#8243; _module_preset=&#8221;default&#8221; global_colors_info=&#8221;{}&#8221;][et_pb_text _builder_version=&#8221;4.16&#8243; _module_preset=&#8221;default&#8221; text_font=&#8221;|800|||||||&#8221; text_font_size=&#8221;26px&#8221; text_line_height=&#8221;1em&#8221; custom_margin=&#8221;||-1px|||&#8221; global_colors_info=&#8221;{}&#8221;]<\/p>\n<p><span style=\"color: #1d70b7;\"><strong><b>PROJETO N\u00daCLEO DE PR\u00c1TICA CONT\u00c1BIL IR. EGYDIO BUSANELLO<\/b><\/strong><\/span><\/p>\n<p>[\/et_pb_text][et_pb_text _builder_version=&#8221;4.17.6&#8243; _module_preset=&#8221;default&#8221; text_text_color=&#8221;#FFFFFF&#8221; text_font_size=&#8221;15px&#8221; text_line_height=&#8221;1.5em&#8221; custom_padding=&#8221;22px|||||&#8221; global_colors_info=&#8221;{}&#8221;]<\/p>\n<p style=\"text-align: justify;\"><span style=\"color: #474747;\"><b>Institui\u00e7\u00e3o respons\u00e1vel:<\/b><span style=\"font-weight: 400;\"> Centro Universit\u00e1rio La Salle Rio de Janeiro (Niter\u00f3i\/RJ)<\/span><\/span><\/p>\n<p style=\"text-align: justify;\"><span style=\"color: #474747;\"><b>P\u00fablico-alvo:<\/b><span style=\"font-weight: 400;\"> estudantes do curso de Ci\u00eancias Cont\u00e1beis da UNILASALLE RJ e pessoas da comunidade do entorno do Centro Universit\u00e1rio em situa\u00e7\u00e3o de vulnerabilidade social<\/span><\/span><\/p>\n<p style=\"text-align: justify;\"><span style=\"color: #474747;\"><b>N\u00famero beneficiados em 2022:<\/b><span style=\"font-weight: 400;\"> 2.192 pessoas<\/span><\/span><\/p>\n<p style=\"text-align: justify;\"><span style=\"color: #474747;\"><b>Per\u00edodo de execu\u00e7\u00e3o:<\/b><span style=\"font-weight: 400;\"> desde 2021<\/span><\/span><\/p>\n<p style=\"text-align: justify;\"><span style=\"color: #474747;\"><b>Objetivo:<\/b><\/span><\/p>\n<p style=\"text-align: justify;\"><span style=\"font-weight: 400; color: #474747;\">Implementar a forma\u00e7\u00e3o pr\u00e1tico-profissional dos estudantes de Ci\u00eancias Cont\u00e1beis com a presta\u00e7\u00e3o de servi\u00e7os de assist\u00eancia cont\u00e1bil e fiscal gratuita para as comunidades carentes, contribuintes encaminhados pela Delegacia da Receita Federal em Niter\u00f3i e idosos.<\/span><\/p>\n<p style=\"text-align: justify;\"><span style=\"color: #474747;\"><b>Descri\u00e7\u00e3o:<\/b><\/span><\/p>\n<p style=\"text-align: justify;\"><span style=\"font-weight: 400; color: #474747;\">Por meio dos atendimentos e do apoio de parceiros, os alunos de Ci\u00eancias Cont\u00e1beis complementam sua forma\u00e7\u00e3o com pr\u00e1ticas pertinentes \u00e0 carreira. Os servi\u00e7os prestados abrangem assuntos tribut\u00e1rios do \u00e2mbito da Receita Federal do Brasil. Os contribuintes, em sua maioria idosos, procuram o servi\u00e7o para resolver problemas de natureza fiscal ou fazer suas Declara\u00e7\u00f5es de Imposto de Renda (DIRPF).<\/span><\/p>\n<p style=\"text-align: justify;\"><span style=\"font-weight: 400; color: #474747;\">Para isso, s\u00e3o estabelecidas parcerias com a Receita Federal do Brasil (Delegacia de Niter\u00f3i), SEBRAE \u2013 Niter\u00f3i\/RJ e C\u00e2mara de Vereadores do Munic\u00edpio de Niter\u00f3i. Cabe destacar que, a Receita Federal do Brasil anunciou que o N\u00facleo de Pr\u00e1tica Cont\u00e1bil do UNILASALLE-RJ foi N\u00facleo de Apoio Fiscal \u00e0 Receita, e que realizou o maior n\u00famero de atendimentos para a 7\u00aa Regi\u00e3o Fiscal da RFB.<\/span><\/p>\n<p><span style=\"color: #474747;\">\u00a0<\/span><\/p>\n<p>[\/et_pb_text][\/et_pb_column][\/et_pb_row][\/et_pb_section][et_pb_section fb_built=&#8221;1&#8243; _builder_version=&#8221;4.17.6&#8243; _module_preset=&#8221;default&#8221; background_color=&#8221;#e1e9f0&#8243; background_enable_image=&#8221;off&#8221; background_position=&#8221;top_left&#8221; custom_margin=&#8221;0px|0px|-13px|0px|false|false&#8221; custom_padding=&#8221;0px|0px|0px|0px|false|false&#8221; global_colors_info=&#8221;{}&#8221;][et_pb_row column_structure=&#8221;3_5,2_5&#8243; _builder_version=&#8221;4.16&#8243; _module_preset=&#8221;default&#8221; custom_margin=&#8221;0px|auto|-7px|auto|false|false&#8221; custom_padding=&#8221;50px||50px||false|false&#8221; global_colors_info=&#8221;{}&#8221;][et_pb_column type=&#8221;3_5&#8243; _builder_version=&#8221;4.16&#8243; _module_preset=&#8221;default&#8221; global_colors_info=&#8221;{}&#8221;][et_pb_text _builder_version=&#8221;4.17.6&#8243; _module_preset=&#8221;default&#8221; text_font=&#8221;|800|||||||&#8221; text_font_size=&#8221;26px&#8221; text_line_height=&#8221;1.2em&#8221; global_colors_info=&#8221;{}&#8221;]<\/p>\n<p><span style=\"color: #1d70b7;\"><strong><b>PROJETO N\u00daCLEO DE PR\u00c1TICA JUR\u00cdDICA LA SALLE<\/b><\/strong><\/span><\/p>\n<p>[\/et_pb_text][et_pb_text _builder_version=&#8221;4.17.6&#8243; _module_preset=&#8221;default&#8221; text_text_color=&#8221;#FFFFFF&#8221; text_font_size=&#8221;15px&#8221; text_line_height=&#8221;1.5em&#8221; global_colors_info=&#8221;{}&#8221;]<\/p>\n<p style=\"text-align: justify;\"><span style=\"color: #474747;\"><b>Institui\u00e7\u00e3o respons\u00e1vel:\u00a0 <\/b><span style=\"font-weight: 400;\">Centro Universit\u00e1rio La Salle RJ (Niter\u00f3i\/RJ)<\/span><\/span><\/p>\n<p style=\"text-align: justify;\"><span style=\"color: #474747;\"><b>P\u00fablico-alvo: <\/b><span style=\"font-weight: 400;\">estudantes do curso Direito da UNILASALLE RJ e pessoas da Comunidade do entorno do Centro Universit\u00e1rio em situa\u00e7\u00e3o de vulnerabilidade social<\/span><\/span><\/p>\n<p style=\"text-align: justify;\"><span style=\"color: #474747;\"><b>N\u00famero de beneficiados em 2022: <\/b><span style=\"font-weight: 400;\">525 pessoas<\/span><\/span><\/p>\n<p style=\"text-align: justify;\"><span style=\"color: #474747;\"><b>Per\u00edodo de execu\u00e7\u00e3o:<\/b><span style=\"font-weight: 400;\"> desde 2011<\/span><\/span><\/p>\n<p style=\"text-align: justify;\"><span style=\"color: #474747;\"><b>Objetivo:<\/b><\/span><\/p>\n<p style=\"text-align: justify;\"><span style=\"font-weight: 400; color: #474747;\">Prestar assist\u00eancia jur\u00eddica integral (judicial e extrajudicial) a pessoas juridicamente necessitadas e servir de ambiente de educa\u00e7\u00e3o da pr\u00e1tica do Direito, com o desenvolvimento de t\u00e9cnicas de concilia\u00e7\u00e3o, media\u00e7\u00e3o e arbitragem.<\/span><\/p>\n<p style=\"text-align: justify;\"><span style=\"color: #474747;\"><b>Descri\u00e7\u00e3o:<\/b><\/span><\/p>\n<p style=\"text-align: justify;\"><span style=\"font-weight: 400; color: #474747;\">O N\u00facleo de Pr\u00e1tica Jur\u00eddica promove atendimento \u00e0s pessoas juridicamente hipossuficientes econ\u00f4micas, prestando-lhes assessoria jur\u00eddica integral e servindo de oportunidade para qualifica\u00e7\u00e3o dos alunos do curso de Direito. Os atendimentos s\u00e3o direcionados para pr\u00e1ticas de media\u00e7\u00e3o, buscando a solu\u00e7\u00e3o de conflitos (media\u00e7\u00e3o, concilia\u00e7\u00e3o e arbitragem) por meio de plant\u00f5es semanais, de duas horas por estudante, em parceria com a Ordem de Advogados do Brasil (OAB) e Escola La Salle Rio de Janeiro (Niter\u00f3i\/RJ).\u00a0 O N\u00facleo vincula-se, tamb\u00e9m, a projetos de extens\u00e3o, atuando fora de seu espa\u00e7o em colabora\u00e7\u00e3o com projetos sociais e a\u00e7\u00f5es pr\u00f3prias de constru\u00e7\u00e3o da cidadania. As pr\u00e1ticas s\u00e3o planejadas de modo a privilegiar a transdisciplinaridade, contando para isso com alunos de diferentes saberes e gradua\u00e7\u00f5es.<\/span><\/p>\n<p>[\/et_pb_text][\/et_pb_column][et_pb_column type=&#8221;2_5&#8243; _builder_version=&#8221;4.16&#8243; _module_preset=&#8221;default&#8221; global_colors_info=&#8221;{}&#8221;][et_pb_image src=&#8221;https:\/\/relatoriosocial.lasalle.edu.br\/wp-content\/uploads\/2023\/05\/PROJETO-NUCLEO-DE-PRATICA-JURIDICA-LA-SALLE.jpg&#8221; title_text=&#8221;PROJETO N\u00daCLEO DE PR\u00c1TICA JUR\u00cdDICA LA SALLE&#8221; _builder_version=&#8221;4.17.6&#8243; _module_preset=&#8221;default&#8221; global_colors_info=&#8221;{}&#8221;][\/et_pb_image][\/et_pb_column][\/et_pb_row][\/et_pb_section][et_pb_section fb_built=&#8221;1&#8243; _builder_version=&#8221;4.17.6&#8243; _module_preset=&#8221;default&#8221; background_enable_color=&#8221;off&#8221; background_enable_image=&#8221;off&#8221; background_position=&#8221;top_right&#8221; custom_margin=&#8221;0px|0px|0px|0px|false|false&#8221; custom_padding=&#8221;0px|0px|0px|0px|false|false&#8221; global_colors_info=&#8221;{}&#8221;][et_pb_row column_structure=&#8221;2_5,3_5&#8243; _builder_version=&#8221;4.16&#8243; _module_preset=&#8221;default&#8221; custom_margin=&#8221;|auto|0px|auto||&#8221; custom_padding=&#8221;50px||50px||false|false&#8221; global_colors_info=&#8221;{}&#8221;][et_pb_column type=&#8221;2_5&#8243; _builder_version=&#8221;4.16&#8243; _module_preset=&#8221;default&#8221; global_colors_info=&#8221;{}&#8221;][et_pb_image src=&#8221;https:\/\/relatoriosocial.lasalle.edu.br\/wp-content\/uploads\/2023\/05\/PROJETO-IV-FORUM-DE-CIDADANIA-E-GARANTIA-DE-DIREITOS-SER-CIDADAO-DO-MUNDO-E-DA-AMERICA-LATINA.jpg&#8221; title_text=&#8221;PROJETO IV F\u00d3RUM DE CIDADANIA E GARANTIA DE DIREITOS SER CIDAD\u00c3O DO MUNDO E DA AM\u00c9RICA LATINA&#8221; _builder_version=&#8221;4.17.6&#8243; _module_preset=&#8221;default&#8221; global_colors_info=&#8221;{}&#8221;][\/et_pb_image][\/et_pb_column][et_pb_column type=&#8221;3_5&#8243; _builder_version=&#8221;4.16&#8243; _module_preset=&#8221;default&#8221; global_colors_info=&#8221;{}&#8221;][et_pb_text _builder_version=&#8221;4.17.6&#8243; _module_preset=&#8221;default&#8221; text_font=&#8221;|800|||||||&#8221; text_font_size=&#8221;26px&#8221; text_line_height=&#8221;1.2em&#8221; custom_padding=&#8221;||0px|||&#8221; global_colors_info=&#8221;{}&#8221;]<\/p>\n<p><span style=\"color: #1d70b7;\"><strong><b>PROJETO IV F\u00d3RUM DE CIDADANIA E GARANTIA DE DIREITOS: SER CIDAD\u00c3O DO MUNDO E DA AM\u00c9RICA LATINA<\/b><\/strong><\/span><\/p>\n<p>[\/et_pb_text][et_pb_text _builder_version=&#8221;4.17.6&#8243; _module_preset=&#8221;default&#8221; text_text_color=&#8221;#FFFFFF&#8221; text_font_size=&#8221;15px&#8221; text_line_height=&#8221;1.5em&#8221; global_colors_info=&#8221;{}&#8221;]<\/p>\n<p style=\"text-align: justify;\"><span style=\"color: #474747;\"><b>Institui\u00e7\u00e3o respons\u00e1vel:<\/b><span style=\"font-weight: 400;\"> Centro Universit\u00e1rio La Salle RJ (Niter\u00f3i\/RJ)<\/span><\/span><\/p>\n<p style=\"text-align: justify;\"><span style=\"color: #474747;\"><b>P\u00fablico-alvo: <\/b><span style=\"font-weight: 400;\">Graduandos, p\u00f3s-graduandos, pesquisadores e professores de \u00e1reas relacionadas \u00e0s \u00e1reas das Ci\u00eancias Sociais e Humanas<\/span><\/span><\/p>\n<p style=\"text-align: justify;\"><span style=\"color: #474747;\"><b>N\u00famero de beneficiados em 2022: <\/b><span style=\"font-weight: 400;\">491 inscritos<\/span><\/span><\/p>\n<p style=\"text-align: justify;\"><span style=\"color: #474747;\"><b>Per\u00edodo de execu\u00e7\u00e3o:<\/b><span style=\"font-weight: 400;\"> desde 2018<\/span><\/span><\/p>\n<p style=\"text-align: justify;\"><span style=\"color: #474747;\"><b>Objetivo:<\/b><\/span><\/p>\n<p style=\"text-align: justify;\"><span style=\"font-weight: 400; color: #474747;\">Debater temas relacionados a cidadania global, desigualdades, Brasil no cen\u00e1rio internacional, Am\u00e9rica Latina e Utopia: um sonho poss\u00edvel?<\/span><\/p>\n<p style=\"text-align: justify;\"><span style=\"color: #474747;\"><b>Descri\u00e7\u00e3o:<\/b><\/span><\/p>\n<p style=\"text-align: justify;\"><span style=\"font-weight: 400; color: #474747;\">O projeto teve como premissa trazer o tema da cidadania global para o debate acad\u00eamico nas \u00e1reas das Ci\u00eancias Sociais e Humanas e relacionar com as propostas da Rede La Salle. Nesse sentido, foram debatidos temas relacionados a cidadania global, as desigualdades, o Brasil no cen\u00e1rio internacional, a Am\u00e9rica Latina e ao Tema Pastoral 2022 da Prov\u00edncia Brasil-Chile da Rede La Salle: \u201cUtopia, um sonho poss\u00edvel\u201d. O evento foi composto por tr\u00eas mesas de debate e uma apresenta\u00e7\u00e3o cultural. Al\u00e9m disso, contou com as parcerias do Setor Universidades da CNBB e do Regional Leste 1, Grupo de pesquisas Fora da Sala de Aula da UERJ.<\/span><\/p>\n<p>[\/et_pb_text][\/et_pb_column][\/et_pb_row][\/et_pb_section][et_pb_section fb_built=&#8221;1&#8243; _builder_version=&#8221;4.17.6&#8243; _module_preset=&#8221;default&#8221; background_color=&#8221;#e1e9f0&#8243; background_enable_image=&#8221;off&#8221; background_position=&#8221;top_left&#8221; min_height=&#8221;614.4px&#8221; custom_margin=&#8221;0px|0px|0px|0px|false|false&#8221; custom_padding=&#8221;0px|0px|0px|0px|false|false&#8221; global_colors_info=&#8221;{}&#8221;][et_pb_row column_structure=&#8221;3_5,2_5&#8243; _builder_version=&#8221;4.16&#8243; _module_preset=&#8221;default&#8221; custom_margin=&#8221;0px|auto|-7px|auto|false|false&#8221; custom_padding=&#8221;50px||50px||false|false&#8221; global_colors_info=&#8221;{}&#8221;][et_pb_column type=&#8221;3_5&#8243; _builder_version=&#8221;4.16&#8243; _module_preset=&#8221;default&#8221; global_colors_info=&#8221;{}&#8221;][et_pb_text _builder_version=&#8221;4.16&#8243; _module_preset=&#8221;default&#8221; text_font=&#8221;|800|||||||&#8221; text_font_size=&#8221;26px&#8221; text_line_height=&#8221;1.2em&#8221; global_colors_info=&#8221;{}&#8221;]<\/p>\n<p><span style=\"color: #1d70b7;\"><strong><b> PROJETO A INFORM\u00c1TICA COMO ACESSO \u00c0 CIDADANIA<\/b><\/strong><\/span><\/p>\n<p>[\/et_pb_text][et_pb_text _builder_version=&#8221;4.17.6&#8243; _module_preset=&#8221;default&#8221; text_text_color=&#8221;#FFFFFF&#8221; text_font_size=&#8221;15px&#8221; text_line_height=&#8221;1.5em&#8221; custom_padding=&#8221;3px||0px|||&#8221; global_colors_info=&#8221;{}&#8221;]<\/p>\n<p style=\"text-align: justify;\"><span style=\"color: #474747;\"><b>Institui\u00e7\u00e3o respons\u00e1vel:\u00a0 <\/b><span style=\"font-weight: 400;\">Centro Universit\u00e1rio La Salle RJ (Niter\u00f3i\/RJ)<\/span><\/span><\/p>\n<p style=\"text-align: justify;\"><span style=\"color: #474747;\"><b>P\u00fablico-alvo:<\/b><span style=\"font-weight: 400;\"> jovens em situa\u00e7\u00e3o de vulnerabilidade da cidade de Niter\u00f3i-RJ<\/span><\/span><\/p>\n<p style=\"text-align: justify;\"><span style=\"color: #474747;\"><b>N\u00famero beneficiados em 2022:<\/b><span style=\"font-weight: 400;\"> 37 jovens<\/span><\/span><\/p>\n<p style=\"text-align: justify;\"><span style=\"color: #474747;\"><b>Per\u00edodo de execu\u00e7\u00e3o: <\/b><span style=\"font-weight: 400;\">2018<\/span><\/span><\/p>\n<p style=\"text-align: justify;\"><span style=\"color: #474747;\"><b>Objetivo:<\/b><\/span><\/p>\n<p style=\"text-align: justify;\"><span style=\"font-weight: 400; color: #474747;\">Oferecer acesso e conhecimentos pr\u00e1ticos a jovens em situa\u00e7\u00e3o de vulnerabilidade social que residem na cidade de Niter\u00f3i\/RJ e conectar a comunidade local ao ambiente acad\u00eamico tornando este espa\u00e7o mais acess\u00edvel e democr\u00e1tico a todos.<\/span><\/p>\n<p style=\"text-align: justify;\"><span style=\"color: #474747;\"><b>Descri\u00e7\u00e3o:<\/b><\/span><\/p>\n<p style=\"text-align: justify;\"><span style=\"color: #474747;\"><span style=\"font-weight: 400;\">O projeto surge da necessidade de atender os jovens em situa\u00e7\u00e3o de vulnerabilidade social das comunidades pr\u00f3ximas ao Centro Universit\u00e1rio La Salle RJ, como forma de impactar diretamente na desigualdade social e na distribui\u00e7\u00e3o de direitos e oportunidades.<br \/><\/span><span style=\"font-weight: 400;\">O curso b\u00e1sico de inform\u00e1tica \u00e9 oferecido de forma gratuita, na tentativa de oportunizar aos jovens um conhecimento pr\u00e1tico que, at\u00e9 ent\u00e3o, era distante e n\u00e3o acess\u00edvel, contribuindo diretamente para sua inser\u00e7\u00e3o no mercado de trabalho formal.<\/span><\/span><\/p>\n<p style=\"text-align: justify;\"><span style=\"color: #474747;\">\u00a0<\/span><\/p>\n<p>[\/et_pb_text][\/et_pb_column][et_pb_column type=&#8221;2_5&#8243; _builder_version=&#8221;4.16&#8243; _module_preset=&#8221;default&#8221; global_colors_info=&#8221;{}&#8221;][et_pb_image src=&#8221;https:\/\/relatoriosocial.lasalle.edu.br\/wp-content\/uploads\/2023\/05\/PROJETO-A-INFORMATICA-COMO-ACESSO-A-CIDADANIA.jpg&#8221; title_text=&#8221;PROJETO A INFORM\u00c1TICA COMO ACESSO \u00c0 CIDADANIA&#8221; _builder_version=&#8221;4.17.6&#8243; _module_preset=&#8221;default&#8221; global_colors_info=&#8221;{}&#8221;][\/et_pb_image][\/et_pb_column][\/et_pb_row][\/et_pb_section][et_pb_section fb_built=&#8221;1&#8243; _builder_version=&#8221;4.17.6&#8243; _module_preset=&#8221;default&#8221; background_enable_color=&#8221;off&#8221; background_enable_image=&#8221;off&#8221; background_position=&#8221;top_right&#8221; custom_margin=&#8221;-4px|0px|0px|0px|false|false&#8221; custom_padding=&#8221;0px|0px|0px|0px|false|false&#8221; global_colors_info=&#8221;{}&#8221;][et_pb_row column_structure=&#8221;2_5,3_5&#8243; _builder_version=&#8221;4.16&#8243; _module_preset=&#8221;default&#8221; custom_margin=&#8221;|auto|0px|auto||&#8221; custom_padding=&#8221;50px||50px||false|false&#8221; global_colors_info=&#8221;{}&#8221;][et_pb_column type=&#8221;2_5&#8243; _builder_version=&#8221;4.16&#8243; _module_preset=&#8221;default&#8221; global_colors_info=&#8221;{}&#8221;][et_pb_image src=&#8221;https:\/\/relatoriosocial.lasalle.edu.br\/wp-content\/uploads\/2023\/05\/PROJETO-GALERIA-DE-ARTE-LA-SALLE.jpg&#8221; title_text=&#8221;PROJETO GALERIA DE ARTE LA SALLE&#8221; _builder_version=&#8221;4.17.6&#8243; _module_preset=&#8221;default&#8221; global_colors_info=&#8221;{}&#8221;][\/et_pb_image][\/et_pb_column][et_pb_column type=&#8221;3_5&#8243; _builder_version=&#8221;4.16&#8243; _module_preset=&#8221;default&#8221; global_colors_info=&#8221;{}&#8221;][et_pb_text _builder_version=&#8221;4.17.6&#8243; _module_preset=&#8221;default&#8221; text_font=&#8221;|800|||||||&#8221; text_font_size=&#8221;26px&#8221; text_line_height=&#8221;1em&#8221; custom_padding=&#8221;||0px|||&#8221; global_colors_info=&#8221;{}&#8221;]<\/p>\n<p><span style=\"color: #1d70b7;\"><strong><b>PROJETO GALERIA DE ARTE LA SALLE <\/b><\/strong><\/span><\/p>\n<p>[\/et_pb_text][et_pb_text _builder_version=&#8221;4.17.6&#8243; _module_preset=&#8221;default&#8221; text_text_color=&#8221;#FFFFFF&#8221; text_font_size=&#8221;15px&#8221; text_line_height=&#8221;1.5em&#8221; global_colors_info=&#8221;{}&#8221;]<\/p>\n<p style=\"text-align: justify;\"><span style=\"color: #474747;\"><b>Institui\u00e7\u00e3o respons\u00e1vel:\u00a0 <\/b><span style=\"font-weight: 400;\">Centro Universit\u00e1rio La Salle RJ (Niter\u00f3i\/RJ)<\/span><\/span><\/p>\n<p style=\"text-align: justify;\"><span style=\"color: #474747;\"><b>P\u00fablico-alvo: <\/b><span style=\"font-weight: 400;\">moradores da cidade de Niter\u00f3i\/RJ e comunidade acad\u00eamica da UNILASALLE RJ<\/span><\/span><\/p>\n<p style=\"text-align: justify;\"><span style=\"color: #474747;\"><b>N\u00famero beneficiados em 2022:\u00a0 <\/b><span style=\"font-weight: 400;\">14.200 pessoas<\/span><\/span><\/p>\n<p style=\"text-align: justify;\"><span style=\"color: #474747;\"><b>Per\u00edodo de execu\u00e7\u00e3o:<\/b><span style=\"font-weight: 400;\"> desde 2007<\/span><\/span><\/p>\n<p style=\"text-align: justify;\"><span style=\"color: #474747;\"><b>Objetivo:<\/b><\/span><\/p>\n<p style=\"text-align: justify;\"><span style=\"font-weight: 400; color: #474747;\">Promover um ambiente para manifesta\u00e7\u00f5es art\u00edsticas e incentivar o desenvolvimento cultural.<\/span><\/p>\n<p style=\"text-align: justify;\"><span style=\"color: #474747;\"><b>Descri\u00e7\u00e3o:<\/b><\/span><\/p>\n<p style=\"text-align: justify;\"><span style=\"font-weight: 400; color: #474747;\">A Galeria de Arte La Salle promove eventos que estimulam o desenvolvimento cultural na cidade de Niter\u00f3i\/RJ, bem como no espa\u00e7o acad\u00eamico. A proposta \u00e9 que as pessoas possam fruir e apreciar esteticamente diversas manifesta\u00e7\u00f5es art\u00edsticas e culturais, locais e mundiais, assim como delas participar, de modo a agu\u00e7ar continuamente a sensibilidade, a imagina\u00e7\u00e3o, o conhecimento e a criatividade.<\/span><\/p>\n<p style=\"text-align: justify;\"><span style=\"font-weight: 400; color: #474747;\">O acesso aos visitantes se d\u00e1 por meio do site da Galeria. Foram parceiros do projeto IBRAM \u2013 Instituto Brasileiro de Museus, OAB Niter\u00f3i\/RJ, Museu de Arte Contempor\u00e2nea de Niter\u00f3i\/RJ, Museu Filat\u00e9lico e Numism\u00e1tico Brasileiro, Museu do Amanh\u00e3, Espa\u00e7o Cultural dos Correios de Niter\u00f3i\/RJ, Secretaria da Cultura de Niter\u00f3i\/RJ, Secretaria de Direitos Humanos de Niter\u00f3i\/RJ, Universidad La Salle Bolivia, Universidad La Salle Nezahualc\u00f3yotl e Universidad La Salle Per\u00fa.<\/span><\/p>\n<p style=\"text-align: justify;\">\n<p>[\/et_pb_text][\/et_pb_column][\/et_pb_row][\/et_pb_section][et_pb_section fb_built=&#8221;1&#8243; _builder_version=&#8221;4.17.6&#8243; _module_preset=&#8221;default&#8221; background_color=&#8221;#e1e9f0&#8243; background_enable_image=&#8221;off&#8221; background_position=&#8221;top_left&#8221; min_height=&#8221;614.4px&#8221; custom_margin=&#8221;0px|0px|0px|0px|false|false&#8221; custom_padding=&#8221;0px|0px|0px|0px|false|false&#8221; global_colors_info=&#8221;{}&#8221;][et_pb_row column_structure=&#8221;3_5,2_5&#8243; _builder_version=&#8221;4.16&#8243; _module_preset=&#8221;default&#8221; custom_margin=&#8221;0px|auto|-7px|auto|false|false&#8221; custom_padding=&#8221;50px||50px||false|false&#8221; global_colors_info=&#8221;{}&#8221;][et_pb_column type=&#8221;3_5&#8243; _builder_version=&#8221;4.16&#8243; _module_preset=&#8221;default&#8221; global_colors_info=&#8221;{}&#8221;][et_pb_text _builder_version=&#8221;4.17.6&#8243; _module_preset=&#8221;default&#8221; text_font=&#8221;|800|||||||&#8221; text_font_size=&#8221;26px&#8221; text_line_height=&#8221;1.2em&#8221; global_colors_info=&#8221;{}&#8221;]<\/p>\n<p><span style=\"color: #1d70b7;\"><strong><b>PROJETO PROGRAMA P\u00c9 PEQUENO<\/b><\/strong><\/span><\/p>\n<p>[\/et_pb_text][et_pb_text _builder_version=&#8221;4.17.6&#8243; _module_preset=&#8221;default&#8221; text_text_color=&#8221;#FFFFFF&#8221; text_font_size=&#8221;15px&#8221; text_line_height=&#8221;1.5em&#8221; global_colors_info=&#8221;{}&#8221;]<\/p>\n<p style=\"text-align: justify;\"><span style=\"color: #474747;\"><b>Institui\u00e7\u00e3o respons\u00e1vel:<\/b><span style=\"font-weight: 400;\"> Centro Universit\u00e1rio La Salle RJ (Niter\u00f3i\/RJ)<\/span><\/span><\/p>\n<p style=\"text-align: justify;\"><span style=\"color: #474747;\"><b>P\u00fablico-alvo: <\/b><span style=\"font-weight: 400;\">pessoas em situa\u00e7\u00e3o de vulnerabilidade social que residem na da Comunidade do P\u00e9 Pequeno, Bairro de F\u00e1tima, em Niter\u00f3i\/RJ<\/span><\/span><\/p>\n<p style=\"text-align: justify;\"><span style=\"color: #474747;\"><b>N\u00famero de beneficiados em 2022:<\/b><span style=\"font-weight: 400;\"> 865 pessoas atendidas e 93 volunt\u00e1rios envolvidos<\/span><\/span><\/p>\n<p style=\"text-align: justify;\"><span style=\"color: #474747;\"><b>Per\u00edodo de execu\u00e7\u00e3o:<\/b><span style=\"font-weight: 400;\"> desde 2017<\/span><\/span><\/p>\n<p style=\"text-align: justify;\"><span style=\"color: #474747;\"><b>Objetivo:<\/b><\/span><\/p>\n<p style=\"text-align: justify;\"><span style=\"font-weight: 400; color: #474747;\">Promover a\u00e7\u00f5es sociais voltadas \u00e0 Comunidade do P\u00e9 Pequeno, localizada no Bairro de F\u00e1tima, em Santa Rosa, Niter\u00f3i\/RJ, com o objetivo de combater a desigualdade social e a escassez de oportunidades na regi\u00e3o.<\/span><\/p>\n<p style=\"text-align: justify;\"><span style=\"color: #474747;\"><b>Descri\u00e7\u00e3o:<\/b><\/span><\/p>\n<p style=\"text-align: justify;\"><span style=\"font-weight: 400; color: #474747;\">O programa oferta \u00e0 comunidade cursos, oficinas e servi\u00e7os de cunho assistencial, que contribuem para a gera\u00e7\u00e3o de renda e para a inser\u00e7\u00e3o de estudantes do Centro Universit\u00e1rio La Salle Rio de Janeiro em atividades solid\u00e1rias, fazendo parte fundante da sua forma\u00e7\u00e3o humana, educacional e profissional, e motivando o discente a tornar-se um profissional atento \u00e0s demandas da sociedade e conectado com as quest\u00f5es sociais que o permeiam. As a\u00e7\u00f5es realizadas contam com parceria das empresas Street Store, Cruz Vermelha, AMABFA e Escola Municipal Santos Dumont.<\/span><\/p>\n<p><span style=\"color: #474747;\">\u00a0<\/span><\/p>\n<p>[\/et_pb_text][\/et_pb_column][et_pb_column type=&#8221;2_5&#8243; _builder_version=&#8221;4.16&#8243; _module_preset=&#8221;default&#8221; global_colors_info=&#8221;{}&#8221;][et_pb_image src=&#8221;https:\/\/relatoriosocial.lasalle.edu.br\/wp-content\/uploads\/2023\/05\/PROJETO-PROGRAMA-PE-PEQUENO.jpg&#8221; title_text=&#8221;PROJETO PROGRAMA P\u00c9 PEQUENO&#8221; _builder_version=&#8221;4.17.6&#8243; _module_preset=&#8221;default&#8221; global_colors_info=&#8221;{}&#8221;][\/et_pb_image][\/et_pb_column][\/et_pb_row][\/et_pb_section][et_pb_section fb_built=&#8221;1&#8243; _builder_version=&#8221;4.17.6&#8243; _module_preset=&#8221;default&#8221; background_enable_color=&#8221;off&#8221; background_enable_image=&#8221;off&#8221; background_position=&#8221;top_right&#8221; min_height=&#8221;550.6px&#8221; custom_margin=&#8221;-4px|0px|0px|0px|false|false&#8221; custom_padding=&#8221;0px|0px|0px|0px|false|false&#8221; global_colors_info=&#8221;{}&#8221;][et_pb_row column_structure=&#8221;2_5,3_5&#8243; _builder_version=&#8221;4.16&#8243; _module_preset=&#8221;default&#8221; custom_margin=&#8221;|auto|0px|auto||&#8221; custom_padding=&#8221;50px||50px||false|false&#8221; global_colors_info=&#8221;{}&#8221;][et_pb_column type=&#8221;2_5&#8243; _builder_version=&#8221;4.16&#8243; _module_preset=&#8221;default&#8221; global_colors_info=&#8221;{}&#8221;][et_pb_image src=&#8221;https:\/\/relatoriosocial.lasalle.edu.br\/wp-content\/uploads\/2023\/05\/GINCANA-LASSALISTA.jpg&#8221; title_text=&#8221;GINCANA LASSALISTA&#8221; _builder_version=&#8221;4.17.6&#8243; _module_preset=&#8221;default&#8221; global_colors_info=&#8221;{}&#8221;][\/et_pb_image][\/et_pb_column][et_pb_column type=&#8221;3_5&#8243; _builder_version=&#8221;4.16&#8243; _module_preset=&#8221;default&#8221; global_colors_info=&#8221;{}&#8221;][et_pb_text _builder_version=&#8221;4.17.6&#8243; _module_preset=&#8221;default&#8221; text_font=&#8221;|800|||||||&#8221; text_font_size=&#8221;26px&#8221; text_line_height=&#8221;1.2em&#8221; custom_padding=&#8221;||0px|||&#8221; global_colors_info=&#8221;{}&#8221;]<\/p>\n<p><span style=\"color: #1d70b7;\"><strong><b>PROJETO GINCANA LASSALISTA<\/b><\/strong><\/span><\/p>\n<p>[\/et_pb_text][et_pb_text _builder_version=&#8221;4.17.6&#8243; _module_preset=&#8221;default&#8221; text_text_color=&#8221;#FFFFFF&#8221; text_font_size=&#8221;15px&#8221; text_line_height=&#8221;1.5em&#8221; global_colors_info=&#8221;{}&#8221;]<\/p>\n<p style=\"text-align: justify;\"><span style=\"color: #474747;\"><b>Institui\u00e7\u00e3o respons\u00e1vel:<\/b><span style=\"font-weight: 400;\"> Col\u00e9gio La Salle Botucatu (Botucatu\/SP)<\/span><\/span><\/p>\n<p style=\"text-align: justify;\"><span style=\"color: #474747;\"><b>P\u00fablico-alvo:<\/b><span style=\"font-weight: 400;\"> fam\u00edlias em situa\u00e7\u00e3o de vulnerabilidade social cadastradas em programas sociais ou nas entidades Funda\u00e7\u00e3o Casa das Meninas Amando de Barros, Vila dos Meninos Sagrada Fam\u00edlia, Asilo Padre Euclides, Casa de Apoio Unesp, Projeto Adolescer, Associa\u00e7\u00e3o das Crian\u00e7as Carentes de Botucatu &#8211; ACCB, Associa\u00e7\u00e3o P\u00e9rola Negra de Botucatu, Projeto Crescer (Creche Crian\u00e7a Feliz) e Escola La Salle Botucatu, todas no munic\u00edpio de Botucatu\/SP<\/span><\/span><\/p>\n<p style=\"text-align: justify;\"><span style=\"color: #474747;\"><b>N\u00famero beneficiados em 2022: <\/b><span style=\"font-weight: 400;\">9 institui\u00e7\u00f5es assistenciais<\/span><\/span><\/p>\n<p style=\"text-align: justify;\"><span style=\"color: #474747;\"><b>Per\u00edodo de execu\u00e7\u00e3o:<\/b><span style=\"font-weight: 400;\"> desde 2018<\/span><\/span><\/p>\n<p style=\"text-align: justify;\"><span style=\"color: #474747;\"><b>Objetivo:<\/b><\/span><\/p>\n<p style=\"text-align: justify;\"><span style=\"font-weight: 400; color: #474747;\">Vivenciar momentos de solidariedade, respeito, organiza\u00e7\u00e3o e promover a intera\u00e7\u00e3o, a socializa\u00e7\u00e3o e a conviv\u00eancia fraterna.<\/span><\/p>\n<p style=\"text-align: justify;\"><span style=\"color: #474747;\"><b>Descri\u00e7\u00e3o:<\/b><\/span><\/p>\n<p style=\"text-align: justify;\"><span style=\"font-weight: 400; color: #474747;\">Evento educativo realizado por meio de iniciativas esportivas, culturais e beneficentes que oportunizam a viv\u00eancia dos princ\u00edpios lassalistas f\u00e9, fraternidade e servi\u00e7o. Incentiva o esp\u00edrito de equipe, de coopera\u00e7\u00e3o e de lideran\u00e7a, como tamb\u00e9m a toler\u00e2ncia, o respeito m\u00fatuo e a valoriza\u00e7\u00e3o da criatividade e da competi\u00e7\u00e3o saud\u00e1vel. O resultado se d\u00e1 por meio da arrecada\u00e7\u00e3o de alimentos e produtos de higiene pessoal. Os donativos arrecadados somaram 1.698 litros de leite e 827 unidades de brinquedos novos.<\/span><\/p>\n<p><span style=\"color: #474747;\">\u00a0<\/span><\/p>\n<p>[\/et_pb_text][\/et_pb_column][\/et_pb_row][\/et_pb_section][et_pb_section fb_built=&#8221;1&#8243; _builder_version=&#8221;4.17.6&#8243; _module_preset=&#8221;default&#8221; background_color=&#8221;#e1e9f0&#8243; background_enable_image=&#8221;off&#8221; background_position=&#8221;top_left&#8221; min_height=&#8221;916.7px&#8221; custom_margin=&#8221;0px|0px|0px|0px|false|false&#8221; custom_padding=&#8221;0px|0px|0px|0px|false|false&#8221; global_colors_info=&#8221;{}&#8221;][et_pb_row column_structure=&#8221;3_5,2_5&#8243; _builder_version=&#8221;4.16&#8243; _module_preset=&#8221;default&#8221; custom_margin=&#8221;0px|auto|-7px|auto|false|false&#8221; custom_padding=&#8221;50px||50px||false|false&#8221; global_colors_info=&#8221;{}&#8221;][et_pb_column type=&#8221;3_5&#8243; _builder_version=&#8221;4.16&#8243; _module_preset=&#8221;default&#8221; global_colors_info=&#8221;{}&#8221;][et_pb_text _builder_version=&#8221;4.17.6&#8243; _module_preset=&#8221;default&#8221; text_font=&#8221;|800|||||||&#8221; text_font_size=&#8221;26px&#8221; text_line_height=&#8221;1.2em&#8221; min_height=&#8221;21.2px&#8221; custom_margin=&#8221;0px|0px|0px|0px|false|false&#8221; custom_padding=&#8221;0px|0px|0px|0px|false|false&#8221; global_colors_info=&#8221;{}&#8221;]<\/p>\n<p><span style=\"color: #1d70b7;\"><strong><b>PROJETO GOTA<\/b><\/strong><\/span><\/p>\n<p><strong><b><\/b><\/strong><\/p>\n<p>[\/et_pb_text][et_pb_text _builder_version=&#8221;4.17.6&#8243; _module_preset=&#8221;default&#8221; text_text_color=&#8221;#FFFFFF&#8221; text_font_size=&#8221;15px&#8221; text_line_height=&#8221;1.5em&#8221; global_colors_info=&#8221;{}&#8221;]<\/p>\n<p style=\"text-align: justify;\"><span style=\"color: #474747;\"><b>Institui\u00e7\u00e3o respons\u00e1vel:<\/b><span style=\"font-weight: 400;\"> Col\u00e9gio Diocesano La Salle S\u00e3o Carlos (S\u00e3o Carlos\/SP)<\/span><\/span><\/p>\n<p style=\"text-align: justify;\"><span style=\"color: #474747;\"><b>P\u00fablico Alvo: <\/b><span style=\"font-weight: 400;\">Institui\u00e7\u00f5es filantr\u00f3picas do munic\u00edpio de S\u00e3o Carlos\/SP<\/span><\/span><\/p>\n<p style=\"text-align: justify;\"><span style=\"color: #474747;\"><b>N\u00famero de beneficiados em 2022:<\/b><span style=\"font-weight: 400;\"> 06 ONG\u2019s e a comunidade escolar por meio da parceria com a<\/span><\/span><\/p>\n<p style=\"text-align: justify;\"><span style=\"font-weight: 400; color: #474747;\">UFSCar e USP<\/span><\/p>\n<p style=\"text-align: justify;\"><span style=\"color: #474747;\"><b>Per\u00edodo de execu\u00e7\u00e3o:<\/b><span style=\"font-weight: 400;\"> desde 2019<\/span><\/span><\/p>\n<p style=\"text-align: justify;\"><span style=\"color: #474747;\"><b>Objetivo:<\/b><\/span><\/p>\n<p style=\"text-align: justify;\"><span style=\"font-weight: 400; color: #474747;\">Divulgar as institui\u00e7\u00f5es assistenciais da cidade de modo a promover a sensibiliza\u00e7\u00e3o, vincula\u00e7\u00e3o e colabora\u00e7\u00e3o da Comunidade Educativa com as suas necessidades.<\/span><\/p>\n<p style=\"text-align: justify;\"><span style=\"color: #474747;\"><b>Descri\u00e7\u00e3o:<\/b><\/span><\/p>\n<p style=\"text-align: justify;\"><span style=\"font-weight: 400; color: #474747;\">O projeto Gota, que remete a \u201cuma gota de compaix\u00e3o\u201d, engloba iniciativas e a\u00e7\u00f5es solid\u00e1rias a fim de apoiar institui\u00e7\u00f5es da cidade de S\u00e3o Carlos\/SP. Por meio de um levantamento das demandas institucionais, a Comunidade Educativa se mobiliza para promover essa institui\u00e7\u00e3o e arrecadar benef\u00edcios. Ap\u00f3s, realiza a visita\u00e7\u00e3o e a entrega dos donativos arrecadados, promovendo momentos formativos e de sensibiliza\u00e7\u00e3o.<\/span><\/p>\n<p style=\"text-align: justify;\"><span style=\"font-weight: 400; color: #474747;\">Em 2022, foram arrecadados e doados um total de 1.291 unidades de livros Infantis ao Projeto Anjo da Guarda, da Par\u00f3quia S\u00e3o Nicolau de Fl\u00fce, 327 produtos, englobando itens de higiene e alimenta\u00e7\u00e3o, entregues \u00e0 Rede Feminina S\u00e3o Carlense de Combate ao C\u00e2ncer, 1.850 produtos de limpeza e 1.1250kg de alimentos, junto com 50l de \u00f3leo de soja, para as ONG\u2019s Associa\u00e7\u00e3o de Apoio a Pais e Autistas &#8211; Espa\u00e7o Azul, a qual recebeu os alimentos, e \u00e0 Casa da Inf\u00e2ncia Estrela da Manh\u00e3, que recebeu os produtos de limpeza. Tamb\u00e9m foram doados 45,5kg de alimentos e 11l de \u00f3leo de soja para a ONG Sal da Terra e 25 cestas b\u00e1sicas \u00e0 ONG Movimento de Informa\u00e7\u00e3o sobre Defici\u00eancia &#8211; MID. Al\u00e9m dessas institui\u00e7\u00f5es, os estudantes apoiaram o projeto de Extens\u00e3o das Universidades UFSCar e USP e doaram 54 livros de hist\u00f3rias infantis para o projeto Opera\u00e7\u00e3o Natal e 189 pe\u00e7as de roupas para a Coordena\u00e7\u00e3o do Projeto Campanha USP do Agasalho, da Universidade USP de S\u00e3o Carlos.<\/span><\/p>\n<p>[\/et_pb_text][\/et_pb_column][et_pb_column type=&#8221;2_5&#8243; _builder_version=&#8221;4.16&#8243; _module_preset=&#8221;default&#8221; global_colors_info=&#8221;{}&#8221;][et_pb_image src=&#8221;https:\/\/relatoriosocial.lasalle.edu.br\/wp-content\/uploads\/2023\/05\/PROJETO-GOTA.jpg&#8221; title_text=&#8221;PROJETO GOTA&#8221; _builder_version=&#8221;4.17.6&#8243; _module_preset=&#8221;default&#8221; global_colors_info=&#8221;{}&#8221;][\/et_pb_image][\/et_pb_column][\/et_pb_row][\/et_pb_section][et_pb_section fb_built=&#8221;1&#8243; _builder_version=&#8221;4.17.6&#8243; _module_preset=&#8221;default&#8221; background_enable_color=&#8221;off&#8221; background_position=&#8221;top_right&#8221; custom_margin=&#8221;-4px|0px|0px|0px|false|false&#8221; custom_padding=&#8221;0px|0px|0px|0px|false|false&#8221; hover_enabled=&#8221;0&#8243; global_colors_info=&#8221;{}&#8221; background_enable_image=&#8221;off&#8221; sticky_enabled=&#8221;0&#8243;][et_pb_row column_structure=&#8221;2_5,3_5&#8243; _builder_version=&#8221;4.16&#8243; _module_preset=&#8221;default&#8221; custom_margin=&#8221;|auto|0px|auto||&#8221; custom_padding=&#8221;50px||50px||false|false&#8221; global_colors_info=&#8221;{}&#8221;][et_pb_column type=&#8221;2_5&#8243; _builder_version=&#8221;4.16&#8243; _module_preset=&#8221;default&#8221; global_colors_info=&#8221;{}&#8221;][et_pb_image src=&#8221;https:\/\/relatoriosocial.lasalle.edu.br\/wp-content\/uploads\/2023\/05\/PROJETO-LACROU.jpg&#8221; title_text=&#8221;PROJETO LACROU&#8221; _builder_version=&#8221;4.17.6&#8243; _module_preset=&#8221;default&#8221; global_colors_info=&#8221;{}&#8221;]<\/p>\n<p><span style=\"color: #1d70b7;\"><strong><b>PROJETO OPERA\u00c7\u00c3O NATAL<\/b><\/strong><\/span><\/p>\n<p><strong><b><\/b><\/strong><\/p>\n<p>[\/et_pb_image][\/et_pb_column][et_pb_column type=&#8221;3_5&#8243; _builder_version=&#8221;4.16&#8243; _module_preset=&#8221;default&#8221; global_colors_info=&#8221;{}&#8221;][et_pb_text _builder_version=&#8221;4.17.6&#8243; _module_preset=&#8221;default&#8221; text_font=&#8221;|800|||||||&#8221; text_font_size=&#8221;26px&#8221; text_line_height=&#8221;1.2em&#8221; custom_padding=&#8221;||0px|||&#8221; global_colors_info=&#8221;{}&#8221;]<\/p>\n<p><span style=\"color: #1d70b7;\"><strong><b>PROJETO LACROU<\/b><\/strong><\/span><\/p>\n<p>[\/et_pb_text][et_pb_text _builder_version=&#8221;4.17.6&#8243; _module_preset=&#8221;default&#8221; text_text_color=&#8221;#FFFFFF&#8221; text_font_size=&#8221;15px&#8221; text_line_height=&#8221;1.5em&#8221; custom_padding=&#8221;0px|||||&#8221; global_colors_info=&#8221;{}&#8221;]<\/p>\n<p style=\"text-align: justify;\"><span style=\"color: #474747;\"><b>Institui\u00e7\u00e3o respons\u00e1vel:<\/b><span style=\"font-weight: 400;\"> Col\u00e9gio Diocesano La Salle S\u00e3o Carlos (S\u00e3o Carlos\/SP)<\/span><\/span><\/p>\n<p style=\"text-align: justify;\"><span style=\"color: #474747;\"><b>P\u00fablico-alvo:<\/b><span style=\"font-weight: 400;\"> Associa\u00e7\u00e3o de Capacita\u00e7\u00e3o Orienta\u00e7\u00e3o e Desenvolvimento do Excepcional &#8211; ACORDE e Santa Casa de Miseric\u00f3rdia de S\u00e3o Carlos\/SP<\/span><\/span><\/p>\n<p style=\"text-align: justify;\"><span style=\"color: #474747;\"><b>N\u00famero de beneficiados em 2022: <\/b><span style=\"font-weight: 400;\">2 institui\u00e7\u00f5es filantr\u00f3picas<\/span><\/span><\/p>\n<p style=\"text-align: justify;\"><span style=\"color: #474747;\"><b>Per\u00edodo de execu\u00e7\u00e3o:<\/b><span style=\"font-weight: 400;\"> desde 2019<\/span><\/span><\/p>\n<p style=\"text-align: justify;\"><span style=\"color: #474747;\"><b>Objetivo: <\/b><span style=\"font-weight: 400;\">Propiciar a coleta seletiva de materiais recicl\u00e1veis voltada \u00e0 sustentabilidade, educa\u00e7\u00e3o ambiental e solidariedade.<\/span><\/span><\/p>\n<p style=\"text-align: justify;\"><span style=\"color: #474747;\"><b>Descri\u00e7\u00e3o:<\/b><\/span><\/p>\n<p style=\"text-align: justify;\"><span style=\"font-weight: 400; color: #474747;\">O Projeto Lacrou \u00e9 voltado ao recolhimento de lacres de alum\u00ednio (de latinhas) e tem a parceria da concession\u00e1ria Arteris, que viabiliza a troca de garrafas PETs cheias de lacres met\u00e1licos de alum\u00ednio por cadeiras de rodas para serem doadas \u00e0 institui\u00e7\u00f5es filantr\u00f3picas.<\/span><\/p>\n<p style=\"text-align: justify;\"><span style=\"font-weight: 400; color: #474747;\">O projeto propiciou uma iniciativa voltada \u00e0 sustentabilidade, educa\u00e7\u00e3o ambiental e de solidariedade, viabilizando a coleta seletiva de materiais recicl\u00e1veis. Com as arrecada\u00e7\u00f5es, foram doadas 2 cadeiras de rodas \u00e0 institui\u00e7\u00e3o ACORDE e 64,9kg de pl\u00e1stico, doados \u00e0 Santa Casa de Miseric\u00f3rdia e revertidos em recursos \u00e0 institui\u00e7\u00e3o. Ainda em 2022, o Projeto LACROU recebeu destaque na Rede La Salle, sendo um dos premiados na iniciativa La Salle Cuidando da Casa Comum, na categoria de Educa\u00e7\u00e3o Ambiental na Educa\u00e7\u00e3o B\u00e1sica.<\/span><\/p>\n<p style=\"text-align: justify;\"><span style=\"color: #474747;\">\u00a0<\/span><\/p>\n<p>[\/et_pb_text][\/et_pb_column][\/et_pb_row][\/et_pb_section][et_pb_section fb_built=&#8221;1&#8243; _builder_version=&#8221;4.17.6&#8243; _module_preset=&#8221;default&#8221; background_color=&#8221;#e1e9f0&#8243; background_position=&#8221;top_left&#8221; min_height=&#8221;636.4px&#8221; custom_margin=&#8221;0px|0px|0px|0px|false|false&#8221; custom_padding=&#8221;0px|0px|0px|0px|false|false&#8221; hover_enabled=&#8221;0&#8243; global_colors_info=&#8221;{}&#8221; background_enable_image=&#8221;off&#8221; sticky_enabled=&#8221;0&#8243;][et_pb_row column_structure=&#8221;3_5,2_5&#8243; _builder_version=&#8221;4.16&#8243; _module_preset=&#8221;default&#8221; custom_margin=&#8221;0px|auto|-7px|auto|false|false&#8221; custom_padding=&#8221;50px||50px||false|false&#8221; global_colors_info=&#8221;{}&#8221;][et_pb_column type=&#8221;3_5&#8243; _builder_version=&#8221;4.16&#8243; _module_preset=&#8221;default&#8221; global_colors_info=&#8221;{}&#8221;][et_pb_text _builder_version=&#8221;4.17.6&#8243; _module_preset=&#8221;default&#8221; text_font=&#8221;|800|||||||&#8221; text_font_size=&#8221;26px&#8221; text_line_height=&#8221;1.2em&#8221; custom_margin=&#8221;0px||0px|0px|false|false&#8221; custom_padding=&#8221;0px|0px|0px|0px|false|false&#8221; global_colors_info=&#8221;{}&#8221;]<\/p>\n<p><span style=\"color: #1d70b7;\"><strong><b>PROJETO OPERA\u00c7\u00c3O NATAL<\/b><\/strong><\/span><\/p>\n<p><strong><b><\/b><\/strong><\/p>\n<p>[\/et_pb_text][et_pb_text _builder_version=&#8221;4.17.6&#8243; _module_preset=&#8221;default&#8221; text_text_color=&#8221;#FFFFFF&#8221; text_font_size=&#8221;15px&#8221; text_line_height=&#8221;1.5em&#8221; global_colors_info=&#8221;{}&#8221;]<\/p>\n<p style=\"text-align: justify;\"><span style=\"color: #474747;\"><b>Institui\u00e7\u00e3o respons\u00e1vel:<\/b><span style=\"font-weight: 400;\"> Universidade Federal de S\u00e3o Carlos &#8211; UFSCar (S\u00e3o Carlos\/SP) e Universidade de S\u00e3o Paulo &#8211; USP (S\u00e3o Paulo\/SP), com parceria colaborativa do Col\u00e9gio Diocesano La Salle S\u00e3o Carlos (S\u00e3o Carlos\/SP)<\/span><\/span><\/p>\n<p style=\"text-align: justify;\"><span style=\"color: #474747;\"><b>P\u00fablico-alvo:<\/b><span style=\"font-weight: 400;\"> institui\u00e7\u00f5es filantr\u00f3picas do munic\u00edpio de S\u00e3o Carlos\/SP<\/span><\/span><\/p>\n<p style=\"text-align: justify;\"><span style=\"color: #474747;\"><b>N\u00famero de beneficiados em 2022:<\/b><span style=\"font-weight: 400;\">\u00a0 60 crian\u00e7as e 50 fam\u00edlias, totalizando 300 pessoas atendidas pela Creche Divina Provid\u00eancia de S\u00e3o Carlos\/SP\u00a0<\/span><\/span><\/p>\n<p style=\"text-align: justify;\"><span style=\"color: #474747;\"><b>Per\u00edodo de execu\u00e7\u00e3o:<\/b><span style=\"font-weight: 400;\"> desde 2016<\/span><\/span><\/p>\n<p style=\"text-align: justify;\"><span style=\"color: #474747;\"><b>Objetivo:<\/b><\/span><\/p>\n<p style=\"text-align: justify;\"><span style=\"font-weight: 400; color: #474747;\">Contagiar as pessoas com o esp\u00edrito natalino cont\u00ednuo, criando la\u00e7os e gerando impacto altru\u00edsta na sociedade a partir do envolvimento da Comunidade Educativa com os Grupos de Extens\u00e3o Universit\u00e1ria do munic\u00edpio de S\u00e3o Carlos\/SP.<\/span><\/p>\n<p style=\"text-align: justify;\"><span style=\"color: #474747;\"><b>Descri\u00e7\u00e3o:<\/b><\/span><\/p>\n<p style=\"text-align: justify;\"><span style=\"font-weight: 400; color: #474747;\">O Col\u00e9gio La Salle S\u00e3o Carlos mant\u00e9m uma parceria colaborativa com o Projeto de Extens\u00e3o da UFSCar e da USP. Por meio dessa parceria, \u00e9 poss\u00edvel engajar a Comunidade Educativa e tamb\u00e9m a comunidade civil local como um todo, em movimentos solid\u00e1rios e cont\u00ednuos de arrecada\u00e7\u00e3o, visitas, acompanhamentos e cuidados que impactam o Natal e a sa\u00fade de diversas institui\u00e7\u00f5es filantr\u00f3picas do munic\u00edpio.<\/span><\/p>\n<p style=\"text-align: justify;\"><span style=\"font-weight: 400; color: #474747;\">Com resultados obtidos, foram doados 250 kg de alimentos n\u00e3o perec\u00edveis aos beneficiados. Para essa arrecada\u00e7\u00e3o, foi realizada uma a\u00e7\u00e3o junto ao Grupo de Extens\u00e3o da Opera\u00e7\u00e3o Natal, composta por 20 alunos dos Grupos de Jovens (PAJULA) e pelo grupo de escoteiros da cidade de S\u00e3o Carlos\/SP, a qual foi denominada \u201cDia Dzinho\u201d que arrecadou mantimentos no bairro pr\u00f3ximo ao col\u00e9gio e adjac\u00eancias.<\/span><\/p>\n<p style=\"text-align: justify;\"><span style=\"font-weight: 400; color: #474747;\">Para preparar os alunos para as a\u00e7\u00f5es sociais, foi realizada uma a\u00e7\u00e3o apelidada de \u201cDia Doguinho\u201d, para levantamento de fundos em prol da institui\u00e7\u00e3o Santu\u00e1rio Luz dos Bichos, que atende cerca de 60 c\u00e3es e gatos resgatados por motivo de abandono, e levantado o montante de R$ 495,00 (quatrocentos e noventa e cinco reais), proporcionando a compra de ra\u00e7\u00e3o para os animais.<\/span><\/p>\n<p style=\"text-align: justify;\"><span style=\"font-weight: 400;\"><\/span><\/p>\n<p>[\/et_pb_text][\/et_pb_column][et_pb_column type=&#8221;2_5&#8243; _builder_version=&#8221;4.16&#8243; _module_preset=&#8221;default&#8221; global_colors_info=&#8221;{}&#8221;][et_pb_image src=&#8221;https:\/\/relatoriosocial.lasalle.edu.br\/wp-content\/uploads\/2023\/05\/PROJETO-OPERACAO-NATAL.jpeg&#8221; title_text=&#8221;PROJETO OPERA\u00c7\u00c3O NATAL&#8221; _builder_version=&#8221;4.17.6&#8243; _module_preset=&#8221;default&#8221; global_colors_info=&#8221;{}&#8221;][\/et_pb_image][\/et_pb_column][\/et_pb_row][\/et_pb_section][et_pb_section fb_built=&#8221;1&#8243; _builder_version=&#8221;4.17.6&#8243; _module_preset=&#8221;default&#8221; background_enable_color=&#8221;off&#8221; background_position=&#8221;top_right&#8221; custom_margin=&#8221;-4px|0px|0px|0px|false|false&#8221; custom_padding=&#8221;0px|0px|0px|0px|false|false&#8221; hover_enabled=&#8221;0&#8243; global_colors_info=&#8221;{}&#8221; background_enable_image=&#8221;off&#8221; sticky_enabled=&#8221;0&#8243;][et_pb_row column_structure=&#8221;2_5,3_5&#8243; _builder_version=&#8221;4.16&#8243; _module_preset=&#8221;default&#8221; custom_margin=&#8221;|auto|0px|auto||&#8221; custom_padding=&#8221;50px||50px||false|false&#8221; global_colors_info=&#8221;{}&#8221;][et_pb_column type=&#8221;2_5&#8243; _builder_version=&#8221;4.16&#8243; _module_preset=&#8221;default&#8221; global_colors_info=&#8221;{}&#8221;][et_pb_image src=&#8221;https:\/\/relatoriosocial.lasalle.edu.br\/wp-content\/uploads\/2023\/05\/PROJETO-AQUECER-E-ACOLHER.jpg&#8221; title_text=&#8221;PROJETO AQUECER \u00c9 ACOLHER&#8221; _builder_version=&#8221;4.17.6&#8243; _module_preset=&#8221;default&#8221; global_colors_info=&#8221;{}&#8221;]<\/p>\n<p><span style=\"color: #1d70b7;\"><b>PROJETO GIRASS\u00d3IS DA SOLIDARIEDADE <\/b><\/span><\/p>\n<p><span style=\"color: #ffffff;\"><strong><b><\/b><\/strong><\/span><\/p>\n<p>[\/et_pb_image][\/et_pb_column][et_pb_column type=&#8221;3_5&#8243; _builder_version=&#8221;4.16&#8243; _module_preset=&#8221;default&#8221; global_colors_info=&#8221;{}&#8221;][et_pb_text _builder_version=&#8221;4.17.6&#8243; _module_preset=&#8221;default&#8221; text_font=&#8221;|800|||||||&#8221; text_font_size=&#8221;26px&#8221; text_line_height=&#8221;1.2em&#8221; custom_padding=&#8221;||0px|||&#8221; global_colors_info=&#8221;{}&#8221;]<\/p>\n<p><span style=\"color: #1d70b7;\"><strong><b>PROJETO AQUECER \u00c9 ACOLHER<\/b><\/strong><\/span><\/p>\n<p>[\/et_pb_text][et_pb_text _builder_version=&#8221;4.17.6&#8243; _module_preset=&#8221;default&#8221; text_text_color=&#8221;#FFFFFF&#8221; text_font_size=&#8221;15px&#8221; text_line_height=&#8221;1.5em&#8221; custom_padding=&#8221;5px|||||&#8221; global_colors_info=&#8221;{}&#8221;]<\/p>\n<p style=\"text-align: justify;\"><span style=\"color: #474747;\"><b>Institui\u00e7\u00e3o respons\u00e1vel: <\/b><span style=\"font-weight: 400;\">Associa\u00e7\u00e3o Brasileira de Educadores Lassalistas &#8211; ABEL (S\u00e3o Paulo\/SP)<\/span><\/span><\/p>\n<p style=\"text-align: justify;\"><span style=\"color: #474747;\"><b>P\u00fablico-alvo:<\/b><span style=\"font-weight: 400;\"> pessoas e fam\u00edlias em situa\u00e7\u00e3o de vulnerabilidade social<\/span><\/span><\/p>\n<p style=\"text-align: justify;\"><span style=\"color: #474747;\"><b>N\u00famero de beneficiados em 2022:<\/b><span style=\"font-weight: 400;\"> 1 institui\u00e7\u00e3o assistencial<\/span><\/span><\/p>\n<p style=\"text-align: justify;\"><span style=\"color: #474747;\"><b>Per\u00edodo de execu\u00e7\u00e3o:<\/b><span style=\"font-weight: 400;\"> desde 2019<\/span><\/span><\/p>\n<p style=\"text-align: justify;\"><span style=\"color: #474747;\"><b>Objetivo:<\/b><\/span><\/p>\n<p style=\"text-align: justify;\"><span style=\"font-weight: 400; color: #474747;\">Envolver os colaboradores da ABEL em gestos concretos de solidariedade, a partir de a\u00e7\u00f5es que sensibilizem para o comprometimento social e para o senso de coletividade.<\/span><\/p>\n<p style=\"text-align: justify;\"><span style=\"color: #474747;\"><b>Descri\u00e7\u00e3o:<\/b><\/span><\/p>\n<p style=\"text-align: justify;\"><span style=\"font-weight: 400; color: #474747;\">O projeto engloba iniciativas e a\u00e7\u00f5es solid\u00e1rias que beneficiam pessoas em situa\u00e7\u00e3o de vulnerabilidade social. A campanha promoveu arrecada\u00e7\u00e3o de alimentos n\u00e3o perec\u00edveis para doa\u00e7\u00e3o \u00e0 Par\u00f3quia S\u00e3o Miguel Arcanjo, a qual fornece 800 refei\u00e7\u00f5es diariamente.<\/span><\/p>\n<p style=\"text-align: justify;\"><span style=\"color: #474747;\">\u00a0<\/span><\/p>\n<p>[\/et_pb_text][\/et_pb_column][\/et_pb_row][\/et_pb_section][et_pb_section fb_built=&#8221;1&#8243; _builder_version=&#8221;4.17.6&#8243; _module_preset=&#8221;default&#8221; background_position=&#8221;top_left&#8221; min_height=&#8221;591.4px&#8221; custom_margin=&#8221;0px|0px|0px|0px|false|false&#8221; custom_padding=&#8221;0px|0px|0px|0px|false|false&#8221; hover_enabled=&#8221;0&#8243; global_colors_info=&#8221;{}&#8221; background_enable_image=&#8221;off&#8221; background_color=&#8221;#e1e9f0&#8243; sticky_enabled=&#8221;0&#8243;][et_pb_row column_structure=&#8221;3_5,2_5&#8243; _builder_version=&#8221;4.16&#8243; _module_preset=&#8221;default&#8221; custom_margin=&#8221;0px|auto|-7px|auto|false|false&#8221; custom_padding=&#8221;50px||50px||false|false&#8221; global_colors_info=&#8221;{}&#8221;][et_pb_column type=&#8221;3_5&#8243; _builder_version=&#8221;4.16&#8243; _module_preset=&#8221;default&#8221; global_colors_info=&#8221;{}&#8221;][et_pb_text _builder_version=&#8221;4.17.6&#8243; _module_preset=&#8221;default&#8221; text_font=&#8221;|800|||||||&#8221; text_font_size=&#8221;26px&#8221; text_line_height=&#8221;1.2em&#8221; custom_margin=&#8221;0px|0px|0px|0px|false|false&#8221; custom_padding=&#8221;0px|0px|0px|0px|false|false&#8221; global_colors_info=&#8221;{}&#8221;]<\/p>\n<p><span style=\"color: #1d70b7;\"><b>PROJETO GIRASS\u00d3IS DA SOLIDARIEDADE <\/b><\/span><\/p>\n<p><span style=\"color: #ffffff;\"><strong><b><\/b><\/strong><\/span><\/p>\n<p>[\/et_pb_text][et_pb_text _builder_version=&#8221;4.17.6&#8243; _module_preset=&#8221;default&#8221; text_text_color=&#8221;#FFFFFF&#8221; text_font_size=&#8221;15px&#8221; text_line_height=&#8221;1.5em&#8221; global_colors_info=&#8221;{}&#8221;]<\/p>\n<p style=\"text-align: justify;\"><span style=\"color: #474747;\"><b>Institui\u00e7\u00e3o respons\u00e1vel:<\/b><span style=\"font-weight: 400;\"> Col\u00e9gio La Salle S\u00e3o Paulo (S\u00e3o Paulo\/SP)<\/span><\/span><\/p>\n<p style=\"text-align: justify;\"><span style=\"color: #474747;\"><b>P\u00fablico-alvo:<\/b><span style=\"font-weight: 400;\"> institui\u00e7\u00f5es filantr\u00f3picas e fam\u00edlias do bairro e\/ou do col\u00e9gio em situa\u00e7\u00e3o de extrema car\u00eancia e vulnerabilidade social<\/span><\/span><\/p>\n<p style=\"text-align: justify;\"><span style=\"color: #474747;\"><b>N\u00famero de beneficiados em 2022: <\/b><span style=\"font-weight: 400;\">02 institui\u00e7\u00f5es<\/span> <span style=\"font-weight: 400;\">e 308 crian\u00e7as\/adolescentes<\/span><\/span><\/p>\n<p style=\"text-align: justify;\"><span style=\"color: #474747;\"><b>Per\u00edodo de execu\u00e7\u00e3o:<\/b><span style=\"font-weight: 400;\"> desde 2010<\/span><\/span><\/p>\n<p style=\"text-align: justify;\"><span style=\"color: #474747;\"><b>Objetivo:<\/b><\/span><\/p>\n<p style=\"text-align: justify;\"><span style=\"font-weight: 400; color: #474747;\">Criar a\u00e7\u00f5es e estrat\u00e9gias para envolver educadores, alunos e suas fam\u00edlias a fim de fomentar o comprometimento social e o amor concreto aos mais necessitados, levando a esperan\u00e7a e a solidariedade, al\u00e9m da arrecada\u00e7\u00e3o de alimentos n\u00e3o perec\u00edveis e brinquedos para a doa\u00e7\u00e3o.<\/span><\/p>\n<p style=\"text-align: justify;\"><span style=\"color: #474747;\"><b>Descri\u00e7\u00e3o:<\/b><\/span><\/p>\n<p style=\"text-align: justify;\"><span style=\"font-weight: 400; color: #474747;\">As iniciativas e a\u00e7\u00f5es de solidariedade visam beneficiar fam\u00edlias em situa\u00e7\u00e3o de vulnerabilidade social e apoiar institui\u00e7\u00f5es pr\u00f3xima a Comunidade Educativa, por meio de doa\u00e7\u00e3o de alimentos e brinquedos.<\/span><\/p>\n<p style=\"text-align: justify;\"><span style=\"font-weight: 400; color: #474747;\">Em 2022, foram beneficiados dois Servi\u00e7os de Acolhimento Institucional para Crian\u00e7as e Adolescentes (SAICA NOVO LAR 1 e 2) localizados pr\u00f3ximo ao Col\u00e9gio La Salle, e fam\u00edlias em situa\u00e7\u00e3o de vulnerabilidade social.<\/span><\/p>\n<p style=\"text-align: justify;\">\n<p style=\"text-align: justify;\"><span style=\"color: #474747;\">\u00a0<\/span><\/p>\n<p>[\/et_pb_text][\/et_pb_column][et_pb_column type=&#8221;2_5&#8243; _builder_version=&#8221;4.16&#8243; _module_preset=&#8221;default&#8221; global_colors_info=&#8221;{}&#8221;][et_pb_image src=&#8221;https:\/\/relatoriosocial.lasalle.edu.br\/wp-content\/uploads\/2023\/05\/PROJETO-GIRASSOIS-DA-SOLIDARIEDADE.jpeg&#8221; title_text=&#8221;PROJETO GIRASS\u00d3IS DA SOLIDARIEDADE&#8221; _builder_version=&#8221;4.17.6&#8243; _module_preset=&#8221;default&#8221; global_colors_info=&#8221;{}&#8221;][\/et_pb_image][\/et_pb_column][\/et_pb_row][\/et_pb_section]<\/p>\n","protected":false},"excerpt":{"rendered":"<p>PROJETO N\u00daCLEO DE PR\u00c1TICA CONT\u00c1BIL IR. EGYDIO BUSANELLOInstitui\u00e7\u00e3o respons\u00e1vel: Centro Universit\u00e1rio La Salle Rio de Janeiro (Niter\u00f3i\/RJ) P\u00fablico-alvo: estudantes do curso de Ci\u00eancias Cont\u00e1beis da UNILASALLE RJ e pessoas da comunidade do entorno do Centro Universit\u00e1rio em situa\u00e7\u00e3o de vulnerabilidade social N\u00famero beneficiados em 2022: 2.192 pessoas Per\u00edodo de execu\u00e7\u00e3o: desde 2021 Objetivo: Implementar a [&hellip;]<\/p>\n","protected":false},"author":1,"featured_media":0,"parent":0,"menu_order":0,"comment_status":"closed","ping_status":"closed","template":"","meta":{"_et_pb_use_builder":"on","_et_pb_old_content":"<!-- wp:divi\/placeholder \/-->","_et_gb_content_width":"","footnotes":""},"class_list":["post-4154","page","type-page","status-publish","hentry"],"_links":{"self":[{"href":"https:\/\/relatoriosocial.lasalle.edu.br\/index.php\/wp-json\/wp\/v2\/pages\/4154","targetHints":{"allow":["GET"]}}],"collection":[{"href":"https:\/\/relatoriosocial.lasalle.edu.br\/index.php\/wp-json\/wp\/v2\/pages"}],"about":[{"href":"https:\/\/relatoriosocial.lasalle.edu.br\/index.php\/wp-json\/wp\/v2\/types\/page"}],"author":[{"embeddable":true,"href":"https:\/\/relatoriosocial.lasalle.edu.br\/index.php\/wp-json\/wp\/v2\/users\/1"}],"replies":[{"embeddable":true,"href":"https:\/\/relatoriosocial.lasalle.edu.br\/index.php\/wp-json\/wp\/v2\/comments?post=4154"}],"version-history":[{"count":9,"href":"https:\/\/relatoriosocial.lasalle.edu.br\/index.php\/wp-json\/wp\/v2\/pages\/4154\/revisions"}],"predecessor-version":[{"id":4623,"href":"https:\/\/relatoriosocial.lasalle.edu.br\/index.php\/wp-json\/wp\/v2\/pages\/4154\/revisions\/4623"}],"wp:attachment":[{"href":"https:\/\/relatoriosocial.lasalle.edu.br\/index.php\/wp-json\/wp\/v2\/media?parent=4154"}],"curies":[{"name":"wp","href":"https:\/\/api.w.org\/{rel}","templated":true}]}}