{"id":4159,"date":"2023-05-08T11:32:51","date_gmt":"2023-05-08T14:32:51","guid":{"rendered":"https:\/\/relatoriosocial.lasalle.edu.br\/?page_id=4159"},"modified":"2023-05-19T16:01:58","modified_gmt":"2023-05-19T19:01:58","slug":"projetos-sul_2022","status":"publish","type":"page","link":"https:\/\/relatoriosocial.lasalle.edu.br\/index.php\/projetos-sul_2022\/","title":{"rendered":"Projetos Sul 2022"},"content":{"rendered":"<p>[et_pb_section fb_built=&#8221;1&#8243; _builder_version=&#8221;4.17.6&#8243; _module_preset=&#8221;default&#8221; background_enable_color=&#8221;off&#8221; background_image=&#8221;https:\/\/relatoriosocial.lasalle.edu.br\/wp-content\/uploads\/2023\/05\/foto-banner-projetos-sul.jpg&#8221; background_size=&#8221;custom&#8221; background_image_width=&#8221;54%&#8221; background_position=&#8221;bottom_left&#8221; background_horizontal_offset=&#8221;0%&#8221; width=&#8221;100%&#8221; max_width=&#8221;100%&#8221; custom_padding=&#8221;0px||0px||true|false&#8221; locked=&#8221;off&#8221; global_colors_info=&#8221;{}&#8221;][et_pb_row column_structure=&#8221;1_2,1_2&#8243; _builder_version=&#8221;4.17.6&#8243; _module_preset=&#8221;default&#8221; width=&#8221;99%&#8221; max_width=&#8221;2560px&#8221; module_alignment=&#8221;right&#8221; max_height=&#8221;450px&#8221; custom_margin=&#8221;0px|0px|0px|0px|false|false&#8221; custom_padding=&#8221;0px|0px|0px|0px|false|false&#8221; locked=&#8221;off&#8221; global_colors_info=&#8221;{}&#8221;][et_pb_column type=&#8221;1_2&#8243; _builder_version=&#8221;4.17.6&#8243; _module_preset=&#8221;default&#8221; background_color=&#8221;RGBA(255,255,255,0)&#8221; global_colors_info=&#8221;{}&#8221;][\/et_pb_column][et_pb_column type=&#8221;1_2&#8243; _builder_version=&#8221;4.17.6&#8243; _module_preset=&#8221;default&#8221; background_color=&#8221;#1D70B7&#8243; global_colors_info=&#8221;{}&#8221;][et_pb_image src=&#8221;https:\/\/relatoriosocial.lasalle.edu.br\/wp-content\/uploads\/2023\/05\/projetos-lettering-45.png&#8221; title_text=&#8221;projetos-lettering-45&#8243; align=&#8221;center&#8221; _builder_version=&#8221;4.17.6&#8243; _module_preset=&#8221;default&#8221; width=&#8221;53%&#8221; max_width=&#8221;100%&#8221; module_alignment=&#8221;center&#8221; min_height=&#8221;96%&#8221; max_height=&#8221;450px&#8221; custom_margin=&#8221;134px||134px||true|false&#8221; global_colors_info=&#8221;{}&#8221;][\/et_pb_image][\/et_pb_column][\/et_pb_row][\/et_pb_section][et_pb_section fb_built=&#8221;1&#8243; _builder_version=&#8221;4.17.6&#8243; _module_preset=&#8221;default&#8221; background_color=&#8221;#FFFFFF&#8221; background_enable_image=&#8221;off&#8221; background_position=&#8221;top_right&#8221; min_height=&#8221;550.6px&#8221; custom_margin=&#8221;0px|0px|0px|0px|false|false&#8221; custom_padding=&#8221;0px|0px|0px|0px|false|false&#8221; global_colors_info=&#8221;{}&#8221;][et_pb_row column_structure=&#8221;2_5,3_5&#8243; _builder_version=&#8221;4.16&#8243; _module_preset=&#8221;default&#8221; custom_margin=&#8221;|auto|0px|auto||&#8221; custom_padding=&#8221;50px||50px||false|false&#8221; global_colors_info=&#8221;{}&#8221;][et_pb_column type=&#8221;2_5&#8243; _builder_version=&#8221;4.16&#8243; _module_preset=&#8221;default&#8221; global_colors_info=&#8221;{}&#8221;][et_pb_image src=&#8221;https:\/\/relatoriosocial.lasalle.edu.br\/wp-content\/uploads\/2023\/05\/1.-CAPACITAR-PARA-INCLUIR.png&#8221; title_text=&#8221;1. CAPACITAR PARA INCLUIR&#8221; align=&#8221;center&#8221; _builder_version=&#8221;4.17.6&#8243; _module_preset=&#8221;default&#8221; background_color=&#8221;RGBA(255,255,255,0)&#8221; width=&#8221;100%&#8221; max_width=&#8221;100%&#8221; module_alignment=&#8221;center&#8221; min_height=&#8221;100px&#8221; height=&#8221;264px&#8221; max_height=&#8221;1000px&#8221; custom_margin=&#8221;||-4px|||&#8221; global_colors_info=&#8221;{}&#8221;][\/et_pb_image][\/et_pb_column][et_pb_column type=&#8221;3_5&#8243; _builder_version=&#8221;4.16&#8243; _module_preset=&#8221;default&#8221; global_colors_info=&#8221;{}&#8221;][et_pb_text _builder_version=&#8221;4.17.6&#8243; _module_preset=&#8221;default&#8221; text_font=&#8221;|800|||||||&#8221; text_font_size=&#8221;26px&#8221; text_line_height=&#8221;1.2em&#8221; global_colors_info=&#8221;{}&#8221;]<\/p>\n<p><span style=\"color: #1d70b7;\"><strong><b>PROJETO CAPACITAR PARA INCLUIR<\/b><\/strong><\/span><\/p>\n<p>[\/et_pb_text][et_pb_text _builder_version=&#8221;4.17.6&#8243; _module_preset=&#8221;default&#8221; text_text_color=&#8221;#FFFFFF&#8221; text_font_size=&#8221;15px&#8221; text_line_height=&#8221;1.5em&#8221; global_colors_info=&#8221;{}&#8221;]<\/p>\n<p style=\"text-align: justify;\"><span style=\"color: #474747;\"><b>Institui\u00e7\u00e3o <\/b><b>respons\u00e1vel:<\/b><span style=\"font-weight: 400;\"> Mantenedora Porvir (Porto Alegre\/RS)<\/span><\/span><\/p>\n<p style=\"text-align: justify;\"><span style=\"color: #474747;\"><b>P\u00fablico-alvo: <\/b><span style=\"font-weight: 400;\">\u00a0jovens com defici\u00eancias de Canoas\/RS e Porto Alegre\/RS<\/span><\/span><\/p>\n<p style=\"text-align: justify;\"><span style=\"color: #474747;\"><b>N\u00famero de beneficiados:<\/b><span style=\"font-weight: 400;\"> 9 jovens<\/span><\/span><\/p>\n<p style=\"text-align: justify;\"><span style=\"color: #474747;\"><b>Per\u00edodo de execu\u00e7\u00e3o:<\/b><span style=\"font-weight: 400;\"> 2022<\/span><\/span><\/p>\n<p style=\"text-align: justify;\"><span style=\"color: #474747;\"><b>Objetivo:<\/b><\/span><\/p>\n<p style=\"text-align: justify;\"><span style=\"font-weight: 400; color: #474747;\">Contribuir para a melhoria da forma\u00e7\u00e3o e da qualifica\u00e7\u00e3o profissional de jovens e adultos aprendizes com alguma defici\u00eancia e viabilizar sua inser\u00e7\u00e3o e perman\u00eancia no mercado de trabalho, com aprimoramento da capacidade laborativa.<\/span><\/p>\n<p style=\"text-align: justify;\"><span style=\"color: #474747;\"><b>Descri\u00e7\u00e3o:<\/b><\/span><\/p>\n<p style=\"text-align: justify;\"><span style=\"font-weight: 400; color: #474747;\">Programa t\u00e9cnico-profissional que prev\u00ea a execu\u00e7\u00e3o de atividades te\u00f3ricas e pr\u00e1ticas para a inser\u00e7\u00e3o profissional. A orienta\u00e7\u00e3o pedag\u00f3gica \u00e9 realizada por uma entidade parceira e as atividades pr\u00e1ticas acontecem em unidades da Rede La Salle.<\/span><\/p>\n<p style=\"text-align: justify;\"><span style=\"font-weight: 400;\"><\/span><\/p>\n<p>[\/et_pb_text][\/et_pb_column][\/et_pb_row][\/et_pb_section][et_pb_section fb_built=&#8221;1&#8243; _builder_version=&#8221;4.17.6&#8243; _module_preset=&#8221;default&#8221; background_color=&#8221;#e1e9f0&#8243; background_enable_image=&#8221;off&#8221; background_position=&#8221;top_left&#8221; min_height=&#8221;701.4px&#8221; custom_margin=&#8221;0px|0px|-13px|0px|false|false&#8221; custom_padding=&#8221;0px|0px|0px|0px|false|false&#8221; global_colors_info=&#8221;{}&#8221;][et_pb_row column_structure=&#8221;3_5,2_5&#8243; _builder_version=&#8221;4.16&#8243; _module_preset=&#8221;default&#8221; custom_margin=&#8221;0px|auto|-7px|auto|false|false&#8221; custom_padding=&#8221;50px||50px||false|false&#8221; global_colors_info=&#8221;{}&#8221;][et_pb_column type=&#8221;3_5&#8243; _builder_version=&#8221;4.16&#8243; _module_preset=&#8221;default&#8221; global_colors_info=&#8221;{}&#8221;][et_pb_text _builder_version=&#8221;4.17.6&#8243; _module_preset=&#8221;default&#8221; text_font=&#8221;|800|||||||&#8221; text_font_size=&#8221;26px&#8221; text_line_height=&#8221;1.2em&#8221; global_colors_info=&#8221;{}&#8221;]<\/p>\n<p><span style=\"color: #1d70b7;\"><b>PROJETO NOSSA CASA COMUM, DESAFIO PARA UMA EDUCA\u00c7\u00c3O ECO SOLID\u00c1RIA<\/b><\/span><\/p>\n<p>[\/et_pb_text][et_pb_text _builder_version=&#8221;4.17.6&#8243; _module_preset=&#8221;default&#8221; text_text_color=&#8221;#FFFFFF&#8221; text_font_size=&#8221;15px&#8221; text_line_height=&#8221;1.5em&#8221; custom_padding=&#8221;||0px|||&#8221; global_colors_info=&#8221;{}&#8221;]<\/p>\n<p style=\"text-align: justify;\"><span style=\"color: #474747;\"><b>Institui\u00e7\u00e3o <\/b><b>respons\u00e1vel: <\/b><span style=\"font-weight: 400;\">Mantenedora Porvir (Porto Alegre\/RS) em parceria com a Associa\u00e7\u00e3o do Voluntariado e da Solidariedade &#8211; AVESOL (Porto Alegre\/RS)<\/span><\/span><\/p>\n<p style=\"text-align: justify;\"><span style=\"color: #474747;\"><b>P\u00fablico-alvo: <\/b><span style=\"font-weight: 400;\">fam\u00edlias em situa\u00e7\u00e3o de vulnerabilidade social que t\u00eam como \u00fanica renda o resultado econ\u00f4mico gerado pela Cooperativa de Catadores da Cavalhada &#8211; ASCAT<\/span><\/span><\/p>\n<p style=\"text-align: justify;\"><span style=\"color: #474747;\"><b>N\u00famero de beneficiados: <\/b><span style=\"font-weight: 400;\">20 fam\u00edlias<\/span><span style=\"font-weight: 400;\">\u00a0<\/span><\/span><\/p>\n<p style=\"text-align: justify;\"><span style=\"color: #474747;\"><b>Per\u00edodo de execu\u00e7\u00e3o:<\/b><span style=\"font-weight: 400;\"> 2022<\/span><\/span><\/p>\n<p style=\"text-align: justify;\"><span style=\"color: #474747;\"><b>Objetivo:<\/b><\/span><\/p>\n<p style=\"text-align: justify;\"><span style=\"font-weight: 400; color: #474747;\">Assessorar a Cooperativa dos Catadores de Materiais Recicl\u00e1veis da Cavalhada &#8211; ASCAT nas a\u00e7\u00f5es de coleta de res\u00edduos recicl\u00e1veis de 06 Comunidades Educativas da Rede La Salle em Porto Alegre\/RS. Com isso, possibilitar uma destina\u00e7\u00e3o correta dos res\u00edduos, gerar aumento da renda dos catadores que fazem parte da cooperativa envolvida no projeto e fomentar outras a\u00e7\u00f5es de conscientiza\u00e7\u00e3o ambiental.<\/span><\/p>\n<p style=\"text-align: justify;\"><span style=\"color: #474747;\"><b>Descri\u00e7\u00e3o:<\/b><\/span><\/p>\n<p style=\"text-align: justify;\"><span style=\"font-weight: 400; color: #474747;\">As atividades do projeto visam qualificar a coleta de recicl\u00e1veis por meio de assessoria e orienta\u00e7\u00e3o \u00e0 cooperativa em seu trabalho, cumprindo com os hor\u00e1rios e dias estabelecidos no plano de coleta semanal, al\u00e9m da aplica\u00e7\u00e3o de instrumentos de medidas constru\u00eddas junto com a cooperativa, como planilhas para controle de dist\u00e2ncias e volume de material coletado.<\/span><\/p>\n<p style=\"text-align: justify;\"><span style=\"font-weight: 400;\"><\/span><\/p>\n<p>[\/et_pb_text][\/et_pb_column][et_pb_column type=&#8221;2_5&#8243; _builder_version=&#8221;4.16&#8243; _module_preset=&#8221;default&#8221; global_colors_info=&#8221;{}&#8221;][et_pb_image src=&#8221;https:\/\/relatoriosocial.lasalle.edu.br\/wp-content\/uploads\/2023\/05\/2.-NOSSA-CASA-COMUM-DESAFIO-PARA-UMA-EDUCACAO-ECO-SOLIDARIA.jpeg&#8221; title_text=&#8221;2. NOSSA CASA COMUM DESAFIO PARA UMA EDUCA\u00c7\u00c3O ECO SOLID\u00c1RIA&#8221; align=&#8221;center&#8221; _builder_version=&#8221;4.17.6&#8243; _module_preset=&#8221;default&#8221; width=&#8221;100%&#8221; max_width=&#8221;100%&#8221; module_alignment=&#8221;center&#8221; min_height=&#8221;100px&#8221; custom_margin=&#8221;||-4px|||&#8221; global_colors_info=&#8221;{}&#8221;][\/et_pb_image][\/et_pb_column][\/et_pb_row][\/et_pb_section][et_pb_section fb_built=&#8221;1&#8243; _builder_version=&#8221;4.17.6&#8243; _module_preset=&#8221;default&#8221; background_color=&#8221;#FFFFFF&#8221; background_enable_image=&#8221;off&#8221; background_position=&#8221;top_right&#8221; min_height=&#8221;550.6px&#8221; custom_margin=&#8221;0px|0px|0px|0px|false|false&#8221; custom_padding=&#8221;0px|0px|0px|0px|false|false&#8221; global_colors_info=&#8221;{}&#8221;][et_pb_row column_structure=&#8221;2_5,3_5&#8243; _builder_version=&#8221;4.16&#8243; _module_preset=&#8221;default&#8221; custom_margin=&#8221;|auto|0px|auto||&#8221; custom_padding=&#8221;50px||50px||false|false&#8221; global_colors_info=&#8221;{}&#8221;][et_pb_column type=&#8221;2_5&#8243; _builder_version=&#8221;4.16&#8243; _module_preset=&#8221;default&#8221; global_colors_info=&#8221;{}&#8221;][et_pb_image src=&#8221;https:\/\/relatoriosocial.lasalle.edu.br\/wp-content\/uploads\/2023\/05\/3.-CENTRO-DE-EDUCACAO-E-CIDADANIA-LA-SALLE.jpg&#8221; title_text=&#8221;3. CENTRO DE EDUCA\u00c7\u00c3O E CIDADANIA LA SALLE&#8221; _builder_version=&#8221;4.17.6&#8243; _module_preset=&#8221;default&#8221; global_colors_info=&#8221;{}&#8221;][\/et_pb_image][\/et_pb_column][et_pb_column type=&#8221;3_5&#8243; _builder_version=&#8221;4.16&#8243; _module_preset=&#8221;default&#8221; global_colors_info=&#8221;{}&#8221;][et_pb_text _builder_version=&#8221;4.17.6&#8243; _module_preset=&#8221;default&#8221; text_font=&#8221;|800|||||||&#8221; text_font_size=&#8221;26px&#8221; text_line_height=&#8221;1.2em&#8221; global_colors_info=&#8221;{}&#8221;]<\/p>\n<p><span style=\"color: #1d70b7;\"><b>PROJETO CENTRO DE EDUCA\u00c7\u00c3O E CIDADANIA LA SALLE<\/b><\/span><\/p>\n<p>[\/et_pb_text][et_pb_text _builder_version=&#8221;4.17.6&#8243; _module_preset=&#8221;default&#8221; text_text_color=&#8221;#FFFFFF&#8221; text_font_size=&#8221;15px&#8221; text_line_height=&#8221;1.5em&#8221; custom_padding=&#8221;3px|||||&#8221; global_colors_info=&#8221;{}&#8221;]<\/p>\n<p style=\"text-align: justify;\"><span style=\"color: #474747;\"><b>Institui\u00e7\u00e3o respons\u00e1vel:<\/b><span style=\"font-weight: 400;\"> Funda\u00e7\u00e3o La Salle (Canoas\/RS)<\/span><\/span><\/p>\n<p style=\"text-align: justify;\"><span style=\"color: #474747;\"><b>P\u00fablico-alvo: <\/b><span style=\"font-weight: 400;\">jovens e mulheres moradores do bairro do Icu\u00ed, no munic\u00edpio de Ananindeua\/PA<\/span><\/span><\/p>\n<p style=\"text-align: justify;\"><span style=\"color: #474747;\"><b>N\u00famero de beneficiados:<\/b><span style=\"font-weight: 400;\"> 194 pessoas<\/span><\/span><\/p>\n<p style=\"text-align: justify;\"><span style=\"color: #474747;\"><b>Per\u00edodo de execu\u00e7\u00e3o: <\/b><span style=\"font-weight: 400;\">janeiro a dezembro de 2022<\/span><\/span><\/p>\n<p style=\"text-align: justify;\"><span style=\"color: #474747;\"><b>Objetivo:<\/b><\/span><\/p>\n<p style=\"text-align: justify;\"><span style=\"font-weight: 400; color: #474747;\">Promover o protagonismo de adolescentes e jovens, fomentando o exerc\u00edcio da cidadania e a inser\u00e7\u00e3o social das juventudes. Promover o protagonismo das mulheres, incidindo em pr\u00e1ticas comunit\u00e1rias que atuem no enfrentamento das viola\u00e7\u00f5es de direitos com vistas a rela\u00e7\u00f5es de g\u00eanero mais igualit\u00e1rias e a garantia do exerc\u00edcio da cidadania.<\/span><\/p>\n<p style=\"text-align: justify;\"><span style=\"color: #474747;\"><b>Descri\u00e7\u00e3o:<\/b><\/span><\/p>\n<p style=\"text-align: justify;\"><span style=\"font-weight: 400; color: #474747;\">A partir dos objetivos destacados, o Centro de Educa\u00e7\u00e3o e Cidadania La Salle realiza duas iniciativas importantes na regi\u00e3o: o Juventude Cidad\u00e3, para os adolescentes e jovens e o Agente de A\u00e7\u00e3o Social para mulheres. No ano de 2022, se destacam, entre as atividades do Juventude Cidad\u00e3, as forma\u00e7\u00f5es sobre direitos b\u00e1sicos de cidadania, a constru\u00e7\u00e3o de projetos de vida, os cursos profissionalizantes e o protagonismo juvenil atrav\u00e9s de a\u00e7\u00f5es realizadas com a comunidade, como pautas importantes levadas at\u00e9 as escolas do bairro.<\/span><\/p>\n<p style=\"text-align: justify;\"><span style=\"font-weight: 400; color: #474747;\">Na iniciativa Agente de A\u00e7\u00e3o Social, as atividades realizadas foram forma\u00e7\u00f5es de identidade, capacita\u00e7\u00f5es sobre os direitos e deveres humanos, preven\u00e7\u00e3o \u00e0 viol\u00eancia e o protagonismo da mulher na sociedade. O eixo de capacita\u00e7\u00e3o profissional tamb\u00e9m trouxe muitos frutos, possibilitando que as estudantes desenvolvessem o empreendedorismo, que, atualmente, faz parte do rendimento familiar de muitas delas.<\/span><\/p>\n<p style=\"text-align: justify;\"><span style=\"font-weight: 400; color: #474747;\"><\/span><\/p>\n<p style=\"text-align: justify;\">\n<p>[\/et_pb_text][\/et_pb_column][\/et_pb_row][\/et_pb_section][et_pb_section fb_built=&#8221;1&#8243; _builder_version=&#8221;4.17.6&#8243; _module_preset=&#8221;default&#8221; background_color=&#8221;#e1e9f0&#8243; background_enable_image=&#8221;off&#8221; background_position=&#8221;top_left&#8221; custom_margin=&#8221;0px|0px|0px|0px|false|false&#8221; custom_padding=&#8221;0px|0px|0px|0px|false|false&#8221; global_colors_info=&#8221;{}&#8221;][et_pb_row column_structure=&#8221;3_5,2_5&#8243; _builder_version=&#8221;4.16&#8243; _module_preset=&#8221;default&#8221; custom_margin=&#8221;0px|auto|-7px|auto|false|false&#8221; custom_padding=&#8221;50px||50px||false|false&#8221; global_colors_info=&#8221;{}&#8221;][et_pb_column type=&#8221;3_5&#8243; _builder_version=&#8221;4.16&#8243; _module_preset=&#8221;default&#8221; global_colors_info=&#8221;{}&#8221;][et_pb_text _builder_version=&#8221;4.17.6&#8243; _module_preset=&#8221;default&#8221; text_font=&#8221;|800|||||||&#8221; text_font_size=&#8221;26px&#8221; text_line_height=&#8221;1.2em&#8221; global_colors_info=&#8221;{}&#8221;]<\/p>\n<p><span style=\"color: #1d70b7;\"><strong><b>PROJETO CENTRO DE REFER\u00caNCIA DA MULHER PATR\u00cdCIA ESBER<\/b><\/strong><\/span><\/p>\n<p>[\/et_pb_text][et_pb_text _builder_version=&#8221;4.17.6&#8243; _module_preset=&#8221;default&#8221; text_text_color=&#8221;#FFFFFF&#8221; text_font_size=&#8221;15px&#8221; text_line_height=&#8221;1.5em&#8221; global_colors_info=&#8221;{}&#8221;]<\/p>\n<p style=\"text-align: justify;\"><span style=\"color: #474747;\"><b>Institui\u00e7\u00e3o respons\u00e1vel:<\/b><span style=\"font-weight: 400;\"> Funda\u00e7\u00e3o La Salle (Canoas\/RS)<\/span><\/span><\/p>\n<p style=\"text-align: justify;\"><span style=\"color: #474747;\"><b>P\u00fablico-alvo:<\/b><span style=\"font-weight: 400;\">\u00a0adolescentes e mulheres a partir dos 14 anos<\/span><\/span><\/p>\n<p style=\"text-align: justify;\"><span style=\"color: #474747;\"><b>N\u00famero de beneficiados:<\/b><span style=\"font-weight: 400;\"> 967 pessoas<\/span><\/span><\/p>\n<p style=\"text-align: justify;\"><span style=\"color: #474747;\"><b>Per\u00edodo de execu\u00e7\u00e3o: <\/b><span style=\"font-weight: 400;\">agosto a dezembro de 2022<\/span><\/span><\/p>\n<p style=\"text-align: justify;\"><span style=\"color: #474747;\"><b>Objetivo:<\/b><\/span><\/p>\n<p style=\"text-align: justify;\"><span style=\"font-weight: 400; color: #474747;\">Ser um local de apoio e refer\u00eancia para adolescentes e mulheres que buscam orienta\u00e7\u00e3o e encaminhamento para situa\u00e7\u00f5es de vulnerabilidade social e emocional, causadas pela desigualdade de g\u00eanero.<\/span><\/p>\n<p style=\"text-align: justify;\"><span style=\"color: #474747;\"><b>Descri\u00e7\u00e3o:<\/b><\/span><\/p>\n<p style=\"text-align: justify;\"><span style=\"font-weight: 400; color: #474747;\">O Centro proporciona uma rede de aux\u00edlio completa, que se tornou exemplo para outros munic\u00edpios. Entre os servi\u00e7os oferecidos est\u00e3o acompanhamento psicol\u00f3gico, orienta\u00e7\u00e3o jur\u00eddica, assist\u00eancia social e direcionamento para os diferentes tipos de situa\u00e7\u00f5es, inclusive, de abrigo. Al\u00e9m disso, s\u00e3o desenvolvidas a\u00e7\u00f5es preventivas e de atua\u00e7\u00e3o frente \u00e0 viol\u00eancia contra a mulher, apoiadas por informa\u00e7\u00f5es e bases de dados, que auxiliam na interrup\u00e7\u00e3o dos ciclos de viol\u00eancia.<\/span><\/p>\n<p style=\"text-align: justify;\"><span style=\"font-weight: 400;\"><\/span><\/p>\n<p>[\/et_pb_text][\/et_pb_column][et_pb_column type=&#8221;2_5&#8243; _builder_version=&#8221;4.16&#8243; _module_preset=&#8221;default&#8221; global_colors_info=&#8221;{}&#8221;][et_pb_image src=&#8221;https:\/\/relatoriosocial.lasalle.edu.br\/wp-content\/uploads\/2023\/05\/4.-CENTRO-DE-REFERENCIA-DA-MULHER-PATRICIA-ESBER.jpeg&#8221; title_text=&#8221;4. CENTRO DE REFER\u00caNCIA DA MULHER PATR\u00cdCIA ESBER&#8221; _builder_version=&#8221;4.17.6&#8243; _module_preset=&#8221;default&#8221; global_colors_info=&#8221;{}&#8221;][\/et_pb_image][\/et_pb_column][\/et_pb_row][\/et_pb_section][et_pb_section fb_built=&#8221;1&#8243; _builder_version=&#8221;4.17.6&#8243; _module_preset=&#8221;default&#8221; background_color=&#8221;#FFFFFF&#8221; background_enable_image=&#8221;off&#8221; background_position=&#8221;top_right&#8221; min_height=&#8221;425.6px&#8221; custom_margin=&#8221;0px|0px|0px|0px|false|false&#8221; custom_padding=&#8221;0px|0px|0px|0px|false|false&#8221; global_colors_info=&#8221;{}&#8221;][et_pb_row column_structure=&#8221;2_5,3_5&#8243; _builder_version=&#8221;4.16&#8243; _module_preset=&#8221;default&#8221; custom_margin=&#8221;|auto|0px|auto||&#8221; custom_padding=&#8221;50px||50px||false|false&#8221; global_colors_info=&#8221;{}&#8221;][et_pb_column type=&#8221;2_5&#8243; _builder_version=&#8221;4.16&#8243; _module_preset=&#8221;default&#8221; global_colors_info=&#8221;{}&#8221;][et_pb_image src=&#8221;https:\/\/relatoriosocial.lasalle.edu.br\/wp-content\/uploads\/2023\/05\/5.-CENTRO-REGIONAL-DE-ABRIGAMENTO-PARA-MULHERES-EM-SITUACAO-DE-RISCO-E-DE-VIOLENCIA-CRAM.png&#8221; title_text=&#8221;5. CENTRO REGIONAL DE ABRIGAMENTO PARA MULHERES EM SITUA\u00c7\u00c3O DE RISCO E DE VIOL\u00caNCIA (CRAM)&#8221; _builder_version=&#8221;4.17.6&#8243; _module_preset=&#8221;default&#8221; global_colors_info=&#8221;{}&#8221;][\/et_pb_image][\/et_pb_column][et_pb_column type=&#8221;3_5&#8243; _builder_version=&#8221;4.16&#8243; _module_preset=&#8221;default&#8221; global_colors_info=&#8221;{}&#8221;][et_pb_text _builder_version=&#8221;4.17.6&#8243; _module_preset=&#8221;default&#8221; text_font=&#8221;|800|||||||&#8221; text_font_size=&#8221;26px&#8221; text_line_height=&#8221;1.2em&#8221; custom_padding=&#8221;3px||0px|||&#8221; global_colors_info=&#8221;{}&#8221;]<\/p>\n<p><span style=\"color: #1d70b7;\"><b>PROJETO CENTRO REGIONAL DE ABRIGAMENTO PARA MULHERES EM SITUA\u00c7\u00c3O DE RISCO E DE VIOL\u00caNCIA (CRAM) <\/b><\/span><\/p>\n<p>[\/et_pb_text][et_pb_text _builder_version=&#8221;4.17.6&#8243; _module_preset=&#8221;default&#8221; text_text_color=&#8221;#FFFFFF&#8221; text_font_size=&#8221;15px&#8221; text_line_height=&#8221;1.5em&#8221; global_colors_info=&#8221;{}&#8221;]<\/p>\n<p style=\"text-align: justify;\"><span style=\"color: #474747;\"><b>Institui\u00e7\u00e3o respons\u00e1vel:<\/b><span style=\"font-weight: 400;\"> Funda\u00e7\u00e3o La Salle (Canoas\/RS)<\/span><\/span><\/p>\n<p style=\"text-align: justify;\"><span style=\"color: #474747;\"><b>P\u00fablico-alvo:<\/b> <span style=\"font-weight: 400;\">mulheres, acompanhadas ou n\u00e3o de seus filhos, em situa\u00e7\u00e3o de risco de morte ou amea\u00e7as em raz\u00e3o da viol\u00eancia dom\u00e9stica e familiar, causadora de les\u00e3o, sofrimento f\u00edsico, sexual, psicol\u00f3gico ou dano moral<\/span><\/span><\/p>\n<p style=\"text-align: justify;\"><span style=\"color: #474747;\"><b>N\u00famero de beneficiados:<\/b><span style=\"font-weight: 400;\"> 79 mulheres e 88 dependentes<\/span><\/span><\/p>\n<p style=\"text-align: justify;\"><span style=\"color: #474747;\"><b>Per\u00edodo de execu\u00e7\u00e3o: <\/b><span style=\"font-weight: 400;\">janeiro a dezembro de 2022<\/span><\/span><\/p>\n<p style=\"text-align: justify;\"><span style=\"color: #474747;\"><b>Objetivo:<\/b><\/span><\/p>\n<p style=\"text-align: justify;\"><span style=\"font-weight: 400; color: #474747;\">Garantir a integridade f\u00edsica e psicol\u00f3gica de mulheres em situa\u00e7\u00e3o de risco de morte e de seus filhos, favorecendo o exerc\u00edcio de sua condi\u00e7\u00e3o cidad\u00e3, resgatando e fortalecendo sua autoestima e possibilitando que se tornem protagonistas de seus pr\u00f3prios direitos.<\/span><\/p>\n<p style=\"text-align: justify;\"><span style=\"color: #474747;\"><b>Descri\u00e7\u00e3o:<\/b><\/span><\/p>\n<p style=\"text-align: justify;\"><span style=\"font-weight: 400; color: #474747;\">Servi\u00e7o de acolhimento institucional para mulheres, que oferece um espa\u00e7o de moradia protegida, de car\u00e1ter sigiloso e de longa dura\u00e7\u00e3o. O acompanhamento se concretiza atrav\u00e9s de atendimento social, jur\u00eddico e psicol\u00f3gico, al\u00e9m de atividades em grupo, com espa\u00e7os de oficinas t\u00e9cnicas, de diferentes tem\u00e1ticas; a\u00e7\u00f5es de autocuidado e atividades artesanais que visam incentivar a gera\u00e7\u00e3o de renda. O projeto \u00e9 viabilizado atrav\u00e9s de contratos mensais de cotas por munic\u00edpio parceiro.<\/span><\/p>\n<p>[\/et_pb_text][\/et_pb_column][\/et_pb_row][\/et_pb_section][et_pb_section fb_built=&#8221;1&#8243; _builder_version=&#8221;4.17.6&#8243; _module_preset=&#8221;default&#8221; background_color=&#8221;#e1e9f0&#8243; background_enable_image=&#8221;off&#8221; background_position=&#8221;top_left&#8221; min_height=&#8221;647.4px&#8221; custom_margin=&#8221;0px|0px|0px|0px|false|false&#8221; custom_padding=&#8221;0px|0px|0px|0px|false|false&#8221; global_colors_info=&#8221;{}&#8221;][et_pb_row column_structure=&#8221;3_5,2_5&#8243; _builder_version=&#8221;4.16&#8243; _module_preset=&#8221;default&#8221; custom_margin=&#8221;0px|auto|-7px|auto|false|false&#8221; custom_padding=&#8221;50px||50px||false|false&#8221; global_colors_info=&#8221;{}&#8221;][et_pb_column type=&#8221;3_5&#8243; _builder_version=&#8221;4.16&#8243; _module_preset=&#8221;default&#8221; global_colors_info=&#8221;{}&#8221;][et_pb_text _builder_version=&#8221;4.17.6&#8243; _module_preset=&#8221;default&#8221; text_font=&#8221;|800|||||||&#8221; text_font_size=&#8221;26px&#8221; text_line_height=&#8221;1.2em&#8221; custom_padding=&#8221;0px|||||&#8221; global_colors_info=&#8221;{}&#8221;]<\/p>\n<p><span style=\"color: #1d70b7;\"><strong><b>PROJETO ESCOLA MUNICIPAL DE EDUCA\u00c7\u00c3O INFANTIL IZABEL CRISTINA SOUZA DA COSTA <\/b><\/strong><\/span><\/p>\n<p>[\/et_pb_text][et_pb_text _builder_version=&#8221;4.17.6&#8243; _module_preset=&#8221;default&#8221; text_text_color=&#8221;#FFFFFF&#8221; text_font_size=&#8221;15px&#8221; text_line_height=&#8221;1.5em&#8221; global_colors_info=&#8221;{}&#8221;]<\/p>\n<p style=\"text-align: justify;\"><span style=\"color: #474747;\"><b>Institui\u00e7\u00e3o respons\u00e1vel:<\/b><span style=\"font-weight: 400;\"> Funda\u00e7\u00e3o La Salle (Canoas\/RS)<\/span><\/span><\/p>\n<p style=\"text-align: justify;\"><span style=\"color: #474747;\"><b>P\u00fablico-alvo:<\/b><span style=\"font-weight: 400;\"> crian\u00e7as na faixa et\u00e1ria de zero a tr\u00eas anos e onze meses<\/span><\/span><\/p>\n<p style=\"text-align: justify;\"><span style=\"color: #474747;\"><b>N\u00famero de beneficiados:<\/b><span style=\"font-weight: 400;\"> 168 crian\u00e7as<\/span><\/span><\/p>\n<p style=\"text-align: justify;\"><span style=\"color: #474747;\"><b>Per\u00edodo de execu\u00e7\u00e3o: <\/b><span style=\"font-weight: 400;\">janeiro a dezembro de 2022<\/span><\/span><\/p>\n<p style=\"text-align: justify;\"><span style=\"color: #474747;\"><b>Objetivo:<\/b><\/span><\/p>\n<p style=\"text-align: justify;\"><span style=\"color: #474747;\"><span style=\"font-weight: 400;\">D<\/span><span style=\"font-weight: 400;\">esenvolver atividades pedag\u00f3gicas junto \u00e0s fam\u00edlias, com excel\u00eancia, visando o desenvolvimento integral da crian\u00e7a e atuando de forma cada vez mais independente, a partir de elos de confian\u00e7a.<\/span><\/span><\/p>\n<p style=\"text-align: justify;\"><span style=\"color: #474747;\"><b>Descri\u00e7\u00e3o:<\/b><\/span><\/p>\n<p style=\"text-align: justify;\"><span style=\"font-weight: 400; color: #474747;\">A escola integra o projeto de gest\u00e3o compartilhada com a Prefeitura de Sapucaia do Sul. \u00c9 um espa\u00e7o de atendimento integral \u00e0s crian\u00e7as, incluindo o processo pedag\u00f3gico e a rotina de alimenta\u00e7\u00e3o. Durante o ano de 2022, a escola desenvolveu diferentes projetos pedag\u00f3gicos e atividades com a participa\u00e7\u00e3o da comunidade escolar. Entre tantos momentos, dois importantes espa\u00e7os foram sendo desenvolvidos para acolher, ensinar e integrar ainda mais os estudantes: a horta e a biblioteca.<\/span><\/p>\n<p style=\"text-align: justify;\"><span style=\"font-weight: 400; color: #474747;\"><\/span><\/p>\n<p style=\"text-align: justify;\"><span style=\"color: #474747;\">\u00a0<\/span><\/p>\n<p>[\/et_pb_text][\/et_pb_column][et_pb_column type=&#8221;2_5&#8243; _builder_version=&#8221;4.16&#8243; _module_preset=&#8221;default&#8221; global_colors_info=&#8221;{}&#8221;][et_pb_image src=&#8221;https:\/\/relatoriosocial.lasalle.edu.br\/wp-content\/uploads\/2023\/05\/6.-ESCOLA-MUNICIPAL-DE-EDUCACAO-INFANTIL-IZABEL-CRISTINA-SOUZA-DA-COSTA.jpg&#8221; title_text=&#8221;6. ESCOLA MUNICIPAL DE EDUCA\u00c7\u00c3O INFANTIL IZABEL CRISTINA SOUZA DA COSTA&#8221; _builder_version=&#8221;4.17.6&#8243; _module_preset=&#8221;default&#8221; global_colors_info=&#8221;{}&#8221;][\/et_pb_image][\/et_pb_column][\/et_pb_row][\/et_pb_section][et_pb_section fb_built=&#8221;1&#8243; _builder_version=&#8221;4.17.6&#8243; _module_preset=&#8221;default&#8221; background_color=&#8221;#FFFFFF&#8221; background_enable_image=&#8221;off&#8221; background_position=&#8221;top_right&#8221; min_height=&#8221;385.6px&#8221; custom_margin=&#8221;0px|0px|0px|0px|false|false&#8221; custom_padding=&#8221;0px|0px|0px|0px|false|false&#8221; global_colors_info=&#8221;{}&#8221;][et_pb_row column_structure=&#8221;2_5,3_5&#8243; _builder_version=&#8221;4.16&#8243; _module_preset=&#8221;default&#8221; custom_margin=&#8221;|auto|0px|auto||&#8221; custom_padding=&#8221;50px||50px||false|false&#8221; global_colors_info=&#8221;{}&#8221;][et_pb_column type=&#8221;2_5&#8243; _builder_version=&#8221;4.16&#8243; _module_preset=&#8221;default&#8221; global_colors_info=&#8221;{}&#8221;][et_pb_image src=&#8221;https:\/\/relatoriosocial.lasalle.edu.br\/wp-content\/uploads\/2023\/05\/7.-CANTA-E-ENCANTA-MINHA-GENTE.jpg&#8221; title_text=&#8221;7. CANTA E ENCANTA MINHA GENTE&#8221; _builder_version=&#8221;4.17.6&#8243; _module_preset=&#8221;default&#8221; global_colors_info=&#8221;{}&#8221;][\/et_pb_image][\/et_pb_column][et_pb_column type=&#8221;3_5&#8243; _builder_version=&#8221;4.16&#8243; _module_preset=&#8221;default&#8221; global_colors_info=&#8221;{}&#8221;][et_pb_text _builder_version=&#8221;4.17.6&#8243; _module_preset=&#8221;default&#8221; text_font=&#8221;|800|||||||&#8221; text_font_size=&#8221;26px&#8221; text_line_height=&#8221;1.2em&#8221; global_colors_info=&#8221;{}&#8221;]<\/p>\n<p><span style=\"color: #1d70b7;\"><b>PROJETO CANTA E ENCANTA MINHA GENTE<\/b><\/span><\/p>\n<p>[\/et_pb_text][et_pb_text _builder_version=&#8221;4.17.6&#8243; _module_preset=&#8221;default&#8221; text_text_color=&#8221;#FFFFFF&#8221; text_font_size=&#8221;15px&#8221; text_line_height=&#8221;1.5em&#8221; global_colors_info=&#8221;{}&#8221;]<\/p>\n<p style=\"text-align: justify;\"><span style=\"color: #474747;\"><b>Institui\u00e7\u00e3o respons\u00e1vel:<\/b><span style=\"font-weight: 400;\"> Funda\u00e7\u00e3o La Salle (Canoas\/RS)<\/span><\/span><\/p>\n<p style=\"text-align: justify;\"><span style=\"color: #474747;\"><b>P\u00fablico-alvo:<\/b><span style=\"font-weight: 400;\"> e<\/span><span style=\"font-weight: 400;\">studantes da Rede Municipal de Educa\u00e7\u00e3o de Cachoeirinha\/RS<\/span><\/span><\/p>\n<p style=\"text-align: justify;\"><span style=\"color: #474747;\"><b>N\u00famero de beneficiados:<\/b><span style=\"font-weight: 400;\"> 769 crian\u00e7as<\/span><\/span><\/p>\n<p style=\"text-align: justify;\"><span style=\"color: #474747;\"><b>Per\u00edodo de execu\u00e7\u00e3o: <\/b><span style=\"font-weight: 400;\">janeiro a dezembro de 2022<\/span><\/span><\/p>\n<p style=\"text-align: justify;\"><span style=\"color: #474747;\"><b>Objetivo:<\/b><\/span><\/p>\n<p style=\"text-align: justify;\"><span style=\"font-weight: 400; color: #474747;\">Desenvolver a inicia\u00e7\u00e3o musical em 13 escolas, em dois turnos, oferecendo aproximadamente 1100 vagas para estudantes no contraturno escolar em oficinas de canto, viol\u00e3o e violino.<\/span><\/p>\n<p style=\"text-align: justify;\"><span style=\"color: #474747;\"><b>Descri\u00e7\u00e3o:<\/b><\/span><\/p>\n<p style=\"text-align: justify;\"><span style=\"font-weight: 400; color: #474747;\">O projeto se desenvolveu sob a coordena\u00e7\u00e3o da Funda\u00e7\u00e3o La Salle, por meio de oficinas semanais de inicia\u00e7\u00e3o ao canto e instrumentos musicais, ministradas por cinco professores contratados pela Funda\u00e7\u00e3o, em 13 EMEF\u2019s de Cachoeirinha.<\/span><\/p>\n<p><span style=\"font-weight: 400;\"><\/span><\/p>\n<p>[\/et_pb_text][\/et_pb_column][\/et_pb_row][\/et_pb_section][et_pb_section fb_built=&#8221;1&#8243; _builder_version=&#8221;4.17.6&#8243; _module_preset=&#8221;default&#8221; background_color=&#8221;#e1e9f0&#8243; background_enable_image=&#8221;off&#8221; background_position=&#8221;top_left&#8221; min_height=&#8221;546.4px&#8221; custom_margin=&#8221;0px|0px|0px|0px|false|false&#8221; custom_padding=&#8221;0px|0px|0px|0px|false|false&#8221; global_colors_info=&#8221;{}&#8221;][et_pb_row column_structure=&#8221;3_5,2_5&#8243; _builder_version=&#8221;4.16&#8243; _module_preset=&#8221;default&#8221; custom_margin=&#8221;0px|auto|-7px|auto|false|false&#8221; custom_padding=&#8221;50px||50px||false|false&#8221; global_colors_info=&#8221;{}&#8221;][et_pb_column type=&#8221;3_5&#8243; _builder_version=&#8221;4.16&#8243; _module_preset=&#8221;default&#8221; global_colors_info=&#8221;{}&#8221;][et_pb_text _builder_version=&#8221;4.17.6&#8243; _module_preset=&#8221;default&#8221; text_font=&#8221;|800|||||||&#8221; text_font_size=&#8221;26px&#8221; text_line_height=&#8221;1.2em&#8221; global_colors_info=&#8221;{}&#8221;]<\/p>\n<p><span style=\"color: #1d70b7;\"><b>PROJETO ATLETA CIDAD\u00c3O DO FUTURO<\/b><\/span><\/p>\n<p>[\/et_pb_text][et_pb_text _builder_version=&#8221;4.17.6&#8243; _module_preset=&#8221;default&#8221; text_text_color=&#8221;#FFFFFF&#8221; text_font_size=&#8221;15px&#8221; text_line_height=&#8221;1.5em&#8221; global_colors_info=&#8221;{}&#8221;]<\/p>\n<p style=\"text-align: justify;\"><span style=\"color: #474747;\"><b>Institui\u00e7\u00e3o respons\u00e1vel:<\/b><span style=\"font-weight: 400;\"> Funda\u00e7\u00e3o La Salle (Canoas\/RS)<\/span><\/span><\/p>\n<p style=\"text-align: justify;\"><span style=\"color: #474747;\"><b>P\u00fablico-alvo:<\/b> <span style=\"font-weight: 400;\">crian\u00e7as, adolescentes e idosos da cidade de Canoas\/RS<\/span><\/span><\/p>\n<p style=\"text-align: justify;\"><span style=\"color: #474747;\"><b>N\u00famero de beneficiados:<\/b><span style=\"font-weight: 400;\"> 11.070 pessoas<\/span><\/span><\/p>\n<p style=\"text-align: justify;\"><span style=\"color: #474747;\"><b>Per\u00edodo de execu\u00e7\u00e3o: <\/b><span style=\"font-weight: 400;\">maio a dezembro de 2022<\/span><\/span><\/p>\n<p style=\"text-align: justify;\"><span style=\"color: #474747;\"><b>Objetivo:<\/b><\/span><\/p>\n<p style=\"text-align: justify;\"><span style=\"font-weight: 400; color: #474747;\">Incentivar a pr\u00e1tica de atividades f\u00edsicas e desenvolvimento esportivo.<\/span><\/p>\n<p style=\"text-align: justify;\"><span style=\"color: #474747;\"><b>Descri\u00e7\u00e3o:<\/b><\/span><\/p>\n<p style=\"text-align: justify;\"><span style=\"font-weight: 400; color: #474747;\">O Projeto Atleta Cidad\u00e3o do Futuro (ACF) \u00e9 uma parceria entre a Prefeitura Municipal de Canoas\/RS, atrav\u00e9s da Secretaria Municipal de Esporte e Lazer, e a Funda\u00e7\u00e3o La Salle, iniciado em maio de 2022. Atualmente, o ACF conta com 31 profissionais de educa\u00e7\u00e3o f\u00edsica que s\u00e3o agrupados de acordo com sua forma\u00e7\u00e3o e experi\u00eancia profissional entre as tr\u00eas diretorias esportivas que comp\u00f5em a Secretaria Municipal de Esporte e Lazer, sendo elas: Esporte Rendimento, Esporte Participa\u00e7\u00e3o e Esporte Educacional.<\/span><\/p>\n<p style=\"text-align: justify;\"><span style=\"font-weight: 400; color: #474747;\">O ACF \u00e9 desenvolvido em 12 unidades esportivas do munic\u00edpio e nos parceiros da iniciativa privada, onde s\u00e3o disponibilizadas gratuitamente diversas modalidades como futebol, basquete, v\u00f4lei, h\u00f3quei sobre a grama, nata\u00e7\u00e3o, yoga, entre tantas outras atividades sistem\u00e1ticas.<\/span><\/p>\n<p style=\"text-align: justify;\"><span style=\"font-weight: 400;\"><\/span><\/p>\n<p>[\/et_pb_text][\/et_pb_column][et_pb_column type=&#8221;2_5&#8243; _builder_version=&#8221;4.16&#8243; _module_preset=&#8221;default&#8221; global_colors_info=&#8221;{}&#8221;][et_pb_image src=&#8221;https:\/\/relatoriosocial.lasalle.edu.br\/wp-content\/uploads\/2023\/05\/8.-ATLETA-CIDADAO-DO-FUTURO.jpg&#8221; title_text=&#8221;8. ATLETA CIDAD\u00c3O DO FUTURO&#8221; _builder_version=&#8221;4.17.6&#8243; _module_preset=&#8221;default&#8221; global_colors_info=&#8221;{}&#8221;]<\/p>\n<p><span style=\"color: #1d70b7;\"><strong><b>PROJETO CARAZINHO + ESPORTE E EDUCA\u00c7\u00c3O<br \/><\/b><\/strong><\/span><\/p>\n<p>[\/et_pb_image][\/et_pb_column][\/et_pb_row][\/et_pb_section][et_pb_section fb_built=&#8221;1&#8243; _builder_version=&#8221;4.17.6&#8243; _module_preset=&#8221;default&#8221; background_color=&#8221;#FFFFFF&#8221; background_enable_image=&#8221;off&#8221; background_position=&#8221;top_right&#8221; min_height=&#8221;395.6px&#8221; custom_margin=&#8221;0px|0px|0px|0px|false|false&#8221; custom_padding=&#8221;0px|0px|0px|0px|false|false&#8221; global_colors_info=&#8221;{}&#8221;][et_pb_row column_structure=&#8221;2_5,3_5&#8243; _builder_version=&#8221;4.16&#8243; _module_preset=&#8221;default&#8221; custom_margin=&#8221;|auto|0px|auto||&#8221; custom_padding=&#8221;50px||50px||false|false&#8221; global_colors_info=&#8221;{}&#8221;][et_pb_column type=&#8221;2_5&#8243; _builder_version=&#8221;4.16&#8243; _module_preset=&#8221;default&#8221; global_colors_info=&#8221;{}&#8221;][et_pb_image src=&#8221;https:\/\/relatoriosocial.lasalle.edu.br\/wp-content\/uploads\/2023\/05\/9.-CARAZINHO-ESPORTE-E-EDUCACAO.jpg&#8221; title_text=&#8221;9. CARAZINHO + ESPORTE E EDUCA\u00c7\u00c3O&#8221; _builder_version=&#8221;4.17.6&#8243; _module_preset=&#8221;default&#8221; global_colors_info=&#8221;{}&#8221;][\/et_pb_image][\/et_pb_column][et_pb_column type=&#8221;3_5&#8243; _builder_version=&#8221;4.16&#8243; _module_preset=&#8221;default&#8221; global_colors_info=&#8221;{}&#8221;][et_pb_text _builder_version=&#8221;4.16&#8243; _module_preset=&#8221;default&#8221; text_font=&#8221;|800|||||||&#8221; text_font_size=&#8221;26px&#8221; text_line_height=&#8221;1.2em&#8221; global_colors_info=&#8221;{}&#8221;]<\/p>\n<p><span style=\"color: #ffffff;\"><strong><b>PROJETO CARAZINHO + ESPORTE E EDUCA\u00c7\u00c3O<br \/><\/b><\/strong><\/span><\/p>\n<p>[\/et_pb_text][et_pb_text _builder_version=&#8221;4.17.6&#8243; _module_preset=&#8221;default&#8221; text_text_color=&#8221;#FFFFFF&#8221; text_font_size=&#8221;15px&#8221; text_line_height=&#8221;1.5em&#8221; global_colors_info=&#8221;{}&#8221;]<\/p>\n<p style=\"text-align: justify;\"><span style=\"color: #474747;\"><b>Institui\u00e7\u00e3o respons\u00e1vel:<\/b><span style=\"font-weight: 400;\"> Funda\u00e7\u00e3o La Salle (Canoas\/RS)<\/span><\/span><\/p>\n<p style=\"text-align: justify;\"><span style=\"color: #474747;\"><b>P\u00fablico-alvo:<\/b><span style=\"font-weight: 400;\"> crian\u00e7as e adolescentes com idade entre 7 e 17 anos, residentes da cidade de Carazinho\/RS<\/span><\/span><\/p>\n<p style=\"text-align: justify;\"><span style=\"color: #474747;\"><b>N\u00famero de beneficiados:<\/b><span style=\"font-weight: 400;\"> 462 crian\u00e7as e adolescentes<\/span><\/span><\/p>\n<p style=\"text-align: justify;\"><span style=\"color: #474747;\"><b>Per\u00edodo de execu\u00e7\u00e3o: <\/b><span style=\"font-weight: 400;\">mar\u00e7o a dezembro de 2022<\/span><span style=\"font-weight: 400;\"><br \/><\/span><b>Objetivo:<\/b><\/span><\/p>\n<p style=\"text-align: justify;\"><span style=\"color: #474747;\"><span style=\"font-weight: 400;\">Realizar atividades multiesportivas no contraturno escolar, com inscri\u00e7\u00f5es gratuitas, ofertando variadas modalidades esportivas com vistas \u00e0 educa\u00e7\u00e3o integral dos estudantes do munic\u00edpio e <\/span><span style=\"font-weight: 400;\">a sua forma\u00e7\u00e3o para o exerc\u00edcio da cidadania, al\u00e9m do incentivo ao lazer<\/span><span style=\"font-weight: 400;\">.<\/span><\/span><\/p>\n<p style=\"text-align: justify;\"><span style=\"color: #474747;\"><b>Descri\u00e7\u00e3o:<\/b><\/span><\/p>\n<p style=\"text-align: justify;\"><span style=\"color: #474747;\"><span style=\"font-weight: 400;\">As atividades do projeto retornaram ap\u00f3s o per\u00edodo de pandemia (2 anos de pausa), reiniciando em mar\u00e7o. Com sete modalidades esportivas ofertadas, como aulas de futsal, badminton, futebol, handebol, basquete, voleibol e t\u00eanis de mesa, o trabalho realizado promove o desenvolvimento motor <\/span><span style=\"font-weight: 400;\">atrav\u00e9s da pr\u00e1tica esportiva e de exerc\u00edcios f\u00edsicos, promovendo a sa\u00fade, o ensino de valores humanos, motivando a integra\u00e7\u00e3o e a inclus\u00e3o social. <\/span><span style=\"font-weight: 400;\">\u00a0As aulas s\u00e3o realizadas duas vezes na semana, em n\u00facleos esportivos da cidade, com dura\u00e7\u00e3o de uma hora, e proporcionam o acesso ao esporte como uma importante ferramenta de mobiliza\u00e7\u00e3o e transforma\u00e7\u00e3o social.<\/span><\/span><\/p>\n<p>[\/et_pb_text][\/et_pb_column][\/et_pb_row][\/et_pb_section][et_pb_section fb_built=&#8221;1&#8243; _builder_version=&#8221;4.17.6&#8243; _module_preset=&#8221;default&#8221; background_color=&#8221;#e1e9f0&#8243; background_enable_image=&#8221;off&#8221; background_position=&#8221;top_left&#8221; min_height=&#8221;546.4px&#8221; custom_margin=&#8221;0px|0px|0px|0px|false|false&#8221; custom_padding=&#8221;0px|0px|0px|0px|false|false&#8221; global_colors_info=&#8221;{}&#8221;][et_pb_row column_structure=&#8221;3_5,2_5&#8243; _builder_version=&#8221;4.16&#8243; _module_preset=&#8221;default&#8221; custom_margin=&#8221;0px|auto|-7px|auto|false|false&#8221; custom_padding=&#8221;50px||50px||false|false&#8221; global_colors_info=&#8221;{}&#8221;][et_pb_column type=&#8221;3_5&#8243; _builder_version=&#8221;4.16&#8243; _module_preset=&#8221;default&#8221; global_colors_info=&#8221;{}&#8221;][et_pb_text _builder_version=&#8221;4.17.6&#8243; _module_preset=&#8221;default&#8221; text_font=&#8221;|800|||||||&#8221; text_font_size=&#8221;26px&#8221; text_line_height=&#8221;1.2em&#8221; global_colors_info=&#8221;{}&#8221;]<\/p>\n<p><span style=\"color: #1d70b7;\"><b>PROJETO CENTRO DE ACESSO A DIREITOS<\/b><\/span><\/p>\n<p>[\/et_pb_text][et_pb_text _builder_version=&#8221;4.17.6&#8243; _module_preset=&#8221;default&#8221; text_text_color=&#8221;#FFFFFF&#8221; text_font_size=&#8221;15px&#8221; text_line_height=&#8221;1.5em&#8221; global_colors_info=&#8221;{}&#8221;]<\/p>\n<p style=\"text-align: justify;\"><span style=\"color: #474747;\"><b>Institui\u00e7\u00e3o respons\u00e1vel:<\/b><span style=\"font-weight: 400;\"> Funda\u00e7\u00e3o La Salle (Canoas\/RS)<\/span><\/span><\/p>\n<p style=\"text-align: justify;\"><span style=\"color: #474747;\"><b>P\u00fablico-alvo:<\/b><span style=\"font-weight: 400;\"> cidad\u00e3os <\/span><span style=\"font-weight: 400;\">do munic\u00edpio de Canoas\/RS que buscam acesso a direitos e\/ou em situa\u00e7\u00e3o de viol\u00eancias. Crian\u00e7as e adolescentes que apresentam fatores de risco para a viol\u00eancia letal, atrav\u00e9s do risco ou evas\u00e3o escolar e\/ou cumprimento de medida socioeducativas. Fam\u00edlias em situa\u00e7\u00e3o de vulnerabilidade social<\/span><\/span><\/p>\n<p style=\"text-align: justify;\"><span style=\"color: #474747;\"><b>N\u00famero de Beneficiados: <\/b><span style=\"font-weight: 400;\">15.215 pessoas<\/span><\/span><\/p>\n<p style=\"text-align: justify;\"><span style=\"color: #474747;\"><b>Per\u00edodo de Execu\u00e7\u00e3o: <\/b><span style=\"font-weight: 400;\">janeiro a dezembro de 2022<\/span><\/span><\/p>\n<p style=\"text-align: justify;\"><span style=\"color: #474747;\"><b>Objetivo:<\/b><\/span><\/p>\n<p style=\"text-align: justify;\"><span style=\"font-weight: 400; color: #474747;\">Garantir o acesso aos direitos dos atendidos e prevenir a viol\u00eancia letal no munic\u00edpio de Canoas\/RS.<\/span><\/p>\n<p style=\"text-align: justify;\"><span style=\"color: #474747;\"><b>Descri\u00e7\u00e3o:<\/b><\/span><\/p>\n<p style=\"text-align: justify;\"><span style=\"font-weight: 400; color: #474747;\">Atualmente, presentes nos quatro quadrantes da cidade, os centros oferecem uma s\u00e9rie de a\u00e7\u00f5es e atendimentos que garantem uma maior presen\u00e7a do Estado em territ\u00f3rios afastados do centro, facilitando, assim, o acesso e as interven\u00e7\u00f5es para promo\u00e7\u00e3o de direitos. Os servi\u00e7os contam com acolhimento psicossocial e orienta\u00e7\u00e3o jur\u00eddica \u00e0 popula\u00e7\u00e3o que os encontram de forma espont\u00e2nea e com a cria\u00e7\u00e3o de redes intersetoriais de atendimento \u00e0 crian\u00e7as, adolescentes e jovens em situa\u00e7\u00e3o de vulnerabilidade para a viol\u00eancia.<\/span><\/p>\n<p>[\/et_pb_text][\/et_pb_column][et_pb_column type=&#8221;2_5&#8243; _builder_version=&#8221;4.16&#8243; _module_preset=&#8221;default&#8221; global_colors_info=&#8221;{}&#8221;][et_pb_image src=&#8221;https:\/\/relatoriosocial.lasalle.edu.br\/wp-content\/uploads\/2023\/05\/10.-CENTRO-DE-ACESSO-A-DIREITOS.jpg&#8221; title_text=&#8221;10. CENTRO DE ACESSO A DIREITOS&#8221; _builder_version=&#8221;4.17.6&#8243; _module_preset=&#8221;default&#8221; global_colors_info=&#8221;{}&#8221;]<\/p>\n<p><span style=\"color: #1d70b7;\"><b>PROJETO MISS\u00c3O JOVEM LASSALISTA<\/b><\/span><\/p>\n<p>[\/et_pb_image][\/et_pb_column][\/et_pb_row][\/et_pb_section][et_pb_section fb_built=&#8221;1&#8243; _builder_version=&#8221;4.17.6&#8243; _module_preset=&#8221;default&#8221; background_color=&#8221;#FFFFFF&#8221; background_enable_image=&#8221;off&#8221; background_position=&#8221;top_right&#8221; min_height=&#8221;395.6px&#8221; custom_margin=&#8221;0px|0px|0px|0px|false|false&#8221; custom_padding=&#8221;0px|0px|0px|0px|false|false&#8221; global_colors_info=&#8221;{}&#8221;][et_pb_row column_structure=&#8221;2_5,3_5&#8243; _builder_version=&#8221;4.16&#8243; _module_preset=&#8221;default&#8221; custom_margin=&#8221;|auto|0px|auto||&#8221; custom_padding=&#8221;50px||50px||false|false&#8221; global_colors_info=&#8221;{}&#8221;][et_pb_column type=&#8221;2_5&#8243; _builder_version=&#8221;4.16&#8243; _module_preset=&#8221;default&#8221; global_colors_info=&#8221;{}&#8221;][et_pb_image src=&#8221;https:\/\/relatoriosocial.lasalle.edu.br\/wp-content\/uploads\/2023\/05\/11.-MISSAO-JOVEM-LASSALISTA-TOLEDO.jpg&#8221; title_text=&#8221;11. MISS\u00c3O JOVEM LASSALISTA &#8211; TOLEDO&#8221; _builder_version=&#8221;4.17.6&#8243; _module_preset=&#8221;default&#8221; global_colors_info=&#8221;{}&#8221;][\/et_pb_image][\/et_pb_column][et_pb_column type=&#8221;3_5&#8243; _builder_version=&#8221;4.16&#8243; _module_preset=&#8221;default&#8221; global_colors_info=&#8221;{}&#8221;][et_pb_text _builder_version=&#8221;4.16&#8243; _module_preset=&#8221;default&#8221; text_font=&#8221;|800|||||||&#8221; text_font_size=&#8221;26px&#8221; text_line_height=&#8221;1.2em&#8221; global_colors_info=&#8221;{}&#8221;]<\/p>\n<p><span style=\"color: #f4f4f4;\"><b>PROJETO MISS\u00c3O JOVEM LASSALISTA<\/b><\/span><\/p>\n<p>[\/et_pb_text][et_pb_text _builder_version=&#8221;4.17.6&#8243; _module_preset=&#8221;default&#8221; text_text_color=&#8221;#FFFFFF&#8221; text_font_size=&#8221;15px&#8221; text_line_height=&#8221;1.5em&#8221; global_colors_info=&#8221;{}&#8221;]<\/p>\n<p style=\"text-align: justify;\"><span style=\"color: #474747;\"><b>Institui\u00e7\u00e3o respons\u00e1vel:<\/b><span style=\"font-weight: 400;\"> Col\u00e9gio La Salle Toledo (Toledo\/PR)<\/span><\/span><\/p>\n<p style=\"text-align: justify;\"><span style=\"color: #474747;\"><b>P\u00fablico-alvo:<\/b><span style=\"font-weight: 400;\"> idosos atendidos pelo APA Lar dos Idosos &#8211; Casas de Repouso, de Toledo\/PR<\/span><\/span><\/p>\n<p style=\"text-align: justify;\"><span style=\"color: #474747;\"><b>N\u00famero de beneficiados em 2022: <\/b><span style=\"font-weight: 400;\">40 idosos<\/span><\/span><\/p>\n<p style=\"text-align: justify;\"><span style=\"color: #474747;\"><b>Per\u00edodo de execu\u00e7\u00e3o:<\/b><span style=\"font-weight: 400;\"> desde 2010<\/span><\/span><\/p>\n<p style=\"text-align: justify;\"><span style=\"color: #474747;\"><b>Objetivo:<\/b><\/span><\/p>\n<p style=\"text-align: justify;\"><span style=\"font-weight: 400; color: #474747;\">Propiciar aos jovens estudantes e \u00e0 comunidade educativa uma experi\u00eancia mission\u00e1ria e o desenvolvimento de valores humanos e crist\u00e3os, enaltecendo os valores de f\u00e9, fraternidade e servi\u00e7o.<\/span><\/p>\n<p style=\"text-align: justify;\"><span style=\"color: #474747;\"><b>Descri\u00e7\u00e3o:<\/b><\/span><\/p>\n<p style=\"text-align: justify;\"><span style=\"font-weight: 400; color: #474747;\">O projeto prop\u00f5e aos envolvidos partilhar e vivenciar a miss\u00e3o de promover o resgate dos valores humanos e crist\u00e3os, e auxiliar institui\u00e7\u00f5es que cuidam de idosos. Ao longo do projeto, os estudantes e a comunidade educativa arrecadaram 100 kg de alimentos n\u00e3o perec\u00edveis, que foram doados \u00e0 institui\u00e7\u00e3o atendida.<\/span><\/p>\n<p>[\/et_pb_text][\/et_pb_column][\/et_pb_row][\/et_pb_section][et_pb_section fb_built=&#8221;1&#8243; _builder_version=&#8221;4.17.6&#8243; _module_preset=&#8221;default&#8221; background_color=&#8221;#e1e9f0&#8243; background_enable_image=&#8221;off&#8221; background_position=&#8221;top_left&#8221; min_height=&#8221;546.4px&#8221; custom_margin=&#8221;0px|0px|0px|0px|false|false&#8221; custom_padding=&#8221;0px|0px|0px|0px|false|false&#8221; global_colors_info=&#8221;{}&#8221;][et_pb_row column_structure=&#8221;3_5,2_5&#8243; _builder_version=&#8221;4.16&#8243; _module_preset=&#8221;default&#8221; custom_margin=&#8221;0px|auto|-7px|auto|false|false&#8221; custom_padding=&#8221;50px||50px||false|false&#8221; global_colors_info=&#8221;{}&#8221;][et_pb_column type=&#8221;3_5&#8243; _builder_version=&#8221;4.16&#8243; _module_preset=&#8221;default&#8221; global_colors_info=&#8221;{}&#8221;][et_pb_text _builder_version=&#8221;4.17.6&#8243; _module_preset=&#8221;default&#8221; text_font=&#8221;|800|||||||&#8221; text_font_size=&#8221;26px&#8221; text_line_height=&#8221;1.2em&#8221; global_colors_info=&#8221;{}&#8221;]<\/p>\n<p><span style=\"color: #1d70b7;\"><strong><b>PROJETO PRATELEIRA SOLID\u00c1RIA<\/b><\/strong><\/span><\/p>\n<p>[\/et_pb_text][et_pb_text _builder_version=&#8221;4.17.6&#8243; _module_preset=&#8221;default&#8221; text_text_color=&#8221;#FFFFFF&#8221; text_font_size=&#8221;15px&#8221; text_line_height=&#8221;1.5em&#8221; custom_padding=&#8221;0px|||||&#8221; global_colors_info=&#8221;{}&#8221;]<\/p>\n<p style=\"text-align: justify;\"><span style=\"color: #474747;\"><b>Institui\u00e7\u00e3o respons\u00e1vel:<\/b><span style=\"font-weight: 400;\"> Col\u00e9gio La Salle Toledo (Toledo\/PR)<\/span><\/span><\/p>\n<p style=\"text-align: justify;\"><span style=\"color: #474747;\"><b>P\u00fablico-alvo: <\/b><span style=\"font-weight: 400;\">ONG\u2019s que atendem pessoas em situa\u00e7\u00e3o de vulnerabilidade social<\/span><\/span><\/p>\n<p style=\"text-align: justify;\"><span style=\"color: #474747;\"><b>N\u00famero de beneficiados em 2022: <\/b><span style=\"font-weight: 400;\">500 fam\u00edlias da ONG Embaixada Solid\u00e1ria e 400 crian\u00e7as assistidas pela ONG Casa de Maria<\/span><\/span><\/p>\n<p style=\"text-align: justify;\"><span style=\"color: #474747;\"><b>Per\u00edodo de execu\u00e7\u00e3o:<\/b><span style=\"font-weight: 400;\"> desde 2021<\/span><\/span><\/p>\n<p style=\"text-align: justify;\"><span style=\"color: #474747;\"><b>Objetivo:<\/b><\/span><\/p>\n<p style=\"text-align: justify;\"><span style=\"font-weight: 400; color: #474747;\">Envolver e incentivar a participa\u00e7\u00e3o solid\u00e1ria e o comprometimento da Comunidade Educativa com causas sociais.<\/span><\/p>\n<p style=\"text-align: justify;\"><span style=\"color: #474747;\"><b>Descri\u00e7\u00e3o:<\/b><\/span><\/p>\n<p style=\"text-align: justify;\"><span style=\"font-weight: 400; color: #474747;\">O projeto, desenvolvido pela Pastoral Lassalista de Toledo, tende a oportunizar e motivar a arrecada\u00e7\u00e3o de alimentos ao longo de todo ano. Os educadores, educandos e suas fam\u00edlias s\u00e3o convidados a realizar uma doa\u00e7\u00e3o como forma de coopera\u00e7\u00e3o e ato de solidariedade.<\/span><\/p>\n<p style=\"text-align: justify;\"><span style=\"font-weight: 400;\"><\/span><\/p>\n<p>[\/et_pb_text][\/et_pb_column][et_pb_column type=&#8221;2_5&#8243; _builder_version=&#8221;4.16&#8243; _module_preset=&#8221;default&#8221; global_colors_info=&#8221;{}&#8221;][et_pb_image src=&#8221;https:\/\/relatoriosocial.lasalle.edu.br\/wp-content\/uploads\/2023\/05\/12.-PRATELEIRA-SOLIDARIA.jpeg&#8221; title_text=&#8221;12. PRATELEIRA SOLID\u00c1RIA&#8221; _builder_version=&#8221;4.17.6&#8243; _module_preset=&#8221;default&#8221; global_colors_info=&#8221;{}&#8221;][\/et_pb_image][\/et_pb_column][\/et_pb_row][\/et_pb_section][et_pb_section fb_built=&#8221;1&#8243; _builder_version=&#8221;4.17.6&#8243; _module_preset=&#8221;default&#8221; background_color=&#8221;#FFFFFF&#8221; background_enable_image=&#8221;off&#8221; background_position=&#8221;top_right&#8221; min_height=&#8221;395.6px&#8221; custom_margin=&#8221;0px|0px|0px|0px|false|false&#8221; custom_padding=&#8221;0px|0px|0px|0px|false|false&#8221; global_colors_info=&#8221;{}&#8221;][et_pb_row column_structure=&#8221;2_5,3_5&#8243; _builder_version=&#8221;4.16&#8243; _module_preset=&#8221;default&#8221; custom_margin=&#8221;|auto|0px|auto||&#8221; custom_padding=&#8221;50px||50px||false|false&#8221; global_colors_info=&#8221;{}&#8221;][et_pb_column type=&#8221;2_5&#8243; _builder_version=&#8221;4.16&#8243; _module_preset=&#8221;default&#8221; global_colors_info=&#8221;{}&#8221;][et_pb_image src=&#8221;https:\/\/relatoriosocial.lasalle.edu.br\/wp-content\/uploads\/2023\/05\/13.-MISSAO-JOVEM-LASSALISTA-PASTORAL.jpg&#8221; title_text=&#8221;13. MISS\u00c3O JOVEM LASSALISTA &#8211; PASTORAL&#8221; _builder_version=&#8221;4.17.6&#8243; _module_preset=&#8221;default&#8221; global_colors_info=&#8221;{}&#8221;][\/et_pb_image][\/et_pb_column][et_pb_column type=&#8221;3_5&#8243; _builder_version=&#8221;4.16&#8243; _module_preset=&#8221;default&#8221; global_colors_info=&#8221;{}&#8221;][et_pb_text _builder_version=&#8221;4.17.6&#8243; _module_preset=&#8221;default&#8221; text_font=&#8221;|800|||||||&#8221; text_font_size=&#8221;26px&#8221; text_line_height=&#8221;1.2em&#8221; global_colors_info=&#8221;{}&#8221;]<\/p>\n<p><span style=\"color: #1d70b7;\"><b>PROJETO MISS\u00c3O JOVEM LASSALISTA<\/b><\/span><\/p>\n<p>[\/et_pb_text][et_pb_text _builder_version=&#8221;4.17.6&#8243; _module_preset=&#8221;default&#8221; text_text_color=&#8221;#FFFFFF&#8221; text_font_size=&#8221;15px&#8221; text_line_height=&#8221;1.5em&#8221; custom_padding=&#8221;0px|||||&#8221; global_colors_info=&#8221;{}&#8221;]<\/p>\n<p style=\"text-align: justify;\"><span style=\"color: #474747;\"><b>Institui\u00e7\u00e3o respons\u00e1vel:<\/b><span style=\"font-weight: 400;\"> Pastoral da Prov\u00edncia Brasil-Chile (Porto Alegre\/RS)<\/span><\/span><\/p>\n<p style=\"text-align: justify;\"><span style=\"color: #474747;\"><b>P\u00fablico-alvo:<\/b><span style=\"font-weight: 400;\"> fam\u00edlias em situa\u00e7\u00e3o de vulnerabilidade social da Vila Santa Marta, munic\u00edpio de S\u00e3o Leopoldo\/RS<\/span><\/span><\/p>\n<p style=\"text-align: justify;\"><span style=\"color: #474747;\"><b>N\u00famero de beneficiados:<\/b><span style=\"font-weight: 400;\"> aproximadamente 500 pessoas<\/span><\/span><\/p>\n<p style=\"text-align: justify;\"><span style=\"color: #474747;\"><b>Per\u00edodo de execu\u00e7\u00e3o:<\/b><span style=\"font-weight: 400;\"> novembro e dezembro de 2022<\/span><\/span><\/p>\n<p style=\"text-align: justify;\"><span style=\"color: #474747;\"><b>Objetivo<\/b><span style=\"font-weight: 400;\">:<\/span><\/span><\/p>\n<p style=\"text-align: justify;\"><span style=\"font-weight: 400; color: #474747;\">Realizar atividades de atendimento a pessoas em situa\u00e7\u00e3o de vulnerabilidade social, motivando estudantes a se mobilizarem para o cuidado com o pr\u00f3ximo.<\/span><\/p>\n<p style=\"text-align: justify;\"><span style=\"color: #474747;\"><b>Descri\u00e7\u00e3o:<\/b><\/span><\/p>\n<p style=\"text-align: justify;\"><span style=\"font-weight: 400; color: #474747;\">A Miss\u00e3o Jovem Lassalista aconteceu na Vila Santa Marta, munic\u00edpio de S\u00e3o Leopoldo\/RS. A iniciativa faz parte de um projeto maior da Prov\u00edncia La Salle Brasil-Chile, que se chama Crescer. O Crescer \u00e9 planejado e executado por jovens da Equipe de Jovens Mission\u00e1rios Lassalistas, que s\u00e3o estudantes egressos de Comunidades Educativas da Rede La Salle. Durante o projeto, foram realizadas atividades focais no local.<\/span><\/p>\n<p style=\"text-align: justify;\"><span style=\"font-weight: 400; color: #474747;\">Trinta estudantes ficaram hospedados em casas de fam\u00edlias da Vila Santa Marta e realizaram projetos de qualidade na comunidade, passando por oficinas tem\u00e1ticas, visita \u00e0s casas de pessoas em situa\u00e7\u00e3o de vulnerabilidade social e a\u00e7\u00f5es sociais como um brech\u00f3 para doa\u00e7\u00e3o de roupas.<\/span><\/p>\n<p style=\"text-align: justify;\"><span style=\"font-weight: 400; color: #474747;\">Os jovens participantes da a\u00e7\u00e3o foram motivados a realizar projetos em suas Comunidades Educativas que conscientizassem os estudantes a contribuir com alimentos para montagem de cestas b\u00e1sicas para doa\u00e7\u00e3o \u00e0s fam\u00edlias atendidas, resultando na coleta de, aproximadamente, uma tonelada de alimentos.<\/span><\/p>\n<p style=\"text-align: justify;\"><span style=\"font-weight: 400;\"><\/span><\/p>\n<p>[\/et_pb_text][\/et_pb_column][\/et_pb_row][\/et_pb_section][et_pb_section fb_built=&#8221;1&#8243; _builder_version=&#8221;4.17.6&#8243; _module_preset=&#8221;default&#8221; background_color=&#8221;#e1e9f0&#8243; background_enable_image=&#8221;off&#8221; background_position=&#8221;top_left&#8221; min_height=&#8221;546.4px&#8221; custom_margin=&#8221;0px|0px|0px|0px|false|false&#8221; custom_padding=&#8221;0px|0px|0px|0px|false|false&#8221; global_colors_info=&#8221;{}&#8221;][et_pb_row column_structure=&#8221;3_5,2_5&#8243; _builder_version=&#8221;4.16&#8243; _module_preset=&#8221;default&#8221; custom_margin=&#8221;0px|auto|-7px|auto|false|false&#8221; custom_padding=&#8221;50px||50px||false|false&#8221; global_colors_info=&#8221;{}&#8221;][et_pb_column type=&#8221;3_5&#8243; _builder_version=&#8221;4.16&#8243; _module_preset=&#8221;default&#8221; global_colors_info=&#8221;{}&#8221;][et_pb_text _builder_version=&#8221;4.17.6&#8243; _module_preset=&#8221;default&#8221; text_font=&#8221;|800|||||||&#8221; text_font_size=&#8221;26px&#8221; text_line_height=&#8221;1.2em&#8221; global_colors_info=&#8221;{}&#8221;]<\/p>\n<p><span style=\"color: #1d70b7;\"><strong><b>PROJETO MURO DA GENTILEZA<\/b><\/strong><\/span><\/p>\n<p>[\/et_pb_text][et_pb_text _builder_version=&#8221;4.17.6&#8243; _module_preset=&#8221;default&#8221; text_font_size=&#8221;15px&#8221; text_line_height=&#8221;1.5em&#8221; text_orientation=&#8221;justified&#8221; global_colors_info=&#8221;{}&#8221;]<\/p>\n<p style=\"text-align: justify;\"><span style=\"color: #474747;\"><b>Institui\u00e7\u00e3o respons\u00e1vel:<\/b><span style=\"font-weight: 400;\"> Col\u00e9gio La Salle Xanxer\u00ea (Xanxer\u00ea\/SC)<\/span><\/span><\/p>\n<p style=\"text-align: justify;\"><span style=\"color: #474747;\"><b>P\u00fablico-alvo:<\/b><span style=\"font-weight: 400;\"> pessoas em situa\u00e7\u00e3o de vulnerabilidade social da comunidade local<\/span><\/span><\/p>\n<p style=\"text-align: justify;\"><span style=\"color: #474747;\"><b>N\u00famero de beneficiados:<\/b><span style=\"font-weight: 400;\"> aproximadamente 200 pessoas<\/span><\/span><\/p>\n<p style=\"text-align: justify;\"><span style=\"color: #474747;\"><b>Per\u00edodo de execu\u00e7\u00e3o:<\/b><span style=\"font-weight: 400;\"> setembro a dezembro de 2022<\/span><\/span><\/p>\n<p style=\"text-align: justify;\"><span style=\"color: #474747;\"><b>Objetivo:<\/b><\/span><\/p>\n<p style=\"text-align: justify;\"><span style=\"font-weight: 400; color: #474747;\">Arrecadar materiais de higiene pessoal, material de limpeza, roupas e utens\u00edlios para doa\u00e7\u00e3o a pessoas necessitadas.<\/span><\/p>\n<p style=\"text-align: justify;\"><span style=\"color: #474747;\"><b>Descri\u00e7\u00e3o:<\/b><\/span><\/p>\n<p style=\"text-align: justify;\"><span style=\"color: #474747;\"><span style=\"font-weight: 400;\">A partir de contribui\u00e7\u00f5es da comunidade escolar, os alunos s\u00e3o incentivados a arrecadar itens para doa\u00e7\u00e3o a pessoas carentes. Os materiais arrecadados para doa\u00e7\u00e3o s\u00e3o deixados em um muro que fica no espa\u00e7o externo do Col\u00e9gio com a frase <\/span><i><span style=\"font-weight: 400;\">\u201cSe voc\u00ea precisar, pegue\u201d; \u201cSe voc\u00ea pode, doe\u201d<\/span><\/i><span style=\"font-weight: 400;\">, que mobiliza a comunidade local a compreender o objetivo do espa\u00e7o e colaborar com doa\u00e7\u00f5es.<\/span><\/span><\/p>\n<p>[\/et_pb_text][\/et_pb_column][et_pb_column type=&#8221;2_5&#8243; _builder_version=&#8221;4.16&#8243; _module_preset=&#8221;default&#8221; global_colors_info=&#8221;{}&#8221;][et_pb_image src=&#8221;https:\/\/relatoriosocial.lasalle.edu.br\/wp-content\/uploads\/2023\/05\/PROJETO-MURO-DA-GENTILEZA.png&#8221; title_text=&#8221;PROJETO MURO DA GENTILEZA&#8221; _builder_version=&#8221;4.17.6&#8243; _module_preset=&#8221;default&#8221; hover_enabled=&#8221;0&#8243; global_colors_info=&#8221;{}&#8221; sticky_enabled=&#8221;0&#8243;][\/et_pb_image][\/et_pb_column][\/et_pb_row][\/et_pb_section][et_pb_section fb_built=&#8221;1&#8243; _builder_version=&#8221;4.17.6&#8243; _module_preset=&#8221;default&#8221; background_color=&#8221;#FFFFFF&#8221; background_enable_image=&#8221;off&#8221; background_position=&#8221;top_right&#8221; min_height=&#8221;395.6px&#8221; custom_margin=&#8221;0px|0px|0px|0px|false|false&#8221; custom_padding=&#8221;0px|0px|0px|0px|false|false&#8221; global_colors_info=&#8221;{}&#8221;][et_pb_row column_structure=&#8221;2_5,3_5&#8243; _builder_version=&#8221;4.16&#8243; _module_preset=&#8221;default&#8221; custom_margin=&#8221;|auto|0px|auto||&#8221; custom_padding=&#8221;50px||50px||false|false&#8221; global_colors_info=&#8221;{}&#8221;][et_pb_column type=&#8221;2_5&#8243; _builder_version=&#8221;4.16&#8243; _module_preset=&#8221;default&#8221; global_colors_info=&#8221;{}&#8221;][et_pb_image src=&#8221;https:\/\/relatoriosocial.lasalle.edu.br\/wp-content\/uploads\/2023\/05\/PROJETO-CAMINHADA-DA-GENTILEZA.jpg&#8221; title_text=&#8221;PROJETO CAMINHADA DA GENTILEZA&#8221; _builder_version=&#8221;4.17.6&#8243; _module_preset=&#8221;default&#8221; global_colors_info=&#8221;{}&#8221;][\/et_pb_image][\/et_pb_column][et_pb_column type=&#8221;3_5&#8243; _builder_version=&#8221;4.16&#8243; _module_preset=&#8221;default&#8221; global_colors_info=&#8221;{}&#8221;][et_pb_text _builder_version=&#8221;4.17.6&#8243; _module_preset=&#8221;default&#8221; text_font=&#8221;|800|||||||&#8221; text_font_size=&#8221;26px&#8221; text_line_height=&#8221;1.2em&#8221; global_colors_info=&#8221;{}&#8221;]<\/p>\n<p><span style=\"color: #1d70b7;\"><b>PROJETO CAMINHADA DA GENTILEZA<\/b><\/span><\/p>\n<p>[\/et_pb_text][et_pb_text _builder_version=&#8221;4.17.6&#8243; _module_preset=&#8221;default&#8221; text_font_size=&#8221;15px&#8221; text_line_height=&#8221;1.5em&#8221; text_orientation=&#8221;justified&#8221; width=&#8221;93.5%&#8221; custom_padding=&#8221;|||0px||&#8221; global_colors_info=&#8221;{}&#8221;]<\/p>\n<p style=\"text-align: justify;\"><span style=\"color: #474747;\"><b>Institui\u00e7\u00e3o respons\u00e1vel:<\/b><span style=\"font-weight: 400;\"> Col\u00e9gio La Salle Niter\u00f3i (Canoas\/RS)<\/span><\/span><\/p>\n<p style=\"text-align: justify;\"><span style=\"color: #474747;\"><b>P\u00fablico-alvo:<\/b><span style=\"font-weight: 400;\"> Comunidade Educativa, comunidade local e Institui\u00e7\u00f5es Sociais de Canoas\/RS<\/span><\/span><\/p>\n<p style=\"text-align: justify;\"><span style=\"color: #474747;\"><b>N\u00famero de beneficiados:<\/b><span style=\"font-weight: 400;\"> 1200 estudantes do Col\u00e9gio La Salle Niter\u00f3i, 200 educadores, moradores e comerciantes do bairro\u00a0<\/span><\/span><\/p>\n<p style=\"text-align: justify;\"><span style=\"color: #474747;\"><b>Per\u00edodo de execu\u00e7\u00e3o: <\/b><span style=\"font-weight: 400;\">setembro de 2022<\/span><\/span><\/p>\n<p style=\"text-align: justify;\"><span style=\"color: #474747;\"><b>Objetivo:<\/b><\/span><\/p>\n<p style=\"text-align: justify;\"><span style=\"font-weight: 400; color: #474747;\">Articular os saberes escolares na busca de solu\u00e7\u00f5es para a sociedade, possibilitando a viv\u00eancia dos diversos aspectos e situa\u00e7\u00f5es em que as pessoas aprendam a gostar de fazer o bem a outras. Estimular, por meio do di\u00e1logo, \u00e0 solidariedade, \u00e0 transforma\u00e7\u00e3o de realidades, e \u00e0 escolha do comportamento adequado para a melhor conviv\u00eancia na sociedade.<\/span><\/p>\n<p style=\"text-align: justify;\"><span style=\"color: #474747;\"><b>Descri\u00e7\u00e3o:<\/b><\/span><\/p>\n<p style=\"text-align: justify;\"><span style=\"font-weight: 400; color: #474747;\">A Caminhada da Gentileza \u00e9 parte integrante do Projeto Gentileza. Nesta edi\u00e7\u00e3o, mais de 3 mil pessoas foram levadas \u00e0s ruas do bairro Niter\u00f3i, em Canoas\/RS, com muita alegria e gentileza a oferecer. A cada ano essa caminhada atinge um local diferente do bairro, envolvendo outros moradores e com\u00e9rcios locais, caracterizando-se por ser o momento de celebra\u00e7\u00e3o.<br \/><\/span><span style=\"font-weight: 400; color: #474747;\">Os jovens participantes da a\u00e7\u00e3o foram motivados a realizar projetos em suas Comunidades Educativas que conscientizassem os estudantes a contribuir com alimentos para montagem de cestas b\u00e1sicas para doa\u00e7\u00e3o \u00e0s fam\u00edlias atendidas, resultando na coleta de, aproximadamente, uma tonelada de alimentos.<\/span><\/p>\n<p>[\/et_pb_text][\/et_pb_column][\/et_pb_row][\/et_pb_section][et_pb_section fb_built=&#8221;1&#8243; _builder_version=&#8221;4.17.6&#8243; _module_preset=&#8221;default&#8221; background_color=&#8221;#e1e9f0&#8243; background_enable_image=&#8221;off&#8221; background_position=&#8221;top_left&#8221; min_height=&#8221;546.4px&#8221; custom_margin=&#8221;0px|0px|0px|0px|false|false&#8221; custom_padding=&#8221;0px|0px|0px|0px|false|false&#8221; global_colors_info=&#8221;{}&#8221;][et_pb_row column_structure=&#8221;3_5,2_5&#8243; _builder_version=&#8221;4.16&#8243; _module_preset=&#8221;default&#8221; custom_margin=&#8221;0px|auto|-7px|auto|false|false&#8221; custom_padding=&#8221;50px||50px||false|false&#8221; global_colors_info=&#8221;{}&#8221;][et_pb_column type=&#8221;3_5&#8243; _builder_version=&#8221;4.16&#8243; _module_preset=&#8221;default&#8221; global_colors_info=&#8221;{}&#8221;][et_pb_text _builder_version=&#8221;4.17.6&#8243; _module_preset=&#8221;default&#8221; text_font=&#8221;|800|||||||&#8221; text_font_size=&#8221;26px&#8221; text_line_height=&#8221;1.2em&#8221; global_colors_info=&#8221;{}&#8221;]<\/p>\n<p><span style=\"color: #1d70b7;\"><b>PROJETO CULTIVO DE HORTALI\u00c7AS<\/b><\/span><\/p>\n<p>[\/et_pb_text][et_pb_text _builder_version=&#8221;4.17.6&#8243; _module_preset=&#8221;default&#8221; text_text_color=&#8221;#FFFFFF&#8221; text_font_size=&#8221;15px&#8221; text_line_height=&#8221;1.5em&#8221; global_colors_info=&#8221;{}&#8221;]<\/p>\n<p style=\"text-align: justify;\"><span style=\"color: #474747;\"><b>Institui\u00e7\u00e3o respons\u00e1vel:<\/b><span style=\"font-weight: 400;\"> Universidade La Salle (Canoas\/RS)<\/span><\/span><\/p>\n<p style=\"text-align: justify;\"><span style=\"color: #474747;\"><b>P\u00fablico alvo:<\/b><span style=\"font-weight: 400;\"> Ex-dependentes qu\u00edmicos que moram na Associa\u00e7\u00e3o Terap\u00eautica\u00a0\u00a0<\/span><\/span><\/p>\n<p style=\"text-align: justify;\"><span style=\"color: #474747;\"><b>N\u00famero de beneficiados:<\/b><span style=\"font-weight: 400;\"> 14 ex-dependentes graduados, 17 em acolhimento e mais 99 que passaram pela Associa\u00e7\u00e3o Terap\u00eautica em 2022. 71 acad\u00eamicos de gradua\u00e7\u00e3o matriculados nas disciplinas de Atividades Extensionistas. Comunidade em geral e familiares dos ex-dependentes com acesso aos produtos produzidos<\/span><\/span><\/p>\n<p style=\"text-align: justify;\"><span style=\"color: #474747;\"><b>Per\u00edodo de execu\u00e7\u00e3o:<\/b><span style=\"font-weight: 400;\"> janeiro a dezembro de 2022<\/span><\/span><\/p>\n<p style=\"text-align: justify;\"><span style=\"color: #474747;\"><b>Objetivo:<\/b><\/span><\/p>\n<p style=\"text-align: justify;\"><span style=\"font-weight: 400; color: #474747;\">Apoiar a casa de recupera\u00e7\u00e3o de dependentes qu\u00edmicos da Associa\u00e7\u00e3o Terap\u00eautica, por meio do acompanhamento e assist\u00eancia t\u00e9cnica ao cultivo de hortali\u00e7as, frut\u00edferas e pastagem para o gado de leite e caprinos.\u00a0<\/span><\/p>\n<p style=\"text-align: justify;\"><span style=\"color: #474747;\"><b>Descri\u00e7\u00e3o:<\/b><\/span><\/p>\n<p style=\"text-align: justify;\"><span style=\"font-weight: 400; color: #474747;\">O projeto conta com a premissa de que a produ\u00e7\u00e3o de hortali\u00e7as pode ser utilizada como instrumento terap\u00eautico para promover melhorias atrav\u00e9s dos sentidos e da mente, e maximizar fun\u00e7\u00f5es sociais, cognitivas, f\u00edsicas, psicol\u00f3gicas, melhorando a qualidade de vida das pessoas.<\/span><\/p>\n<p style=\"text-align: justify;\"><span style=\"font-weight: 400; color: #474747;\">A finalidade \u00e9 proporcionar aos jovens e adultos acolhidos no local a ressocializa\u00e7\u00e3o e a capacita\u00e7\u00e3o profissional, principalmente a produ\u00e7\u00e3o de hortali\u00e7as para serem comercializadas \u00e0 sociedade em geral, contribuindo, portanto, no\u00a0trabalho de recupera\u00e7\u00e3o e reinser\u00e7\u00e3o social dos mesmos.<\/span><\/p>\n<p style=\"text-align: justify;\"><span style=\"font-weight: 400; color: #474747;\">No per\u00edodo de execu\u00e7\u00e3o, foram realizadas, entre outras a\u00e7\u00f5es, a assist\u00eancia t\u00e9cnica ao cultivo de oler\u00edcolas, produ\u00e7\u00e3o de tomate cereja e pepinos caipira e japon\u00eas na estufa e hortali\u00e7as, a assist\u00eancia \u00e0 fruticultura e pastagem e o treinamento da equipe da horta, com t\u00e9cnicas de manejo com fertilizantes, t\u00e9cnicas de plantio e manejo da \u00e1rea, tratos culturais, defensivos no controle de pragas, doen\u00e7as e plantas daninhas, monitoramento das plantas, regulagem pulverizador, organiza\u00e7\u00e3o dos defensivos e principais cuidados para uso correto.<\/span><\/p>\n<p style=\"text-align: justify;\">\n<p>[\/et_pb_text][\/et_pb_column][et_pb_column type=&#8221;2_5&#8243; _builder_version=&#8221;4.16&#8243; _module_preset=&#8221;default&#8221; global_colors_info=&#8221;{}&#8221;][et_pb_image src=&#8221;https:\/\/relatoriosocial.lasalle.edu.br\/wp-content\/uploads\/2023\/05\/PROJETO-CULTIVO-DE-HORTALICAS.png&#8221; title_text=&#8221;PROJETO CULTIVO DE HORTALI\u00c7AS&#8221; _builder_version=&#8221;4.17.6&#8243; _module_preset=&#8221;default&#8221; global_colors_info=&#8221;{}&#8221;][\/et_pb_image][\/et_pb_column][\/et_pb_row][\/et_pb_section][et_pb_section fb_built=&#8221;1&#8243; _builder_version=&#8221;4.17.6&#8243; _module_preset=&#8221;default&#8221; background_color=&#8221;#FFFFFF&#8221; background_enable_image=&#8221;off&#8221; background_position=&#8221;top_right&#8221; min_height=&#8221;395.6px&#8221; custom_margin=&#8221;0px|0px|0px|0px|false|false&#8221; custom_padding=&#8221;0px|0px|0px|0px|false|false&#8221; global_colors_info=&#8221;{}&#8221;][et_pb_row column_structure=&#8221;2_5,3_5&#8243; _builder_version=&#8221;4.16&#8243; _module_preset=&#8221;default&#8221; custom_margin=&#8221;|auto|0px|auto||&#8221; custom_padding=&#8221;50px||50px||false|false&#8221; global_colors_info=&#8221;{}&#8221;][et_pb_column type=&#8221;2_5&#8243; _builder_version=&#8221;4.16&#8243; _module_preset=&#8221;default&#8221; global_colors_info=&#8221;{}&#8221;][et_pb_image src=&#8221;https:\/\/relatoriosocial.lasalle.edu.br\/wp-content\/uploads\/2023\/05\/PROJETO-DELFOS.png&#8221; title_text=&#8221;PROJETO DELFOS&#8221; _builder_version=&#8221;4.17.6&#8243; _module_preset=&#8221;default&#8221; hover_enabled=&#8221;0&#8243; global_colors_info=&#8221;{}&#8221; sticky_enabled=&#8221;0&#8243;][\/et_pb_image][\/et_pb_column][et_pb_column type=&#8221;3_5&#8243; _builder_version=&#8221;4.16&#8243; _module_preset=&#8221;default&#8221; global_colors_info=&#8221;{}&#8221;][et_pb_text _builder_version=&#8221;4.17.6&#8243; _module_preset=&#8221;default&#8221; text_font=&#8221;|800|||||||&#8221; text_font_size=&#8221;26px&#8221; text_line_height=&#8221;1.2em&#8221; global_colors_info=&#8221;{}&#8221;]<\/p>\n<p><span style=\"color: #1d70b7;\"><b>PROJETO DELFOS \u2013 FUNDAMENTAL II<\/b><\/span><\/p>\n<p>[\/et_pb_text][et_pb_text _builder_version=&#8221;4.17.6&#8243; _module_preset=&#8221;default&#8221; text_text_color=&#8221;#FFFFFF&#8221; text_font_size=&#8221;15px&#8221; text_line_height=&#8221;1.5em&#8221; global_colors_info=&#8221;{}&#8221;]<\/p>\n<p style=\"text-align: justify;\"><span style=\"color: #474747;\"><b>Institui\u00e7\u00e3o respons\u00e1vel<\/b><b>: <\/b><span style=\"font-weight: 400;\">Escola La Salle P\u00e3o Dos Pobres (Porto Alegre\/RS)<\/span><\/span><\/p>\n<p style=\"text-align: justify;\"><span style=\"color: #474747;\"><b>P\u00fablico alvo:<\/b> <span style=\"font-weight: 400;\">estudantes do 6\u00b0ao 9\u00b0 Ano do Ensino Fundamental da Escola La Salle P\u00e3o dos Pobres<\/span><\/span><\/p>\n<p style=\"text-align: justify;\"><span style=\"color: #474747;\"><b>N\u00famero de beneficiados:<\/b><span style=\"font-weight: 400;\"> aproximadamente 240 estudantes<\/span><\/span><\/p>\n<p style=\"text-align: justify;\"><span style=\"color: #474747;\"><b>Per\u00edodo de execu\u00e7\u00e3o:<\/b><span style=\"font-weight: 400;\"> mar\u00e7o a novembro de 2022<\/span><\/span><\/p>\n<p style=\"text-align: justify;\"><span style=\"color: #474747;\"><b>Objetivo:<\/b><\/span><\/p>\n<p style=\"text-align: justify;\"><span style=\"font-weight: 400; color: #474747;\">Possibilitar a inicia\u00e7\u00e3o cient\u00edfica na escola La Salle P\u00e3o dos Pobres, que visa a forma\u00e7\u00e3o e instrumentaliza\u00e7\u00e3o dos estudantes quanto \u00e0 pesquisa, escrita e divulga\u00e7\u00e3o de trabalhos com base cient\u00edfica.<\/span><\/p>\n<p style=\"text-align: justify;\"><span style=\"color: #474747;\"><b>Descri\u00e7\u00e3o:<\/b><\/span><\/p>\n<p style=\"text-align: justify;\"><span style=\"font-weight: 400; color: #474747;\">O projeto faz a media\u00e7\u00e3o entre conhecimento e estudantes em tr\u00eas etapas. Essas etapas s\u00e3o divididas por trimestre, sendo que no primeiro trimestre os alunos realizam a pesquisa sobre o tema abordado (em 2022 o tema foi Fake News), no segundo trimestre os alunos apresentam as suas pesquisas em forma de banca para os demais colegas e a banca avaliadora dos professores, e no terceiro trimestre os alunos finalizam o projeto com uma feira de conhecimento aberta a comunidade educativa.<\/span><\/p>\n<p style=\"text-align: justify;\"><span style=\"font-weight: 400;\"><\/span><\/p>\n<p>[\/et_pb_text][\/et_pb_column][\/et_pb_row][\/et_pb_section][et_pb_section fb_built=&#8221;1&#8243; _builder_version=&#8221;4.17.6&#8243; _module_preset=&#8221;default&#8221; background_color=&#8221;#e1e9f0&#8243; background_enable_image=&#8221;off&#8221; background_position=&#8221;top_left&#8221; min_height=&#8221;546.4px&#8221; custom_margin=&#8221;0px|0px|0px|0px|false|false&#8221; custom_padding=&#8221;0px|0px|0px|0px|false|false&#8221; global_colors_info=&#8221;{}&#8221;][et_pb_row column_structure=&#8221;3_5,2_5&#8243; _builder_version=&#8221;4.16&#8243; _module_preset=&#8221;default&#8221; custom_margin=&#8221;0px|auto|-7px|auto|false|false&#8221; custom_padding=&#8221;50px||50px||false|false&#8221; global_colors_info=&#8221;{}&#8221;][et_pb_column type=&#8221;3_5&#8243; _builder_version=&#8221;4.16&#8243; _module_preset=&#8221;default&#8221; global_colors_info=&#8221;{}&#8221;][et_pb_text _builder_version=&#8221;4.17.6&#8243; _module_preset=&#8221;default&#8221; text_font=&#8221;|800|||||||&#8221; text_font_size=&#8221;26px&#8221; text_line_height=&#8221;1.2em&#8221; global_colors_info=&#8221;{}&#8221;]<\/p>\n<p><span style=\"color: #1d70b7;\"><strong><b>PROJETO HORTA NA MISS\u00c3O SOS \u00c0 VIDA<\/b><\/strong><\/span><\/p>\n<p>[\/et_pb_text][et_pb_text _builder_version=&#8221;4.17.6&#8243; _module_preset=&#8221;default&#8221; text_text_color=&#8221;#FFFFFF&#8221; text_font_size=&#8221;15px&#8221; text_line_height=&#8221;1.5em&#8221; global_colors_info=&#8221;{}&#8221;]<\/p>\n<p style=\"text-align: justify;\"><span style=\"color: #474747;\"><b>Institui\u00e7\u00e3o respons\u00e1vel:<\/b> <span style=\"font-weight: 400;\">Escola Agr\u00edcola La Salle (Xanxer\u00ea\/SC)<\/span><\/span><\/p>\n<p style=\"text-align: justify;\"><span style=\"color: #474747;\"><b>P\u00fablico alvo:<\/b> <span style=\"font-weight: 400;\">homens de 18 a 55 anos em situa\u00e7\u00e3o de risco, desabrigados, dependentes qu\u00edmicos e de \u00e1lcool atendidos pela ONG Miss\u00e3o SOS \u00e0 Vida<\/span><\/span><\/p>\n<p style=\"text-align: justify;\"><span style=\"color: #474747;\"><b>N\u00famero de beneficiados: <\/b><span style=\"font-weight: 400;\">30 pessoas<\/span><\/span><\/p>\n<p style=\"text-align: justify;\"><span style=\"color: #474747;\"><b>Per\u00edodo de execu\u00e7\u00e3o:<\/b><span style=\"font-weight: 400;\"> janeiro a dezembro de 2022<\/span><\/span><\/p>\n<p style=\"text-align: justify;\"><span style=\"color: #474747;\"><b>Objetivo:<\/b><\/span><\/p>\n<p style=\"text-align: justify;\"><span style=\"font-weight: 400; color: #474747;\">Possibilitar acesso \u00e0 informa\u00e7\u00e3o e a alimentos saud\u00e1veis a pessoas vulner\u00e1veis e em situa\u00e7\u00e3o de risco da Miss\u00e3o SOS a Vida.<\/span><\/p>\n<p style=\"text-align: justify;\"><span style=\"color: #474747;\"><b>Descri\u00e7\u00e3o:<\/b><\/span><\/p>\n<p style=\"text-align: justify;\"><span style=\"font-weight: 400; color: #474747;\">O projeto oferece forma\u00e7\u00e3o e acompanhamento com instru\u00e7\u00f5es t\u00e9cnicas e pr\u00e1ticas para a condu\u00e7\u00e3o de uma horta, com diversifica\u00e7\u00e3o de a\u00e7\u00f5es para aux\u00edlio no tratamento de ocupa\u00e7\u00e3o destas pessoas e comercializa\u00e7\u00e3o do excedente produzido pelos mesmos para a obten\u00e7\u00e3o de recursos financeiros que contribuem para a continuidade do projeto.<\/span><\/p>\n<p style=\"text-align: justify;\"><span style=\"font-weight: 400;\"><\/span><\/p>\n<p>[\/et_pb_text][\/et_pb_column][et_pb_column type=&#8221;2_5&#8243; _builder_version=&#8221;4.16&#8243; _module_preset=&#8221;default&#8221; global_colors_info=&#8221;{}&#8221;][et_pb_image src=&#8221;https:\/\/relatoriosocial.lasalle.edu.br\/wp-content\/uploads\/2023\/05\/PROJETO-HORTA-NA-MISSAO-SOS-A-VIDA_REDUZIDA.jpg&#8221; title_text=&#8221;PROJETO HORTA NA MISS\u00c3O SOS \u00c0 VIDA_REDUZIDA&#8221; _builder_version=&#8221;4.17.6&#8243; _module_preset=&#8221;default&#8221; global_colors_info=&#8221;{}&#8221;][\/et_pb_image][\/et_pb_column][\/et_pb_row][\/et_pb_section][et_pb_section fb_built=&#8221;1&#8243; _builder_version=&#8221;4.17.6&#8243; _module_preset=&#8221;default&#8221; background_color=&#8221;#FFFFFF&#8221; background_enable_image=&#8221;off&#8221; background_position=&#8221;top_right&#8221; min_height=&#8221;395.6px&#8221; custom_margin=&#8221;0px|0px|0px|0px|false|false&#8221; custom_padding=&#8221;0px|0px|0px|0px|false|false&#8221; global_colors_info=&#8221;{}&#8221;][et_pb_row column_structure=&#8221;2_5,3_5&#8243; _builder_version=&#8221;4.16&#8243; _module_preset=&#8221;default&#8221; custom_margin=&#8221;|auto|0px|auto||&#8221; custom_padding=&#8221;50px||50px||false|false&#8221; global_colors_info=&#8221;{}&#8221;][et_pb_column type=&#8221;2_5&#8243; _builder_version=&#8221;4.16&#8243; _module_preset=&#8221;default&#8221; global_colors_info=&#8221;{}&#8221;][et_pb_image src=&#8221;https:\/\/relatoriosocial.lasalle.edu.br\/wp-content\/uploads\/2023\/05\/PROJETO-APRENDIZAGEM-PROFISSIONAL.png&#8221; title_text=&#8221;PROJETO APRENDIZAGEM PROFISSIONAL&#8221; _builder_version=&#8221;4.17.6&#8243; _module_preset=&#8221;default&#8221; global_colors_info=&#8221;{}&#8221;][\/et_pb_image][\/et_pb_column][et_pb_column type=&#8221;3_5&#8243; _builder_version=&#8221;4.16&#8243; _module_preset=&#8221;default&#8221; global_colors_info=&#8221;{}&#8221;][et_pb_text _builder_version=&#8221;4.17.6&#8243; _module_preset=&#8221;default&#8221; text_font=&#8221;|800|||||||&#8221; text_font_size=&#8221;26px&#8221; text_line_height=&#8221;1.2em&#8221; global_colors_info=&#8221;{}&#8221;]<\/p>\n<p><span style=\"color: #1d70b7;\"><b>PROJETO APRENDIZAGEM PROFISSIONAL<\/b><\/span><\/p>\n<p>[\/et_pb_text][et_pb_text _builder_version=&#8221;4.17.6&#8243; _module_preset=&#8221;default&#8221; text_text_color=&#8221;#FFFFFF&#8221; text_font_size=&#8221;15px&#8221; text_line_height=&#8221;1.5em&#8221; global_colors_info=&#8221;{}&#8221;]<\/p>\n<p style=\"text-align: justify;\"><span style=\"color: #474747;\"><b>Institui\u00e7\u00e3o respons\u00e1vel:<\/b><span style=\"font-weight: 400;\">\u00a0Funda\u00e7\u00e3o O P\u00e3o dos Pobres de Santo Ant\u00f4nio (Porto Alegre\/RS)<\/span><\/span><\/p>\n<p style=\"text-align: justify;\"><span style=\"color: #474747;\"><b>P\u00fablico-alvo:\u00a0 <\/b><span style=\"font-weight: 400;\">adolescentes e jovens em situa\u00e7\u00e3o de vulnerabilidade social<\/span><\/span><\/p>\n<p style=\"text-align: justify;\"><span style=\"color: #474747;\"><b>N\u00famero de beneficiados:<\/b><span style=\"font-weight: 400;\"> diariamente, 1.078 jovens entre 14 e 24 anos, totalizando 17.590 atendimentos ao longo do ano<\/span><\/span><\/p>\n<p style=\"text-align: justify;\"><span style=\"color: #474747;\"><b>Per\u00edodo de execu\u00e7\u00e3o:<\/b><span style=\"font-weight: 400;\"> 2022<\/span><\/span><\/p>\n<p style=\"text-align: justify;\"><span style=\"color: #474747;\"><b>Objetivo:<\/b><\/span><\/p>\n<p style=\"text-align: justify;\"><span style=\"font-weight: 400; color: #474747;\">Proporcionar a forma\u00e7\u00e3o integral de adolescentes e jovens, visando sua inser\u00e7\u00e3o no mundo do trabalho, como cidad\u00e3os \u00e9ticos e profissionais competentes.<\/span><\/p>\n<p style=\"text-align: justify;\"><span style=\"color: #474747;\"><b>Descri\u00e7\u00e3o:<\/b><\/span><\/p>\n<p style=\"text-align: justify;\"><span style=\"font-weight: 400; color: #474747;\">O projeto oferece cursos t\u00e9cnicos e profissionalizantes para adolescentes e jovens em situa\u00e7\u00e3o de vulnerabilidade e de viola\u00e7\u00e3o de direitos, em diversas \u00e1reas de atua\u00e7\u00e3o como Assistente Administrativo, Asseio e Conserva\u00e7\u00e3o, Corte Costura e Modelagem Sustent\u00e1vel, Desportos, Eletromec\u00e2nica de Elevadores, Gastronomia, Inform\u00e1tica B\u00e1sica, Manuten\u00e7\u00e3o de Computadores, Desenvolvimento Web, Marcenaria, Mec\u00e2nica Automotiva, M\u00fasico Instrumentista, Serralheria e Inform\u00e1tica para o mercado de trabalho.<\/span><\/p>\n<p>[\/et_pb_text][\/et_pb_column][\/et_pb_row][\/et_pb_section][et_pb_section fb_built=&#8221;1&#8243; _builder_version=&#8221;4.17.6&#8243; _module_preset=&#8221;default&#8221; background_color=&#8221;#e1e9f0&#8243; background_enable_image=&#8221;off&#8221; background_position=&#8221;top_left&#8221; min_height=&#8221;546.4px&#8221; custom_margin=&#8221;0px|0px|0px|0px|false|false&#8221; custom_padding=&#8221;0px|0px|0px|0px|false|false&#8221; global_colors_info=&#8221;{}&#8221;][et_pb_row column_structure=&#8221;3_5,2_5&#8243; _builder_version=&#8221;4.16&#8243; _module_preset=&#8221;default&#8221; custom_margin=&#8221;0px|auto|-7px|auto|false|false&#8221; custom_padding=&#8221;50px||50px||false|false&#8221; global_colors_info=&#8221;{}&#8221;][et_pb_column type=&#8221;3_5&#8243; _builder_version=&#8221;4.16&#8243; _module_preset=&#8221;default&#8221; global_colors_info=&#8221;{}&#8221;][et_pb_text _builder_version=&#8221;4.17.6&#8243; _module_preset=&#8221;default&#8221; text_font=&#8221;|800|||||||&#8221; text_font_size=&#8221;26px&#8221; text_line_height=&#8221;1.2em&#8221; global_colors_info=&#8221;{}&#8221;]<\/p>\n<p><span style=\"color: #1d70b7;\"><strong><b>PROJETO APRENDIZAGEM PROFISSIONAL PARA JOVENS EM ALTA COMPLEXIDADE DE VULNERABILIDADE<\/b><\/strong><\/span><\/p>\n<p>[\/et_pb_text][et_pb_text _builder_version=&#8221;4.17.6&#8243; _module_preset=&#8221;default&#8221; text_text_color=&#8221;#FFFFFF&#8221; text_font_size=&#8221;15px&#8221; text_line_height=&#8221;1.5em&#8221; global_colors_info=&#8221;{}&#8221;]<\/p>\n<p style=\"text-align: justify;\"><span style=\"color: #474747;\"><b>Institui\u00e7\u00e3o Respons\u00e1vel:<\/b><span style=\"font-weight: 400;\">\u00a0Funda\u00e7\u00e3o O P\u00e3o dos Pobres de Santo Ant\u00f4nio (Porto Alegre\/RS)<\/span><\/span><\/p>\n<p style=\"text-align: justify;\"><span style=\"color: #474747;\"><b>P\u00fablico-alvo:\u00a0 <\/b><span style=\"font-weight: 400;\">adolescentes e jovens em situa\u00e7\u00e3o de alta complexidade de vulnerabilidade<\/span><\/span><\/p>\n<p style=\"text-align: justify;\"><span style=\"color: #474747;\"><b>N\u00famero de beneficiados:<\/b><span style=\"font-weight: 400;\"> diariamente, 178 jovens a partir de 14 anos, totalizando 7.599 atendimentos ao longo do ano<\/span><\/span><\/p>\n<p style=\"text-align: justify;\"><span style=\"color: #474747;\"><b>Per\u00edodo de execu\u00e7\u00e3o:<\/b><span style=\"font-weight: 400;\"> 2022<\/span><\/span><\/p>\n<p style=\"text-align: justify;\"><span style=\"color: #474747;\"><b>Objetivo:<\/b><\/span><\/p>\n<p style=\"text-align: justify;\"><span style=\"color: #474747;\"><span style=\"font-weight: 400;\">Proporcionar a forma\u00e7\u00e3o integral de adolescentes e jovens de alta complexidade de vulnerabilidade, tais como <\/span><span style=\"font-weight: 400;\">pessoas com defici\u00eancia, em <\/span><span style=\"font-weight: 400;\">cumprimento de medida de priva\u00e7\u00e3o de liberdade e acolhidos em abrigos institucionais, visando sua inser\u00e7\u00e3o no mundo do trabalho, como cidad\u00e3os \u00e9ticos e profissionais competentes. <\/span><b>\u00a0<\/b><\/span><\/p>\n<p style=\"text-align: justify;\"><span style=\"color: #474747;\"><b>Descri\u00e7\u00e3o:<\/b><\/span><\/p>\n<p style=\"text-align: justify;\"><span style=\"font-weight: 400; color: #474747;\">O projeto oferece cursos profissionalizantes para adolescentes e jovens em situa\u00e7\u00e3o de vulnerabilidade e de viola\u00e7\u00e3o de direitos de alta complexidade. Os cursos visam qualificar adolescentes e jovens no contexto de pr\u00e1ticas, oportunizando a inser\u00e7\u00e3o no mundo do trabalho, oferecendo forma\u00e7\u00e3o profissional, promovendo seu desenvolvimento como agentes ativos da cidadania, a fim de potencializar conhecimentos e habilidades b\u00e1sicas e espec\u00edficas ao exerc\u00edcio da fun\u00e7\u00e3o.<\/span><\/p>\n<p style=\"text-align: justify;\"><span style=\"font-weight: 400; color: #474747;\">Desenvolve o processo de ensino-aprendizagem dos jovens por meio de metodologia atualizada, estimulando a constru\u00e7\u00e3o do conhecimento e a intera\u00e7\u00e3o entre sujeitos e mundo relacional, virtual e tecnol\u00f3gico que, ao final do curso, dever\u00e3o apresentar as seguintes compet\u00eancias: organizar o trabalho a ser realizado em etapas, prevendo os recursos necess\u00e1rios, distribuir o tempo e tomar decis\u00f5es sobre caminhos a seguir, e localizar e selecionar informa\u00e7\u00f5es necess\u00e1rias ao desenvolvimento do seu trabalho, atendendo aos procedimentos de seguran\u00e7a e legisla\u00e7\u00e3o espec\u00edfica, aplicando princ\u00edpios de preserva\u00e7\u00e3o ambiental e de gest\u00e3o da qualidade para trabalhar eficazmente com outras pessoas.<\/span><\/p>\n<p style=\"text-align: justify;\">\n<p>[\/et_pb_text][\/et_pb_column][et_pb_column type=&#8221;2_5&#8243; _builder_version=&#8221;4.16&#8243; _module_preset=&#8221;default&#8221; global_colors_info=&#8221;{}&#8221;][et_pb_image src=&#8221;https:\/\/relatoriosocial.lasalle.edu.br\/wp-content\/uploads\/2023\/05\/PROJETO-APRENDIZAGEM-PROFISSIONAL-JOVENS.jpg&#8221; title_text=&#8221;PROJETO APRENDIZAGEM PROFISSIONAL JOVENS&#8221; _builder_version=&#8221;4.17.6&#8243; _module_preset=&#8221;default&#8221; global_colors_info=&#8221;{}&#8221;][\/et_pb_image][\/et_pb_column][\/et_pb_row][\/et_pb_section][et_pb_section fb_built=&#8221;1&#8243; _builder_version=&#8221;4.17.6&#8243; _module_preset=&#8221;default&#8221; background_color=&#8221;#FFFFFF&#8221; background_enable_image=&#8221;off&#8221; background_position=&#8221;top_right&#8221; min_height=&#8221;395.6px&#8221; custom_margin=&#8221;0px|0px|0px|0px|false|false&#8221; custom_padding=&#8221;0px|0px|0px|0px|false|false&#8221; global_colors_info=&#8221;{}&#8221;][et_pb_row column_structure=&#8221;2_5,3_5&#8243; _builder_version=&#8221;4.16&#8243; _module_preset=&#8221;default&#8221; custom_margin=&#8221;|auto|0px|auto||&#8221; custom_padding=&#8221;50px||50px||false|false&#8221; global_colors_info=&#8221;{}&#8221;][et_pb_column type=&#8221;2_5&#8243; _builder_version=&#8221;4.16&#8243; _module_preset=&#8221;default&#8221; global_colors_info=&#8221;{}&#8221;][et_pb_image src=&#8221;https:\/\/relatoriosocial.lasalle.edu.br\/wp-content\/uploads\/2023\/05\/PROJETO-ACOLHIMENTO-INSTITUCIONAL.jpeg&#8221; title_text=&#8221;PROJETO ACOLHIMENTO INSTITUCIONAL&#8221; _builder_version=&#8221;4.17.6&#8243; _module_preset=&#8221;default&#8221; global_colors_info=&#8221;{}&#8221;][\/et_pb_image][\/et_pb_column][et_pb_column type=&#8221;3_5&#8243; _builder_version=&#8221;4.16&#8243; _module_preset=&#8221;default&#8221; global_colors_info=&#8221;{}&#8221;][et_pb_text _builder_version=&#8221;4.17.6&#8243; _module_preset=&#8221;default&#8221; text_font=&#8221;|800|||||||&#8221; text_font_size=&#8221;26px&#8221; text_line_height=&#8221;1.2em&#8221; global_colors_info=&#8221;{}&#8221;]<\/p>\n<p><span style=\"color: #1d70b7;\"><b>PROJETO ACOLHIMENTO INSTITUCIONAL<\/b><\/span><\/p>\n<p>[\/et_pb_text][et_pb_text _builder_version=&#8221;4.17.6&#8243; _module_preset=&#8221;default&#8221; text_text_color=&#8221;#FFFFFF&#8221; text_font_size=&#8221;15px&#8221; text_line_height=&#8221;1.5em&#8221; global_colors_info=&#8221;{}&#8221;]<\/p>\n<p style=\"text-align: justify;\"><span style=\"color: #474747;\"><b>Institui\u00e7\u00e3o Respons\u00e1vel:<\/b><span style=\"font-weight: 400;\">\u00a0Funda\u00e7\u00e3o O P\u00e3o dos Pobres de Santo Ant\u00f4nio (Porto Alegre\/RS)<\/span><\/span><\/p>\n<p style=\"text-align: justify;\"><span style=\"color: #474747;\"><b>P\u00fablico-alvo:\u00a0<\/b><span style=\"font-weight: 400;\">crian\u00e7as e adolescentes de 0 a 18 anos em situa\u00e7\u00e3o de vulnerabilidade social e risco de alta complexidade<\/span><\/span><\/p>\n<p style=\"text-align: justify;\"><span style=\"color: #474747;\"><b>Per\u00edodo de Execu\u00e7\u00e3o:<\/b><span style=\"font-weight: 400;\">\u00a02022<\/span><\/span><\/p>\n<p style=\"text-align: justify;\"><span style=\"color: #474747;\"><b>N\u00famero de Beneficiados:<\/b><span style=\"font-weight: 400;\"> diariamente, 141 crian\u00e7as e adolescentes, totalizando 8.919 atendimentos ao longo do ano<\/span><\/span><\/p>\n<p style=\"text-align: justify;\"><span style=\"color: #474747;\"><b>Objetivo:<\/b><\/span><\/p>\n<p style=\"text-align: justify;\"><span style=\"font-weight: 400; color: #474747;\">Proporcionar o desenvolvimento integral e os direitos fundamentais de todos os acolhidos, possibilitando uma inf\u00e2ncia e juventude com oportunidades e integrada a projetos de vida.<\/span><\/p>\n<p style=\"text-align: justify;\"><span style=\"color: #474747;\"><b>Descri\u00e7\u00e3o:<\/b><\/span><\/p>\n<p style=\"text-align: justify;\"><span style=\"font-weight: 400; color: #474747;\">O projeto protege as crian\u00e7as e adolescentes que, por determina\u00e7\u00e3o judicial, foram afastadas de suas fam\u00edlias por viola\u00e7\u00e3o de direitos b\u00e1sicos. Para tanto, tem como essencial proporcionar o desenvolvimento integral de crian\u00e7as e adolescentes e garantir os direitos fundamentais previstos no Estatuto da Crian\u00e7a e Adolescente &#8211; ECA e na Constitui\u00e7\u00e3o Federal, por meio das pol\u00edticas p\u00fablicas e de parcerias firmadas com o setor privado e sociedade civil em geral.<\/span><\/p>\n<p style=\"text-align: justify;\"><span style=\"font-weight: 400; color: #474747;\">Ao todo, s\u00e3o 06 unidades que abrigam 147 crian\u00e7as e adolescentes. Neste contexto, o P\u00e3o dos Pobres vem realizando um s\u00f3lido trabalho pautado no desenvolvimento das crian\u00e7as e adolescentes, enquanto sujeitos que necessitam de ambiente favor\u00e1vel para seu desenvolvimento, propiciando a todos um processo de mudan\u00e7a por meio da constru\u00e7\u00e3o de um projeto de vida embasado no fortalecimento da autonomia e do protagonismo dos mesmos, com vistas ao retorno \u00e0 fam\u00edlia ou coloca\u00e7\u00e3o em fam\u00edlia substituta\\ado\u00e7\u00e3o.<\/span><\/p>\n<p>[\/et_pb_text][\/et_pb_column][\/et_pb_row][\/et_pb_section][et_pb_section fb_built=&#8221;1&#8243; _builder_version=&#8221;4.17.6&#8243; _module_preset=&#8221;default&#8221; background_color=&#8221;#e1e9f0&#8243; background_enable_image=&#8221;off&#8221; background_position=&#8221;top_left&#8221; min_height=&#8221;546.4px&#8221; custom_margin=&#8221;0px|0px|0px|0px|false|false&#8221; custom_padding=&#8221;0px|0px|0px|0px|false|false&#8221; global_colors_info=&#8221;{}&#8221;][et_pb_row column_structure=&#8221;3_5,2_5&#8243; _builder_version=&#8221;4.16&#8243; _module_preset=&#8221;default&#8221; custom_margin=&#8221;0px|auto|-7px|auto|false|false&#8221; custom_padding=&#8221;50px||50px||false|false&#8221; global_colors_info=&#8221;{}&#8221;][et_pb_column type=&#8221;3_5&#8243; _builder_version=&#8221;4.16&#8243; _module_preset=&#8221;default&#8221; global_colors_info=&#8221;{}&#8221;][et_pb_text _builder_version=&#8221;4.17.6&#8243; _module_preset=&#8221;default&#8221; text_font=&#8221;|800|||||||&#8221; text_font_size=&#8221;26px&#8221; text_line_height=&#8221;1.2em&#8221; global_colors_info=&#8221;{}&#8221;]<\/p>\n<p><span style=\"color: #1d70b7;\"><strong><b>PROJETO REDE DE SONHOS<\/b><\/strong><\/span><\/p>\n<p>[\/et_pb_text][et_pb_text _builder_version=&#8221;4.17.6&#8243; _module_preset=&#8221;default&#8221; text_text_color=&#8221;#FFFFFF&#8221; text_font_size=&#8221;15px&#8221; text_line_height=&#8221;1.5em&#8221; global_colors_info=&#8221;{}&#8221;]<\/p>\n<p style=\"text-align: justify;\"><span style=\"color: #474747;\"><b>Institui\u00e7\u00e3o respons\u00e1vel:<\/b><span style=\"font-weight: 400;\">\u00a0Funda\u00e7\u00e3o O P\u00e3o dos Pobres de Santo Ant\u00f4nio e Pontif\u00edcia Universidade Cat\u00f3lica do Rio Grande do Sul &#8211; PUCRS (Porto Alegre\/RS)<\/span><\/span><\/p>\n<p style=\"text-align: justify;\"><span style=\"color: #474747;\"><b>P\u00fablico-alvo:\u00a0<\/b><span style=\"font-weight: 400;\">crian\u00e7as e adolescentes de 0 a 18 anos em situa\u00e7\u00e3o de vulnerabilidade social e risco de alta complexidade e estudantes do <\/span><span style=\"font-weight: 400;\">Grupo de Estudos de Direito da Crian\u00e7a e do Adolescente da Escola de Direito da PUCRS<\/span><\/span><\/p>\n<p style=\"text-align: justify;\"><span style=\"color: #474747;\"><b>N\u00famero de beneficiados:<\/b><span style=\"font-weight: 400;\">\u00a0semanalmente, 247 crian\u00e7as, adolescentes e estudantes do curso de Direito da PUCRS, totalizando 4.094 atendimento ao longo do ano<\/span><\/span><\/p>\n<p style=\"text-align: justify;\"><span style=\"color: #474747;\"><b>Per\u00edodo de execu\u00e7\u00e3o:<\/b><span style=\"font-weight: 400;\">\u00a0janeiro a\u00a0dezembro de 2022<\/span><\/span><\/p>\n<p style=\"text-align: justify;\"><span style=\"color: #474747;\"><b>Objetivo:<\/b><\/span><\/p>\n<p style=\"text-align: justify;\"><span style=\"color: #474747;\"><span style=\"font-weight: 400;\">Proporcionar o estudo de documentos e da legisla\u00e7\u00e3o vigente referente aos <\/span><span style=\"font-weight: 400;\">Direitos da Crian\u00e7a e do Adolescente.<\/span><\/span><\/p>\n<p style=\"text-align: justify;\"><span style=\"color: #474747;\"><b>Descri\u00e7\u00e3o:<\/b><\/span><\/p>\n<p style=\"text-align: justify;\"><span style=\"font-weight: 400; color: #474747;\">O projeto promove o estudo da legisla\u00e7\u00e3o e de experi\u00eancias pr\u00e1ticas voltadas para as crian\u00e7as e adolescentes, em especial, aqueles em situa\u00e7\u00e3o de acolhimento institucional que, por determina\u00e7\u00e3o judicial, foram afastadas de suas fam\u00edlias por viola\u00e7\u00e3o de direitos b\u00e1sicos.<\/span><\/p>\n<p style=\"text-align: justify;\"><span style=\"color: #474747;\"><span style=\"font-weight: 400;\">Tem como premissa proporcionar o estudo e aplica\u00e7\u00e3o do ECA, que \u00e9 o <\/span><span style=\"font-weight: 400;\">conjunto de leis que regula, de forma ampla e direta,\u00a0os direitos e os procedimentos voltados a crian\u00e7as dos 0 aos 12 anos de idade e adolescentes dos 12 aos 18 anos de idade, garantindo direitos e mecanismos de prote\u00e7\u00e3o para essas crian\u00e7as e adolescentes, para que possam se desenvolver com dignidade, sa\u00fade, educa\u00e7\u00e3o, lazer e todos os aspectos que garantem uma inf\u00e2ncia e adolesc\u00eancia feliz e saud\u00e1vel.<\/span><\/span><\/p>\n<p>[\/et_pb_text][\/et_pb_column][et_pb_column type=&#8221;2_5&#8243; _builder_version=&#8221;4.16&#8243; _module_preset=&#8221;default&#8221; global_colors_info=&#8221;{}&#8221;][et_pb_image src=&#8221;https:\/\/relatoriosocial.lasalle.edu.br\/wp-content\/uploads\/2023\/05\/PROJETO-REDE-DE-SONHOS.png&#8221; title_text=&#8221;PROJETO REDE DE SONHOS&#8221; _builder_version=&#8221;4.17.6&#8243; _module_preset=&#8221;default&#8221; global_colors_info=&#8221;{}&#8221;][\/et_pb_image][\/et_pb_column][\/et_pb_row][\/et_pb_section][et_pb_section fb_built=&#8221;1&#8243; _builder_version=&#8221;4.17.6&#8243; _module_preset=&#8221;default&#8221; background_color=&#8221;#FFFFFF&#8221; background_enable_image=&#8221;off&#8221; background_position=&#8221;top_right&#8221; min_height=&#8221;395.6px&#8221; custom_margin=&#8221;0px|0px|0px|0px|false|false&#8221; custom_padding=&#8221;0px|0px|0px|0px|false|false&#8221; global_colors_info=&#8221;{}&#8221;][et_pb_row column_structure=&#8221;2_5,3_5&#8243; _builder_version=&#8221;4.16&#8243; _module_preset=&#8221;default&#8221; custom_margin=&#8221;|auto|0px|auto||&#8221; custom_padding=&#8221;50px||50px||false|false&#8221; global_colors_info=&#8221;{}&#8221;][et_pb_column type=&#8221;2_5&#8243; _builder_version=&#8221;4.16&#8243; _module_preset=&#8221;default&#8221; global_colors_info=&#8221;{}&#8221;][et_pb_image src=&#8221;https:\/\/relatoriosocial.lasalle.edu.br\/wp-content\/uploads\/2023\/05\/PROJETO-SERVICO-DE-CONVIVENCIA-E-FORTALECIMENTO-DE-VINCULOS-.jpg&#8221; title_text=&#8221;PROJETO SERVI\u00c7O DE CONVIV\u00caNCIA E FORTALECIMENTO DE V\u00cdNCULOS &#8221; _builder_version=&#8221;4.17.6&#8243; _module_preset=&#8221;default&#8221; global_colors_info=&#8221;{}&#8221;][\/et_pb_image][\/et_pb_column][et_pb_column type=&#8221;3_5&#8243; _builder_version=&#8221;4.16&#8243; _module_preset=&#8221;default&#8221; global_colors_info=&#8221;{}&#8221;][et_pb_text _builder_version=&#8221;4.17.6&#8243; _module_preset=&#8221;default&#8221; text_font=&#8221;|800|||||||&#8221; text_font_size=&#8221;26px&#8221; text_line_height=&#8221;1.2em&#8221; global_colors_info=&#8221;{}&#8221;]<\/p>\n<p><span style=\"color: #1d70b7;\"><b>PROJETO <\/b><b>SERVI\u00c7O DE CONVIV\u00caNCIA E FORTALECIMENTO DE V\u00cdNCULOS<\/b><b>\u00a0<\/b><\/span><\/p>\n<p>[\/et_pb_text][et_pb_text _builder_version=&#8221;4.17.6&#8243; _module_preset=&#8221;default&#8221; text_text_color=&#8221;#FFFFFF&#8221; text_font_size=&#8221;15px&#8221; text_line_height=&#8221;1.5em&#8221; global_colors_info=&#8221;{}&#8221;]<\/p>\n<p style=\"text-align: justify;\"><span style=\"color: #474747;\"><b>Institui\u00e7\u00e3o respons\u00e1vel:<\/b><span style=\"font-weight: 400;\"> Funda\u00e7\u00e3o O P\u00e3o dos Pobres de Santo Ant\u00f4nio (Porto Alegre\/RS)<\/span><\/span><\/p>\n<p style=\"text-align: justify;\"><span style=\"color: #474747;\"><b>P\u00fablico-alvo:<\/b><span style=\"font-weight: 400;\">\u00a0crian\u00e7as e adolescentes de 6 anos a 15 anos, em situa\u00e7\u00e3o de vulnerabilidade social e risco<\/span><\/span><\/p>\n<p style=\"text-align: justify;\"><span style=\"color: #474747;\"><b>N\u00famero de beneficiados:<\/b><span style=\"font-weight: 400;\">\u00a0diariamente, 240 crian\u00e7as e adolescentes de 6 a 15 anos, totalizando 10.110 atendimentos ao longo<\/span><\/span><\/p>\n<p style=\"text-align: justify;\"><span style=\"color: #474747;\"><b>Per\u00edodo de Execu\u00e7\u00e3o:<\/b><span style=\"font-weight: 400;\">\u00a0janeiro a\u00a0dezembro de 2022<\/span><\/span><\/p>\n<p style=\"text-align: justify;\"><span style=\"color: #474747;\"><b>Objetivo:<\/b><\/span><\/p>\n<p style=\"text-align: justify;\"><span style=\"font-weight: 400; color: #474747;\">Garantir prote\u00e7\u00e3o, defender o direito \u00e0 inf\u00e2ncia e promover o exerc\u00edcio efetivo da cidadania, por meio da conviv\u00eancia saud\u00e1vel e do fortalecimento dos v\u00ednculos, oportunizando a melhora no aprendizado escolar.<\/span><\/p>\n<p style=\"text-align: justify;\"><span style=\"color: #474747;\"><b>Descri\u00e7\u00e3o:<\/b><\/span><\/p>\n<p style=\"text-align: justify;\"><span style=\"font-weight: 400; color: #474747;\">O projeto proporciona um ambiente acolhedor e afetivo com atividades educacionais e sociais, priorizando a constru\u00e7\u00e3o da cidadania, o acesso \u00e0 cultura e o aperfei\u00e7oamento da aprendizagem por meio da intera\u00e7\u00e3o coletiva, familiar, do di\u00e1logo, da tecnologia, do l\u00fadico, do esportivo na constru\u00e7\u00e3o de\u00a0projetos de vida.<\/span><\/p>\n<p>[\/et_pb_text][\/et_pb_column][\/et_pb_row][\/et_pb_section][et_pb_section fb_built=&#8221;1&#8243; _builder_version=&#8221;4.17.6&#8243; _module_preset=&#8221;default&#8221; background_color=&#8221;#e1e9f0&#8243; background_enable_image=&#8221;off&#8221; background_position=&#8221;top_left&#8221; min_height=&#8221;546.4px&#8221; custom_margin=&#8221;0px|0px|0px|0px|false|false&#8221; custom_padding=&#8221;0px|0px|0px|0px|false|false&#8221; global_colors_info=&#8221;{}&#8221;][et_pb_row column_structure=&#8221;3_5,2_5&#8243; _builder_version=&#8221;4.16&#8243; _module_preset=&#8221;default&#8221; custom_margin=&#8221;0px|auto|-7px|auto|false|false&#8221; custom_padding=&#8221;50px||50px||false|false&#8221; global_colors_info=&#8221;{}&#8221;][et_pb_column type=&#8221;3_5&#8243; _builder_version=&#8221;4.16&#8243; _module_preset=&#8221;default&#8221; global_colors_info=&#8221;{}&#8221;][et_pb_text _builder_version=&#8221;4.17.6&#8243; _module_preset=&#8221;default&#8221; text_font=&#8221;|800|||||||&#8221; text_font_size=&#8221;26px&#8221; text_line_height=&#8221;1.2em&#8221; global_colors_info=&#8221;{}&#8221;]<\/p>\n<p><span style=\"color: #1d70b7;\"><strong><b>PROJETO C\u00cdRCULOS DE CONSTRU\u00c7\u00c3O DA PAZ E CNV<\/b><\/strong><\/span><\/p>\n<p>[\/et_pb_text][et_pb_text _builder_version=&#8221;4.17.6&#8243; _module_preset=&#8221;default&#8221; text_text_color=&#8221;#FFFFFF&#8221; text_font_size=&#8221;15px&#8221; text_line_height=&#8221;1.5em&#8221; global_colors_info=&#8221;{}&#8221;]<\/p>\n<p style=\"text-align: justify;\"><span style=\"color: #474747;\"><b>Institui\u00e7\u00e3o respons\u00e1vel:<\/b><span style=\"font-weight: 400;\">\u00a0Funda\u00e7\u00e3o O P\u00e3o dos Pobres de Santo Ant\u00f4nio\u00a0(Porto Alegre\/RS)<\/span><\/span><\/p>\n<p style=\"text-align: justify;\"><span style=\"color: #474747;\"><b>P\u00fablico-alvo:\u00a0<\/b><span style=\"font-weight: 400;\">crian\u00e7as e adolescentes de 6 a 14 anos em situa\u00e7\u00e3o de vulnerabilidade social atendidos na Educa\u00e7\u00e3o Integral e Servi\u00e7o de Conviv\u00eancia e Fortalecimento de V\u00ednculos &#8211; SCFV<\/span><\/span><\/p>\n<p style=\"text-align: justify;\"><span style=\"color: #474747;\"><b>N\u00famero de Beneficiados:<\/b><span style=\"font-weight: 400;\"> 210 crian\u00e7as e adolescentes, e 6.010 atendimentos ao longo do ano<\/span><\/span><\/p>\n<p style=\"text-align: justify;\"><span style=\"color: #474747;\"><b>Per\u00edodo de Execu\u00e7\u00e3o:<\/b><span style=\"font-weight: 400;\">\u00a02022<\/span><\/span><\/p>\n<p style=\"text-align: justify;\"><span style=\"color: #474747;\"><b>Objetivo:<\/b><\/span><\/p>\n<p style=\"text-align: justify;\"><span style=\"font-weight: 400; color: #474747;\">Promover encontros circulares em ambiente acolhedor e seguro, buscando fortalecer v\u00ednculos, o empoderamento, a repara\u00e7\u00e3o de danos e a aten\u00e7\u00e3o \u00e0s crian\u00e7as e adolescentes que tenham sofrido algum tipo de viol\u00eancia.<\/span><\/p>\n<p style=\"text-align: justify;\"><span style=\"color: #474747;\"><b>Descri\u00e7\u00e3o<\/b><span style=\"font-weight: 400;\">:<\/span><\/span><\/p>\n<p style=\"text-align: justify;\"><span style=\"font-weight: 400; color: #474747;\">Realizar os c\u00edrculos de constru\u00e7\u00e3o de paz como uma proposta educativa, sendo esta um instrumento eficiente para a preven\u00e7\u00e3o da viol\u00eancia, o aprendizado da conviv\u00eancia e a promo\u00e7\u00e3o da cultura da paz. Os c\u00edrculos s\u00e3o uma oportunidade das crian\u00e7as\/adolescentes refletirem e repensarem suas atitudes e palavras direcionadas para si mesmo ou para com o outro ou at\u00e9 mesmo fortalecer o que j\u00e1 carrega dentro de si como pr\u00e1tica da Paz.\u00a0O C\u00edrculo \u00e9 um espa\u00e7o de di\u00e1logo intencional, cuidadosamente estruturado. O processo tem ra\u00edzes em uma filosofia distinta, que se manifesta por meio de elementos estruturais que organizam a intera\u00e7\u00e3o para que haja a m\u00e1xima compreens\u00e3o, empoderamento e conex\u00e3o entre os participantes. O C\u00edrculo acolhe emo\u00e7\u00f5es e realidades dif\u00edceis, ao mesmo tempo em que mant\u00e9m um sentido de possibilidades positivas.<\/span><\/p>\n<p>[\/et_pb_text][\/et_pb_column][et_pb_column type=&#8221;2_5&#8243; _builder_version=&#8221;4.16&#8243; _module_preset=&#8221;default&#8221; global_colors_info=&#8221;{}&#8221;][et_pb_image src=&#8221;https:\/\/relatoriosocial.lasalle.edu.br\/wp-content\/uploads\/2023\/05\/PROJETO-CIRCULOS-DE-CONSTRUCAO-DA-PAZ-E-CNV.jpeg&#8221; title_text=&#8221;PROJETO C\u00cdRCULOS DE CONSTRU\u00c7\u00c3O DA PAZ E CNV&#8221; _builder_version=&#8221;4.17.6&#8243; _module_preset=&#8221;default&#8221; global_colors_info=&#8221;{}&#8221;][\/et_pb_image][\/et_pb_column][\/et_pb_row][\/et_pb_section]<\/p>\n","protected":false},"excerpt":{"rendered":"<p>PROJETO CAPACITAR PARA INCLUIRInstitui\u00e7\u00e3o respons\u00e1vel: Mantenedora Porvir (Porto Alegre\/RS) P\u00fablico-alvo: \u00a0jovens com defici\u00eancias de Canoas\/RS e Porto Alegre\/RS N\u00famero de beneficiados: 9 jovens Per\u00edodo de execu\u00e7\u00e3o: 2022 Objetivo: Contribuir para a melhoria da forma\u00e7\u00e3o e da qualifica\u00e7\u00e3o profissional de jovens e adultos aprendizes com alguma defici\u00eancia e viabilizar sua inser\u00e7\u00e3o e perman\u00eancia no mercado de [&hellip;]<\/p>\n","protected":false},"author":1,"featured_media":0,"parent":0,"menu_order":0,"comment_status":"closed","ping_status":"closed","template":"","meta":{"_et_pb_use_builder":"on","_et_pb_old_content":"<!-- wp:divi\/placeholder \/-->","_et_gb_content_width":"","footnotes":""},"class_list":["post-4159","page","type-page","status-publish","hentry"],"_links":{"self":[{"href":"https:\/\/relatoriosocial.lasalle.edu.br\/index.php\/wp-json\/wp\/v2\/pages\/4159","targetHints":{"allow":["GET"]}}],"collection":[{"href":"https:\/\/relatoriosocial.lasalle.edu.br\/index.php\/wp-json\/wp\/v2\/pages"}],"about":[{"href":"https:\/\/relatoriosocial.lasalle.edu.br\/index.php\/wp-json\/wp\/v2\/types\/page"}],"author":[{"embeddable":true,"href":"https:\/\/relatoriosocial.lasalle.edu.br\/index.php\/wp-json\/wp\/v2\/users\/1"}],"replies":[{"embeddable":true,"href":"https:\/\/relatoriosocial.lasalle.edu.br\/index.php\/wp-json\/wp\/v2\/comments?post=4159"}],"version-history":[{"count":21,"href":"https:\/\/relatoriosocial.lasalle.edu.br\/index.php\/wp-json\/wp\/v2\/pages\/4159\/revisions"}],"predecessor-version":[{"id":4648,"href":"https:\/\/relatoriosocial.lasalle.edu.br\/index.php\/wp-json\/wp\/v2\/pages\/4159\/revisions\/4648"}],"wp:attachment":[{"href":"https:\/\/relatoriosocial.lasalle.edu.br\/index.php\/wp-json\/wp\/v2\/media?parent=4159"}],"curies":[{"name":"wp","href":"https:\/\/api.w.org\/{rel}","templated":true}]}}